{"id":3855,"date":"2022-08-11T10:01:47","date_gmt":"2022-08-11T10:01:47","guid":{"rendered":"https:\/\/did-dev.net\/mineddte\/?page_id=3855"},"modified":"2024-02-08T14:56:14","modified_gmt":"2024-02-08T14:56:14","slug":"orientations-politiques-et-programmes-publics","status":"publish","type":"page","link":"https:\/\/did-dev.net\/mineddte\/orientations-politiques-et-programmes-publics\/","title":{"rendered":"Orientations Politiques et Programmes Publics"},"content":{"rendered":"<p style=\"text-align: justify;\"><span style=\"font-family: verdana, geneva, sans-serif;\">Vous trouverez ci-dessous la liste de <strong>tous les documents relatifs aux <span style=\"text-decoration: underline;\">Orientations Politiques et Programmes Publics<\/span> du Minist\u00e8re de l&#8217;Environnement, du D\u00e9veloppement Durable et de la Transition Ecologique<\/strong>. Il est possible d&#8217;effectuer une recherche par th\u00e8me.<\/span><\/p>\n<p style=\"text-align: justify;\">\r\n\t\r\n\t\t\t<div class=\"container-fluid wpdoc_container\" data-dir_restrictions = \"\" data-del_from_front=\"\" data-dir=\"3852\" data-home=\"3852\">\r\n\t\r\n\t\t\t\t<input type=\"hidden\" class=\"wpd_home_id\" value=\"3852\" \/>\r\n\t\t\t\t<input type=\"hidden\" class=\"wpd_del_file_id\" value=\"\" \/>\r\n\t\r\n\t\t\t\t<div class=\"card mt-3\">\r\n\t\t\t\t\t<!-- breadcrumb Area -->\r\n\t\t\t\t\t<nav aria-label=\"breadcrumb\" class=\"wpdocs-nav position-relative\">\r\n\t\t\t\t\t\t<ol class=\"breadcrumb bg-light\" style=\"border-bottom:1px solid #dee2e6;border-radius: 0; min-height: 40px;\">\r\n\r\n                            \t\r\n\t\t\t\t\t\t<\/ol>\r\n\r\n                        \r\n\t\t\t\t\t\t\t\t\t\t\t<\/nav>\r\n\t\t\t\r\n\t\t\t\t\t\r\n\t\t\t\t\t                    \r\n                                        <div class=\"wpdocs-searchbox\">\r\n                    \t<input type=\"text\" placeholder=\"Tapez ici pour filtrer ...\" \/>\r\n                    <\/div>\r\n                    \t\r\n\t\t\t\t\t<div class=\"card-body \">\r\n\t\r\n\t\t\t\t\t\t<!-- Large Icon View Area -->\r\n\t\t\t\t\t\t<div class=\"row folder_view large_icon_view d-none\">\r\n\t\t\t\t\t\t\t\r\n\t\r\n\t\t\t\t\t\t\t\t\t\t\t\t\t\t\t\t\t\r\n\t\t\t\t\t\t\t\t\t\t\t\t\t\t\t<div title=\"Referentiel-de-Formation-du-Ministere-de-lEnvironnement-et-du-Developpement-Durable-MINEDD-Horizon-2023-2025.pdf\" class=\"col-4 col-md-3 is_file text-center\" style=\"cursor: pointer;\" data-id=\"3854\">\r\n\t\t\t\t\t\t\t\t\t\t\t\t\t\t\t\t<figure class=\"figure file_view p-1\">\r\n\t\t\t\t\t\t\t\t\t\t\t\t\t\t\t\t\t<a href=\"https:\/\/did-dev.net\/mineddte\/wp-content\/uploads\/2022\/08\/Referentiel-de-Formation-du-Ministere-de-lEnvironnement-et-du-Developpement-Durable-MINEDD-Horizon-2023-2025.pdf\" target=\"_blank\" class=\"file\" ><img class=\"my-3\" src=\"https:\/\/did-dev.net\/mineddte\/wp-content\/plugins\/wp-docs\/img\/filetype-icons\/pdf.png\" \/><\/a>\r\n\t\t\t\t\t\t\t\t\t\t\t\t\t\t\t\t\t<figcaption class=\"figure-caption text-center\">R\u00e9f\u00e9rentiel de Formation du Minist\u00e8re de l'Environnement et du D\u00e9veloppement Durable (MINEDD) Horizon 2023-2025<\/figcaption>\r\n\t\t\t\t\t\t\t\t\t\t\t\t\t\t\t\t<\/figure>\r\n\t\t\t\t\t\t\t\t\t\t\t\t\t\t\t<\/div>\r\n\t\t\t\t\t\t\t\t\t\t\t\t\t\t\t\r\n\t\t\t\t\t\t\t\t\t\t\t\t\t\t\t\r\n\t\t\t\t\t\t\t\t\t\t\t\t\t\t\t\r\n\t\r\n\t\t\t\t\t\t\t\t\t\t\t\t\t\t\t\t\t\r\n\t\t\t\t\t\t\t\t\t\t\t\t\t\t\t<div title=\"Politique-Nationale-de-lEnvironnement-et-du-Developpement-Durable-2018.pdf\" class=\"col-4 col-md-3 is_file text-center\" style=\"cursor: pointer;\" data-id=\"3858\">\r\n\t\t\t\t\t\t\t\t\t\t\t\t\t\t\t\t<figure class=\"figure file_view p-1\">\r\n\t\t\t\t\t\t\t\t\t\t\t\t\t\t\t\t\t<a href=\"https:\/\/did-dev.net\/mineddte\/wp-content\/uploads\/2022\/08\/Politique-Nationale-de-lEnvironnement-et-du-Developpement-Durable-2018.pdf\" target=\"_blank\" class=\"file\" ><img class=\"my-3\" src=\"https:\/\/did-dev.net\/mineddte\/wp-content\/plugins\/wp-docs\/img\/filetype-icons\/pdf.png\" \/><\/a>\r\n\t\t\t\t\t\t\t\t\t\t\t\t\t\t\t\t\t<figcaption class=\"figure-caption text-center\">Politique Nationale de l'Environnement et du D\u00e9veloppement Durable - 2018<\/figcaption>\r\n\t\t\t\t\t\t\t\t\t\t\t\t\t\t\t\t<\/figure>\r\n\t\t\t\t\t\t\t\t\t\t\t\t\t\t\t<\/div>\r\n\t\t\t\t\t\t\t\t\t\t\t\t\t\t\t\r\n\t\t\t\t\t\t\t\t\t\t\t\t\t\t\t\r\n\t\t\t\t\t\t\t\t\t\t\t\t\t\t\t\r\n\t\r\n\t\t\t\t\t\t\t\t\t\t\t\t\t\t\t\t\t\r\n\t\t\t\t\t\t\t\t\t\t\t\t\t\t\t<div title=\"Matrice-du-Programme-dActions-Prioritaires-PAP-du-Ministere-de-lEnvironnement-et-du-Developpement-Durable-MINEDD-2022.pdf\" class=\"col-4 col-md-3 is_file text-center\" style=\"cursor: pointer;\" data-id=\"3898\">\r\n\t\t\t\t\t\t\t\t\t\t\t\t\t\t\t\t<figure class=\"figure file_view p-1\">\r\n\t\t\t\t\t\t\t\t\t\t\t\t\t\t\t\t\t<a href=\"https:\/\/did-dev.net\/mineddte\/wp-content\/uploads\/2022\/08\/Matrice-du-Programme-dActions-Prioritaires-PAP-du-Ministere-de-lEnvironnement-et-du-Developpement-Durable-MINEDD-2022.pdf\" target=\"_blank\" class=\"file\" ><img class=\"my-3\" src=\"https:\/\/did-dev.net\/mineddte\/wp-content\/plugins\/wp-docs\/img\/filetype-icons\/pdf.png\" \/><\/a>\r\n\t\t\t\t\t\t\t\t\t\t\t\t\t\t\t\t\t<figcaption class=\"figure-caption text-center\">Matrice du Programme d'Actions Prioritaires (PAP) du Minist\u00e8re de l'Environnement et du D\u00e9veloppement Durable (MINEDD) -2022<\/figcaption>\r\n\t\t\t\t\t\t\t\t\t\t\t\t\t\t\t\t<\/figure>\r\n\t\t\t\t\t\t\t\t\t\t\t\t\t\t\t<\/div>\r\n\t\t\t\t\t\t\t\t\t\t\t\t\t\t\t\r\n\t\t\t\t\t\t\t\t\t\t\t\t\t\t\t\r\n\t\t\t\t\t\t\t\t\t\t\t\t\t\t\t\t\r\n\t\r\n\t\t\t\t\t\t<\/div>\r\n\t\r\n\t\t\t\t\t\t<!-- List View Area -->\r\n\t\t\t\t\t\t<div class=\"row folder_view list_view d-none\">\r\n\t\t\t\t\t\t\t\r\n\t\t\t\t\t\t\t\t\t\t\t\t\t\t\t\t<div title=\"Referentiel-de-Formation-du-Ministere-de-lEnvironnement-et-du-Developpement-Durable-MINEDD-Horizon-2023-2025.pdf\" class=\"col-12 file_wrapper is_file\" style=\"cursor: pointer;\" data-id=\"3854\">\r\n\t\t\t\t\t\t\t\t\t\t\t\t\t\t\t\t\t<figure class=\"figure file_view p-3\">\r\n\t\t\t\t\t\t\t\t\t\t\t\t\t\t\t\t\t\t<a href=\"https:\/\/did-dev.net\/mineddte\/wp-content\/uploads\/2022\/08\/Referentiel-de-Formation-du-Ministere-de-lEnvironnement-et-du-Developpement-Durable-MINEDD-Horizon-2023-2025.pdf\" target=\"_blank\" class=\"file\" ><img class=\"mb-2\" src=\"https:\/\/did-dev.net\/mineddte\/wp-content\/plugins\/wp-docs\/img\/filetype-icons\/pdf.png\" style=\"width: 25px; height: 25px\"><\/a>\r\n\t\t\t\t\t\t\t\t\t\t\t\t\t\t\t\t\t\t<small class=\"text-center\">R\u00e9f\u00e9rentiel de Formation du Minist\u00e8re de l'Environnement et du D\u00e9veloppement Durable (MINEDD) Horizon 2023-2025<\/small>\r\n\t\t\t\t\t\t\t\t\t\t\t\t\t\t\t\t\t<\/figure>\r\n\t\t\t\t\t\t\t\t\t\t\t\t\t\t\t\t<\/div>\r\n\t\t\t\t\t\t\t\t\t\t\t\t\t\t\t\t<div title=\"Politique-Nationale-de-lEnvironnement-et-du-Developpement-Durable-2018.pdf\" class=\"col-12 file_wrapper is_file\" style=\"cursor: pointer;\" data-id=\"3858\">\r\n\t\t\t\t\t\t\t\t\t\t\t\t\t\t\t\t\t<figure class=\"figure file_view p-3\">\r\n\t\t\t\t\t\t\t\t\t\t\t\t\t\t\t\t\t\t<a href=\"https:\/\/did-dev.net\/mineddte\/wp-content\/uploads\/2022\/08\/Politique-Nationale-de-lEnvironnement-et-du-Developpement-Durable-2018.pdf\" target=\"_blank\" class=\"file\" ><img class=\"mb-2\" src=\"https:\/\/did-dev.net\/mineddte\/wp-content\/plugins\/wp-docs\/img\/filetype-icons\/pdf.png\" style=\"width: 25px; height: 25px\"><\/a>\r\n\t\t\t\t\t\t\t\t\t\t\t\t\t\t\t\t\t\t<small class=\"text-center\">Politique Nationale de l'Environnement et du D\u00e9veloppement Durable - 2018<\/small>\r\n\t\t\t\t\t\t\t\t\t\t\t\t\t\t\t\t\t<\/figure>\r\n\t\t\t\t\t\t\t\t\t\t\t\t\t\t\t\t<\/div>\r\n\t\t\t\t\t\t\t\t\t\t\t\t\t\t\t\t<div title=\"Matrice-du-Programme-dActions-Prioritaires-PAP-du-Ministere-de-lEnvironnement-et-du-Developpement-Durable-MINEDD-2022.pdf\" class=\"col-12 file_wrapper is_file\" style=\"cursor: pointer;\" data-id=\"3898\">\r\n\t\t\t\t\t\t\t\t\t\t\t\t\t\t\t\t\t<figure class=\"figure file_view p-3\">\r\n\t\t\t\t\t\t\t\t\t\t\t\t\t\t\t\t\t\t<a href=\"https:\/\/did-dev.net\/mineddte\/wp-content\/uploads\/2022\/08\/Matrice-du-Programme-dActions-Prioritaires-PAP-du-Ministere-de-lEnvironnement-et-du-Developpement-Durable-MINEDD-2022.pdf\" target=\"_blank\" class=\"file\" ><img class=\"mb-2\" src=\"https:\/\/did-dev.net\/mineddte\/wp-content\/plugins\/wp-docs\/img\/filetype-icons\/pdf.png\" style=\"width: 25px; height: 25px\"><\/a>\r\n\t\t\t\t\t\t\t\t\t\t\t\t\t\t\t\t\t\t<small class=\"text-center\">Matrice du Programme d'Actions Prioritaires (PAP) du Minist\u00e8re de l'Environnement et du D\u00e9veloppement Durable (MINEDD) -2022<\/small>\r\n\t\t\t\t\t\t\t\t\t\t\t\t\t\t\t\t\t<\/figure>\r\n\t\t\t\t\t\t\t\t\t\t\t\t\t\t\t\t<\/div>\t\r\n\t\r\n\t\t\t\t\t\t<\/div>\r\n\t                            \r\n\t\t\t\t\t\t<!-- Detail View Area -->\r\n\t\t\t\t\t\t<div class=\"row folder_view detail_view mt-0 \">\r\n\t\t\t\t\t\t\t<div class=\"table-responsive\" style=\"zoom:70%\">\r\n\t\t\t\t\t\t\t\t<table class=\"table\">\r\n\t\t\t\t\t\t\t\t\t<thead class=\"thead\">\r\n\t\t\t\t\t\t\t\t\t\t<tr>\r\n\t\t\t\t\t\t\t\t\t\t\t<th>Nom <\/th>\r\n\t\t\t<th>Date de cr\u00e9ation <\/th>\t\t\t\t\t<th>Date modifi\u00e9e <\/th>\t\t\t\t\t<th>Type <\/th>\t\t\t\t\t<th>Taille <\/th>    \r\n\t\t\t\t\t\t\t\t\t\t<\/tr>\r\n\t\t\t\t\t\t\t\t\t<\/thead>\r\n\t\t\t\t\t\t\t\t\t\r\n\t\t\t\t\t\t\t\t\t\t\t\t\t<tr title=\"Referentiel-de-Formation-du-Ministere-de-lEnvironnement-et-du-Developpement-Durable-MINEDD-Horizon-2023-2025.pdf\" data-url=\"https:\/\/did-dev.net\/mineddte\/wp-content\/uploads\/2022\/08\/Referentiel-de-Formation-du-Ministere-de-lEnvironnement-et-du-Developpement-Durable-MINEDD-Horizon-2023-2025.pdf\" class=\"file_view file_link is_file\" style=\"cursor: pointer;\" data-id=\"3854\">\r\n\r\n\t\t\t\t\t\t\t\t\t\t\t\t\t\t<td>\r\n\r\n\t\t\t\t\t\t\t\t\t\t\t\t\t\t\t<figure class=\"figure file_view p-4\">\r\n\t\t\t\t\t\t\t\t\t\t\t\t\t\t\t\t<span class=\"file\"><img class=\"mb-2\" src=\"https:\/\/did-dev.net\/mineddte\/wp-content\/plugins\/wp-docs\/img\/filetype-icons\/pdf.png\" style=\"width: 25px; height: 25px\"><\/span>\r\n\t\t\t\t\t\t\t\t\t\t\t\t\t\t\t\t<small class=\"text-center\">R\u00e9f\u00e9rentiel de Formation du Minist\u00e8re de l'Environnement et du D\u00e9veloppement Durable (MINEDD) Horizon 2023-2025<\/small>\r\n\t\t\t\t\t\t\t\t\t\t\t\t\t\t\t<\/figure>\r\n\t\t\t\t\t\t\t\t\t\t\t\t\t\t<\/td>\r\n\t\t\t\t\t\t\t\t\t\t\t\t\t<td data-time=\"1660211517\"><small>11 ao\u00fbt 2022 9h51<\/small><\/td><td data-time=\"1660211517\"><small>11 ao\u00fbt 2022 9h51<\/small><\/td><td><small>application\/pdf<\/small><\/td><td data-time=\"480\"><small>480 KB<\/small><\/td><\/tr>\r\n\t\t\t\t\t\t\t\t\t\t\t\t\t<tr title=\"Politique-Nationale-de-lEnvironnement-et-du-Developpement-Durable-2018.pdf\" data-url=\"https:\/\/did-dev.net\/mineddte\/wp-content\/uploads\/2022\/08\/Politique-Nationale-de-lEnvironnement-et-du-Developpement-Durable-2018.pdf\" class=\"file_view file_link is_file\" style=\"cursor: pointer;\" data-id=\"3858\">\r\n\r\n\t\t\t\t\t\t\t\t\t\t\t\t\t\t<td>\r\n\r\n\t\t\t\t\t\t\t\t\t\t\t\t\t\t\t<figure class=\"figure file_view p-4\">\r\n\t\t\t\t\t\t\t\t\t\t\t\t\t\t\t\t<span class=\"file\"><img class=\"mb-2\" src=\"https:\/\/did-dev.net\/mineddte\/wp-content\/plugins\/wp-docs\/img\/filetype-icons\/pdf.png\" style=\"width: 25px; height: 25px\"><\/span>\r\n\t\t\t\t\t\t\t\t\t\t\t\t\t\t\t\t<small class=\"text-center\">Politique Nationale de l'Environnement et du D\u00e9veloppement Durable - 2018<\/small>\r\n\t\t\t\t\t\t\t\t\t\t\t\t\t\t\t<\/figure>\r\n\t\t\t\t\t\t\t\t\t\t\t\t\t\t<\/td>\r\n\t\t\t\t\t\t\t\t\t\t\t\t\t<td data-time=\"1660213296\"><small>11 ao\u00fbt 2022 10h21<\/small><\/td><td data-time=\"1660213296\"><small>11 ao\u00fbt 2022 10h21<\/small><\/td><td><small>application\/pdf<\/small><\/td><td data-time=\"1500\"><small>1500 KB<\/small><\/td><\/tr>\r\n\t\t\t\t\t\t\t\t\t\t\t\t\t<tr title=\"Matrice-du-Programme-dActions-Prioritaires-PAP-du-Ministere-de-lEnvironnement-et-du-Developpement-Durable-MINEDD-2022.pdf\" data-url=\"https:\/\/did-dev.net\/mineddte\/wp-content\/uploads\/2022\/08\/Matrice-du-Programme-dActions-Prioritaires-PAP-du-Ministere-de-lEnvironnement-et-du-Developpement-Durable-MINEDD-2022.pdf\" class=\"file_view file_link is_file\" style=\"cursor: pointer;\" data-id=\"3898\">\r\n\r\n\t\t\t\t\t\t\t\t\t\t\t\t\t\t<td>\r\n\r\n\t\t\t\t\t\t\t\t\t\t\t\t\t\t\t<figure class=\"figure file_view p-4\">\r\n\t\t\t\t\t\t\t\t\t\t\t\t\t\t\t\t<span class=\"file\"><img class=\"mb-2\" src=\"https:\/\/did-dev.net\/mineddte\/wp-content\/plugins\/wp-docs\/img\/filetype-icons\/pdf.png\" style=\"width: 25px; height: 25px\"><\/span>\r\n\t\t\t\t\t\t\t\t\t\t\t\t\t\t\t\t<small class=\"text-center\">Matrice du Programme d'Actions Prioritaires (PAP) du Minist\u00e8re de l'Environnement et du D\u00e9veloppement Durable (MINEDD) -2022<\/small>\r\n\t\t\t\t\t\t\t\t\t\t\t\t\t\t\t<\/figure>\r\n\t\t\t\t\t\t\t\t\t\t\t\t\t\t<\/td>\r\n\t\t\t\t\t\t\t\t\t\t\t\t\t<td data-time=\"1660398203\"><small>13 ao\u00fbt 2022 13h43<\/small><\/td><td data-time=\"1660398203\"><small>13 ao\u00fbt 2022 13h43<\/small><\/td><td><small>application\/pdf<\/small><\/td><td data-time=\"677\"><small>677 KB<\/small><\/td><\/tr>\t\t\t\t\t\t\t\t<\/table>\r\n\t\t\t\t\t\t\t<\/div>\r\n\t\t\t\t\t\t<\/div>\r\n\t\r\n\t\t\t\t\t<\/div>\r\n\t\t\t\t\t<div class=\"card-footer text-right wpdocs-views position-relative\">\r\n\t\r\n\t\r\n\t\r\n\t\t\t\t\t\t<a data-source=\"large_icon_view\" data-toggle=\"tooltip\" data-placement=\"bottom\" title=\"Affichage des miniatures\" class=\"folder_view_btn fa fa-image fa-lg text-danger mr-2\"><\/a>\r\n\t\t\t\t\t\t<a data-source=\"list_view\" data-toggle=\"tooltip\" data-placement=\"bottom\" title=\"Vue en liste\" class=\"folder_view_btn fa fa-bars fa-lg text-danger mr-2\"><\/a>\r\n\t\t\t\t\t\t<a data-source=\"detail_view\" data-toggle=\"tooltip\" data-placement=\"bottom\" title=\"Vues d\u00e9taill\u00e9es\" class=\"folder_view_btn fa fa-list fa-lg text-danger mr-2\"><\/a>\r\n\t\t\t\t\t<\/div>\r\n\t\t\t\t<\/div>\r\n\t\t\t\t\t<div class=\"wpdocs_loader wpd_modal d-none\">\r\n\t\t\t\t\t<div class=\"modal_content\">\r\n\t\t\t\t\t\t<img src=\"https:\/\/did-dev.net\/mineddte\/wp-content\/plugins\/wp-docs\/img\/loader.gif\" width=\"50px\" height=\"50px\">\r\n\t\t\t\t\t<\/div>\r\n\t\t\t\t<\/div>\r\n\t            \r\n\t\r\n\t\t\t<\/div>\n","protected":false},"excerpt":{"rendered":"<p>Vous trouverez ci-dessous la liste de tous les documents relatifs aux Orientations Politiques et Programmes Publics du Minist\u00e8re de l&#8217;Environnement, du D\u00e9veloppement Durable et de la Transition Ecologique. Il est [&hellip;]<\/p>\n","protected":false},"author":1,"featured_media":0,"parent":0,"menu_order":0,"comment_status":"closed","ping_status":"closed","template":"","meta":{"_lmt_disableupdate":"no","_lmt_disable":"","pgc_sgb_lightbox_settings":""},"folder":[72],"_links":{"self":[{"href":"https:\/\/did-dev.net\/mineddte\/wp-json\/wp\/v2\/pages\/3855"}],"collection":[{"href":"https:\/\/did-dev.net\/mineddte\/wp-json\/wp\/v2\/pages"}],"about":[{"href":"https:\/\/did-dev.net\/mineddte\/wp-json\/wp\/v2\/types\/page"}],"author":[{"embeddable":true,"href":"https:\/\/did-dev.net\/mineddte\/wp-json\/wp\/v2\/users\/1"}],"replies":[{"embeddable":true,"href":"https:\/\/did-dev.net\/mineddte\/wp-json\/wp\/v2\/comments?post=3855"}],"version-history":[{"count":2,"href":"https:\/\/did-dev.net\/mineddte\/wp-json\/wp\/v2\/pages\/3855\/revisions"}],"predecessor-version":[{"id":5079,"href":"https:\/\/did-dev.net\/mineddte\/wp-json\/wp\/v2\/pages\/3855\/revisions\/5079"}],"wp:attachment":[{"href":"https:\/\/did-dev.net\/mineddte\/wp-json\/wp\/v2\/media?parent=3855"}],"wp:term":[{"taxonomy":"folder","embeddable":true,"href":"https:\/\/did-dev.net\/mineddte\/wp-json\/wp\/v2\/folder?post=3855"}],"curies":[{"name":"wp","href":"https:\/\/api.w.org\/{rel}","templated":true}]}}