{"id":2814,"date":"2022-01-05T11:20:14","date_gmt":"2022-01-05T11:20:14","guid":{"rendered":"https:\/\/did-dev.net\/mineddte\/?page_id=2814"},"modified":"2022-02-06T20:53:18","modified_gmt":"2022-02-06T20:53:18","slug":"presentation-du-cgpp","status":"publish","type":"page","link":"https:\/\/did-dev.net\/mineddte\/presentation-du-cgpp\/","title":{"rendered":"Pr\u00e9sentation du CGPP"},"content":{"rendered":"<h2><strong>I- CREATION<\/strong><\/h2>\n<p style=\"text-align: justify;\"><span style=\"font-family: verdana, geneva, sans-serif;\">La <strong>Coordination des Programmes et Projets (CPP)<\/strong> est une structure rattach\u00e9e au Cabinet du Minist\u00e8re en charge de l\u2019Environnement, conform\u00e9ment au d\u00e9cret n\u00b02017-152 du 1<sup>er<\/sup> mars 2017 portant organisation du Minist\u00e8re de la Salubrit\u00e9, de l\u2019Environnement et du D\u00e9veloppement Durable.<\/span><\/p>\n<p style=\"text-align: justify;\"><span style=\"font-family: verdana, geneva, sans-serif;\">Conform\u00e9ment \u00e0 l\u2019article 13 du d\u00e9cret sus vis\u00e9, elle est charg\u00e9e :<\/span><\/p>\n<ul style=\"text-align: justify;\">\n<li><span style=\"font-family: verdana, geneva, sans-serif;\">de coordonner l\u2019activit\u00e9 des programmes et des projets dans lesquels le minist\u00e8re intervient ;<\/span><\/li>\n<li><span style=\"font-family: verdana, geneva, sans-serif;\">de jouer un r\u00f4le d\u2019interface entre le cabinet et les programmes et projets ;<\/span><\/li>\n<li><span style=\"font-family: verdana, geneva, sans-serif;\">de suivre et d\u2019\u00e9valuer, en relation avec les services comp\u00e9tents, les projets financ\u00e9s par les institutions bilat\u00e9rales et multilat\u00e9rales ainsi que par les personnes physiques ou morales de droit priv\u00e9 ;<\/span><\/li>\n<li><span style=\"font-family: verdana, geneva, sans-serif;\">de tenir et de mettre \u00e0 jour la base de donn\u00e9es des programmes et projets ;<\/span><\/li>\n<li><span style=\"font-family: verdana, geneva, sans-serif;\">de coordonner et d\u2019assurer le suivi des activit\u00e9s des Points Focaux dans la mise en \u0153uvre des Conventions et Accords internationaux en mati\u00e8re d\u2019environnement ratifi\u00e9s par la C\u00f4te d\u2019Ivoire.<\/span><\/li>\n<\/ul>\n<p style=\"text-align: justify;\"><span style=\"font-family: verdana, geneva, sans-serif;\">La Coordination des Programmes et Projets, est dirig\u00e9e par un Coordonnateur nomm\u00e9 par d\u00e9cret pris en Conseil des Ministres. Il a rang de Directeur d\u2019Administration Centrale.<\/span><\/p>\n<\/p>\n<h2><strong>II- COMPOSITION<\/strong><\/h2>\n<p style=\"text-align: justify;\"><span style=\"font-family: verdana, geneva, sans-serif;\">La Coordination des Programmes et Projets comprend cinq (05) Programmes \u00e0 savoir (i) le<strong> Programme National sur Changements Climatiques (PNCC),<\/strong> (ii) le<strong> Programme National de Gestion des D\u00e9chets (PNGD)<\/strong>, (iii) le<strong> Programme National de Gestion des Produits Chimiques (PNGPC)<\/strong>, (iv) le<strong> Programme National de Gestion des Ressources Naturelles (PNGRN) <\/strong>et le<strong> Programme National de Gestion de l\u2019Environnement C\u00f4tier (PNGEC)<\/strong>, ainsi que <strong>les Projets<\/strong> mis en \u0153uvre sous la tutelle du minist\u00e8re en charge de l\u2019environnement et l\u2019ensemble des <strong>Conventions internationales en mati\u00e8re d\u2019environnement<\/strong> ratifi\u00e9es par la C\u00f4te d\u2019Ivoire.<\/span><\/p>\n<\/p>\n<p style=\"text-align: justify;\" data-tadv-p=\"keep\"><span style=\"font-family: verdana, geneva, sans-serif;\"><span style=\"font-size: 12pt;\"><strong><span style=\"text-decoration: underline;\">Contacts<\/span> :<\/strong><\/span> pour toutes informations compl\u00e9mentaires, pri\u00e8re contacter la <strong>Coordination G\u00e9n\u00e9rale des Programmes et Projets (CGPP)<\/strong>, sise \u00e0 Cocody 2 Plateaux les vallons, rue 191 (arri\u00e8re cours du super march\u00e9 le casino). <\/span><br \/>\n<strong><span style=\"font-family: verdana, geneva, sans-serif;\">T\u00e9l : (+225) 27 22 41 11 99 \/ Email : CGPP@environnement.gouv.ci<\/span><\/strong><br \/>\n<strong><span style=\"font-family: verdana, geneva, sans-serif;\">Bo\u00eete postale : 08 BP 2127 Abidjan 08<\/span><\/strong><\/p>\n","protected":false},"excerpt":{"rendered":"<p>I- CREATION La Coordination des Programmes et Projets (CPP) est une structure rattach\u00e9e au Cabinet du Minist\u00e8re en charge de l\u2019Environnement, conform\u00e9ment au d\u00e9cret n\u00b02017-152 du 1er mars 2017 portant [&hellip;]<\/p>\n","protected":false},"author":1,"featured_media":0,"parent":0,"menu_order":0,"comment_status":"closed","ping_status":"closed","template":"","meta":{"_lmt_disableupdate":"no","_lmt_disable":"","pgc_sgb_lightbox_settings":""},"folder":[53],"_links":{"self":[{"href":"https:\/\/did-dev.net\/mineddte\/wp-json\/wp\/v2\/pages\/2814"}],"collection":[{"href":"https:\/\/did-dev.net\/mineddte\/wp-json\/wp\/v2\/pages"}],"about":[{"href":"https:\/\/did-dev.net\/mineddte\/wp-json\/wp\/v2\/types\/page"}],"author":[{"embeddable":true,"href":"https:\/\/did-dev.net\/mineddte\/wp-json\/wp\/v2\/users\/1"}],"replies":[{"embeddable":true,"href":"https:\/\/did-dev.net\/mineddte\/wp-json\/wp\/v2\/comments?post=2814"}],"version-history":[{"count":6,"href":"https:\/\/did-dev.net\/mineddte\/wp-json\/wp\/v2\/pages\/2814\/revisions"}],"predecessor-version":[{"id":5973,"href":"https:\/\/did-dev.net\/mineddte\/wp-json\/wp\/v2\/pages\/2814\/revisions\/5973"}],"wp:attachment":[{"href":"https:\/\/did-dev.net\/mineddte\/wp-json\/wp\/v2\/media?parent=2814"}],"wp:term":[{"taxonomy":"folder","embeddable":true,"href":"https:\/\/did-dev.net\/mineddte\/wp-json\/wp\/v2\/folder?post=2814"}],"curies":[{"name":"wp","href":"https:\/\/api.w.org\/{rel}","templated":true}]}}