{"id":2796,"date":"2022-01-05T10:41:01","date_gmt":"2022-01-05T10:41:01","guid":{"rendered":"https:\/\/did-dev.net\/mineddte\/?page_id=2796"},"modified":"2022-02-01T10:18:57","modified_gmt":"2022-02-01T10:18:57","slug":"rapports-annuels","status":"publish","type":"page","link":"https:\/\/did-dev.net\/mineddte\/rapports-annuels\/","title":{"rendered":"Rapports Annuels"},"content":{"rendered":"<p style=\"text-align: justify;\" data-tadv-p=\"keep\"><span style=\"font-family: verdana, geneva, sans-serif;\">Vous trouverez ci-dessous la liste de <strong>tous les documents relatifs aux <span style=\"text-decoration: underline;\">Rapports Annuels<\/span> du Minist\u00e8re de l&#8217;Environnement et du D\u00e9veloppement Durable<\/strong>. Il est possible d&#8217;effectuer une recherche par th\u00e8me.<\/span><\/p>\n\r\n\t\r\n\t\t\t<div class=\"container-fluid wpdoc_container\" data-dir_restrictions = \"\" data-del_from_front=\"\" data-dir=\"3135\" data-home=\"3135\">\r\n\t\r\n\t\t\t\t<input type=\"hidden\" class=\"wpd_home_id\" value=\"3135\" \/>\r\n\t\t\t\t<input type=\"hidden\" class=\"wpd_del_file_id\" value=\"\" \/>\r\n\t\r\n\t\t\t\t<div class=\"card mt-3\">\r\n\t\t\t\t\t<!-- breadcrumb Area -->\r\n\t\t\t\t\t<nav aria-label=\"breadcrumb\" class=\"wpdocs-nav position-relative\">\r\n\t\t\t\t\t\t<ol class=\"breadcrumb bg-light\" style=\"border-bottom:1px solid #dee2e6;border-radius: 0; min-height: 40px;\">\r\n\r\n                            \t\r\n\t\t\t\t\t\t<\/ol>\r\n\r\n                        \r\n\t\t\t\t\t\t\t\t\t\t\t<\/nav>\r\n\t\t\t\r\n\t\t\t\t\t\r\n\t\t\t\t\t                    \r\n                                        <div class=\"wpdocs-searchbox\">\r\n                    \t<input type=\"text\" placeholder=\"Tapez ici pour filtrer ...\" \/>\r\n                    <\/div>\r\n                    \t\r\n\t\t\t\t\t<div class=\"card-body \">\r\n\t\r\n\t\t\t\t\t\t<!-- Large Icon View Area -->\r\n\t\t\t\t\t\t<div class=\"row folder_view large_icon_view d-none\">\r\n\t\t\t\t\t\t\t\r\n\t\r\n\t\t\t\t\t\t\t\t\t\t\t\t\t\t\t\t\t\r\n\t\t\t\t\t\t\t\t\t\t\t\t\t\t\t<div title=\"RAPPORT_TCAA_SECAP_FIDA_2PAI-NE_CIV_EVALUATION-CIBLEE-DE-LADAPTATION-CLIMATIQUE-EN-COTE-DIVOIRE.pdf\" class=\"col-4 col-md-3 is_file text-center\" style=\"cursor: pointer;\" data-id=\"5395\">\r\n\t\t\t\t\t\t\t\t\t\t\t\t\t\t\t\t<figure class=\"figure file_view p-1\">\r\n\t\t\t\t\t\t\t\t\t\t\t\t\t\t\t\t\t<a href=\"https:\/\/did-dev.net\/mineddte\/wp-content\/uploads\/2015\/08\/RAPPORT_TCAA_SECAP_FIDA_2PAI-NE_CIV_EVALUATION-CIBLEE-DE-LADAPTATION-CLIMATIQUE-EN-COTE-DIVOIRE.pdf\" target=\"_blank\" class=\"file\" ><img class=\"my-3\" src=\"https:\/\/did-dev.net\/mineddte\/wp-content\/plugins\/wp-docs\/img\/filetype-icons\/pdf.png\" \/><\/a>\r\n\t\t\t\t\t\t\t\t\t\t\t\t\t\t\t\t\t<figcaption class=\"figure-caption text-center\">RAPPORT_TCAA_SECAP_FIDA_2PAI-NE_CIV_EVALUATION CIBL\u00c9E DE L\u2019ADAPTATION CLIMATIQUE EN C\u00d4TE D'IVOIRE<\/figcaption>\r\n\t\t\t\t\t\t\t\t\t\t\t\t\t\t\t\t<\/figure>\r\n\t\t\t\t\t\t\t\t\t\t\t\t\t\t\t<\/div>\r\n\t\t\t\t\t\t\t\t\t\t\t\t\t\t\t\r\n\t\t\t\t\t\t\t\t\t\t\t\t\t\t\t\r\n\t\t\t\t\t\t\t\t\t\t\t\t\t\t\t\r\n\t\r\n\t\t\t\t\t\t\t\t\t\t\t\t\t\t\t\t\t\r\n\t\t\t\t\t\t\t\t\t\t\t\t\t\t\t<div title=\"RAPPORT-DE-LA-PARTICIPATION-DE-LA-COTE-DIVOIRE-A-LA-COP-29-SUR-LE-CLIMAT.pdf\" class=\"col-4 col-md-3 is_file text-center\" style=\"cursor: pointer;\" data-id=\"5972\">\r\n\t\t\t\t\t\t\t\t\t\t\t\t\t\t\t\t<figure class=\"figure file_view p-1\">\r\n\t\t\t\t\t\t\t\t\t\t\t\t\t\t\t\t\t<a href=\"https:\/\/did-dev.net\/mineddte\/wp-content\/uploads\/2015\/08\/RAPPORT-DE-LA-PARTICIPATION-DE-LA-COTE-DIVOIRE-A-LA-COP-29-SUR-LE-CLIMAT.pdf\" target=\"_blank\" class=\"file\" ><img class=\"my-3\" src=\"https:\/\/did-dev.net\/mineddte\/wp-content\/plugins\/wp-docs\/img\/filetype-icons\/pdf.png\" \/><\/a>\r\n\t\t\t\t\t\t\t\t\t\t\t\t\t\t\t\t\t<figcaption class=\"figure-caption text-center\">RAPPORT DE LA PARTICIPATION DE LA COTE D'IVOIRE A LA COP 29 SUR LE CLIMAT<\/figcaption>\r\n\t\t\t\t\t\t\t\t\t\t\t\t\t\t\t\t<\/figure>\r\n\t\t\t\t\t\t\t\t\t\t\t\t\t\t\t<\/div>\r\n\t\t\t\t\t\t\t\t\t\t\t\t\t\t\t\r\n\t\t\t\t\t\t\t\t\t\t\t\t\t\t\t\r\n\t\t\t\t\t\t\t\t\t\t\t\t\t\t\t\r\n\t\r\n\t\t\t\t\t\t\t\t\t\t\t\t\t\t\t\t\t\r\n\t\t\t\t\t\t\t\t\t\t\t\t\t\t\t<div title=\"RAPPORT-DACTIVITE-2020-SUR-LENLEVEMENT-DES-ORDURES-MENAGERES-ET-ASSIMILEES-A-BORDS-DES-NAVIRES-GARBAGE-.pdf\" class=\"col-4 col-md-3 is_file text-center\" style=\"cursor: pointer;\" data-id=\"3847\">\r\n\t\t\t\t\t\t\t\t\t\t\t\t\t\t\t\t<figure class=\"figure file_view p-1\">\r\n\t\t\t\t\t\t\t\t\t\t\t\t\t\t\t\t\t<a href=\"https:\/\/did-dev.net\/mineddte\/wp-content\/uploads\/2022\/08\/RAPPORT-DACTIVITE-2020-SUR-LENLEVEMENT-DES-ORDURES-MENAGERES-ET-ASSIMILEES-A-BORDS-DES-NAVIRES-GARBAGE-.pdf\" target=\"_blank\" class=\"file\" ><img class=\"my-3\" src=\"https:\/\/did-dev.net\/mineddte\/wp-content\/plugins\/wp-docs\/img\/filetype-icons\/pdf.png\" \/><\/a>\r\n\t\t\t\t\t\t\t\t\t\t\t\t\t\t\t\t\t<figcaption class=\"figure-caption text-center\">RAPPORT D'ACTIVITE 2020 SUR L'ENLEVEMENT DES ORDURES MENAGERES ET ASSIMILEES A BORDS DES NAVIRES \u00ab GARBAGE \u00bb<\/figcaption>\r\n\t\t\t\t\t\t\t\t\t\t\t\t\t\t\t\t<\/figure>\r\n\t\t\t\t\t\t\t\t\t\t\t\t\t\t\t<\/div>\r\n\t\t\t\t\t\t\t\t\t\t\t\t\t\t\t\r\n\t\t\t\t\t\t\t\t\t\t\t\t\t\t\t\r\n\t\t\t\t\t\t\t\t\t\t\t\t\t\t\t\r\n\t\r\n\t\t\t\t\t\t\t\t\t\t\t\t\t\t\t\t\t\r\n\t\t\t\t\t\t\t\t\t\t\t\t\t\t\t<div title=\"RAPPORT-COP-16-RIYADH-DECEMBRE-2024.pdf\" class=\"col-4 col-md-3 is_file text-center\" style=\"cursor: pointer;\" data-id=\"6004\">\r\n\t\t\t\t\t\t\t\t\t\t\t\t\t\t\t\t<figure class=\"figure file_view p-1\">\r\n\t\t\t\t\t\t\t\t\t\t\t\t\t\t\t\t\t<a href=\"https:\/\/did-dev.net\/mineddte\/wp-content\/uploads\/2015\/08\/RAPPORT-COP-16-RIYADH-DECEMBRE-2024.pdf\" target=\"_blank\" class=\"file\" ><img class=\"my-3\" src=\"https:\/\/did-dev.net\/mineddte\/wp-content\/plugins\/wp-docs\/img\/filetype-icons\/pdf.png\" \/><\/a>\r\n\t\t\t\t\t\t\t\t\t\t\t\t\t\t\t\t\t<figcaption class=\"figure-caption text-center\">RAPPORT COP 16 RIYADH DECEMBRE 2024<\/figcaption>\r\n\t\t\t\t\t\t\t\t\t\t\t\t\t\t\t\t<\/figure>\r\n\t\t\t\t\t\t\t\t\t\t\t\t\t\t\t<\/div>\r\n\t\t\t\t\t\t\t\t\t\t\t\t\t\t\t\r\n\t\t\t\t\t\t\t\t\t\t\t\t\t\t\t\r\n\t\t\t\t\t\t\t\t\t\t\t\t\t\t\t\r\n\t\r\n\t\t\t\t\t\t\t\t\t\t\t\t\t\t\t\t\t\r\n\t\t\t\t\t\t\t\t\t\t\t\t\t\t\t<div title=\"PPP-2PAI-NE-Final-PLAN-DE-PARTICIPATION-DES-PARTIES-PRENANTES-PPP.pdf\" class=\"col-4 col-md-3 is_file text-center\" style=\"cursor: pointer;\" data-id=\"5394\">\r\n\t\t\t\t\t\t\t\t\t\t\t\t\t\t\t\t<figure class=\"figure file_view p-1\">\r\n\t\t\t\t\t\t\t\t\t\t\t\t\t\t\t\t\t<a href=\"https:\/\/did-dev.net\/mineddte\/wp-content\/uploads\/2015\/08\/PPP-2PAI-NE-Final-PLAN-DE-PARTICIPATION-DES-PARTIES-PRENANTES-PPP.pdf\" target=\"_blank\" class=\"file\" ><img class=\"my-3\" src=\"https:\/\/did-dev.net\/mineddte\/wp-content\/plugins\/wp-docs\/img\/filetype-icons\/pdf.png\" \/><\/a>\r\n\t\t\t\t\t\t\t\t\t\t\t\t\t\t\t\t\t<figcaption class=\"figure-caption text-center\">PPP-2PAI-NE-Final PLAN DE PARTICIPATION DES PARTIES PRENANTES (PPP)<\/figcaption>\r\n\t\t\t\t\t\t\t\t\t\t\t\t\t\t\t\t<\/figure>\r\n\t\t\t\t\t\t\t\t\t\t\t\t\t\t\t<\/div>\r\n\t\t\t\t\t\t\t\t\t\t\t\t\t\t\t\r\n\t\t\t\t\t\t\t\t\t\t\t\t\t\t\t\r\n\t\t\t\t\t\t\t\t\t\t\t\t\t\t\t\r\n\t\r\n\t\t\t\t\t\t\t\t\t\t\t\t\t\t\t\t\t\r\n\t\t\t\t\t\t\t\t\t\t\t\t\t\t\t<div title=\"PGPP-Rapport-finale-Plan-de-Gestion-des-Pestes-et-Pesticides.pdf\" class=\"col-4 col-md-3 is_file text-center\" style=\"cursor: pointer;\" data-id=\"5393\">\r\n\t\t\t\t\t\t\t\t\t\t\t\t\t\t\t\t<figure class=\"figure file_view p-1\">\r\n\t\t\t\t\t\t\t\t\t\t\t\t\t\t\t\t\t<a href=\"https:\/\/did-dev.net\/mineddte\/wp-content\/uploads\/2015\/08\/PGPP-Rapport-finale-Plan-de-Gestion-des-Pestes-et-Pesticides.pdf\" target=\"_blank\" class=\"file\" ><img class=\"my-3\" src=\"https:\/\/did-dev.net\/mineddte\/wp-content\/plugins\/wp-docs\/img\/filetype-icons\/pdf.png\" \/><\/a>\r\n\t\t\t\t\t\t\t\t\t\t\t\t\t\t\t\t\t<figcaption class=\"figure-caption text-center\">PGPP - Rapport finale, Plan de Gestion des Pestes et Pesticides<\/figcaption>\r\n\t\t\t\t\t\t\t\t\t\t\t\t\t\t\t\t<\/figure>\r\n\t\t\t\t\t\t\t\t\t\t\t\t\t\t\t<\/div>\r\n\t\t\t\t\t\t\t\t\t\t\t\t\t\t\t\r\n\t\t\t\t\t\t\t\t\t\t\t\t\t\t\t\r\n\t\t\t\t\t\t\t\t\t\t\t\t\t\t\t\r\n\t\r\n\t\t\t\t\t\t\t\t\t\t\t\t\t\t\t\t\t\r\n\t\t\t\t\t\t\t\t\t\t\t\t\t\t\t<div title=\"FPIC-2PAI-NE-PLAN-DE-MISE-EN-OEUVRE-DU-CONSENTEMENT-PREALABLE-DONNE-LIBREMENT-ET-EN-CONNAISSANCE-DE-CAUSE-CPLCC.pdf\" class=\"col-4 col-md-3 is_file text-center\" style=\"cursor: pointer;\" data-id=\"5392\">\r\n\t\t\t\t\t\t\t\t\t\t\t\t\t\t\t\t<figure class=\"figure file_view p-1\">\r\n\t\t\t\t\t\t\t\t\t\t\t\t\t\t\t\t\t<a href=\"https:\/\/did-dev.net\/mineddte\/wp-content\/uploads\/2015\/08\/FPIC-2PAI-NE-PLAN-DE-MISE-EN-OEUVRE-DU-CONSENTEMENT-PREALABLE-DONNE-LIBREMENT-ET-EN-CONNAISSANCE-DE-CAUSE-CPLCC.pdf\" target=\"_blank\" class=\"file\" ><img class=\"my-3\" src=\"https:\/\/did-dev.net\/mineddte\/wp-content\/plugins\/wp-docs\/img\/filetype-icons\/pdf.png\" \/><\/a>\r\n\t\t\t\t\t\t\t\t\t\t\t\t\t\t\t\t\t<figcaption class=\"figure-caption text-center\">FPIC 2PAI-NE-PLAN DE MISE EN \u0152UVRE DU CONSENTEMENT PREALABLE, DONNE LIBREMENT ET EN CONNAISSANCE DE CAUSE (CPLCC)<\/figcaption>\r\n\t\t\t\t\t\t\t\t\t\t\t\t\t\t\t\t<\/figure>\r\n\t\t\t\t\t\t\t\t\t\t\t\t\t\t\t<\/div>\r\n\t\t\t\t\t\t\t\t\t\t\t\t\t\t\t\r\n\t\t\t\t\t\t\t\t\t\t\t\t\t\t\t\r\n\t\t\t\t\t\t\t\t\t\t\t\t\t\t\t\r\n\t\r\n\t\t\t\t\t\t\t\t\t\t\t\t\t\t\t\t\t\r\n\t\t\t\t\t\t\t\t\t\t\t\t\t\t\t<div title=\"2PAI-NE-NOTE-PESEC-NOTE-DEXAMEN-DES-PROCEDURES-DEVALUATION-SOCIALE-ENVIRONNEMENTALE-ET-CLIMATIQUE.pdf\" class=\"col-4 col-md-3 is_file text-center\" style=\"cursor: pointer;\" data-id=\"5391\">\r\n\t\t\t\t\t\t\t\t\t\t\t\t\t\t\t\t<figure class=\"figure file_view p-1\">\r\n\t\t\t\t\t\t\t\t\t\t\t\t\t\t\t\t\t<a href=\"https:\/\/did-dev.net\/mineddte\/wp-content\/uploads\/2015\/08\/2PAI-NE-NOTE-PESEC-NOTE-DEXAMEN-DES-PROCEDURES-DEVALUATION-SOCIALE-ENVIRONNEMENTALE-ET-CLIMATIQUE.pdf\" target=\"_blank\" class=\"file\" ><img class=\"my-3\" src=\"https:\/\/did-dev.net\/mineddte\/wp-content\/plugins\/wp-docs\/img\/filetype-icons\/pdf.png\" \/><\/a>\r\n\t\t\t\t\t\t\t\t\t\t\t\t\t\t\t\t\t<figcaption class=\"figure-caption text-center\">2PAI-NE - NOTE PESEC-NOTE D\u2019EXAMEN DES PROCEDURES D'EVALUATION SOCIALE, ENVIRONNEMENTALE ET CLIMATIQUE<\/figcaption>\r\n\t\t\t\t\t\t\t\t\t\t\t\t\t\t\t\t<\/figure>\r\n\t\t\t\t\t\t\t\t\t\t\t\t\t\t\t<\/div>\r\n\t\t\t\t\t\t\t\t\t\t\t\t\t\t\t\r\n\t\t\t\t\t\t\t\t\t\t\t\t\t\t\t\r\n\t\t\t\t\t\t\t\t\t\t\t\t\t\t\t\r\n\t\r\n\t\t\t\t\t\t\t\t\t\t\t\t\t\t\t\t\t\r\n\t\t\t\t\t\t\t\t\t\t\t\t\t\t\t<div title=\"2PAI-NE_CGESC-CADRE-DE-GESTION-ENVIRONNEMENTALE-SOCIALE-ET-CLIMATIQUE.pdf\" class=\"col-4 col-md-3 is_file text-center\" style=\"cursor: pointer;\" data-id=\"5390\">\r\n\t\t\t\t\t\t\t\t\t\t\t\t\t\t\t\t<figure class=\"figure file_view p-1\">\r\n\t\t\t\t\t\t\t\t\t\t\t\t\t\t\t\t\t<a href=\"https:\/\/did-dev.net\/mineddte\/wp-content\/uploads\/2015\/08\/2PAI-NE_CGESC-CADRE-DE-GESTION-ENVIRONNEMENTALE-SOCIALE-ET-CLIMATIQUE.pdf\" target=\"_blank\" class=\"file\" ><img class=\"my-3\" src=\"https:\/\/did-dev.net\/mineddte\/wp-content\/plugins\/wp-docs\/img\/filetype-icons\/pdf.png\" \/><\/a>\r\n\t\t\t\t\t\t\t\t\t\t\t\t\t\t\t\t\t<figcaption class=\"figure-caption text-center\">2PAI - NE_CGESC CADRE DE GESTION ENVIRONNEMENTALE SOCIALE ET CLIMATIQUE<\/figcaption>\r\n\t\t\t\t\t\t\t\t\t\t\t\t\t\t\t\t<\/figure>\r\n\t\t\t\t\t\t\t\t\t\t\t\t\t\t\t<\/div>\r\n\t\t\t\t\t\t\t\t\t\t\t\t\t\t\t\r\n\t\t\t\t\t\t\t\t\t\t\t\t\t\t\t\r\n\t\t\t\t\t\t\t\t\t\t\t\t\t\t\t\t\r\n\t\r\n\t\t\t\t\t\t<\/div>\r\n\t\r\n\t\t\t\t\t\t<!-- List View Area -->\r\n\t\t\t\t\t\t<div class=\"row folder_view list_view d-none\">\r\n\t\t\t\t\t\t\t\r\n\t\t\t\t\t\t\t\t\t\t\t\t\t\t\t\t<div title=\"RAPPORT_TCAA_SECAP_FIDA_2PAI-NE_CIV_EVALUATION-CIBLEE-DE-LADAPTATION-CLIMATIQUE-EN-COTE-DIVOIRE.pdf\" class=\"col-12 file_wrapper is_file\" style=\"cursor: pointer;\" data-id=\"5395\">\r\n\t\t\t\t\t\t\t\t\t\t\t\t\t\t\t\t\t<figure class=\"figure file_view p-3\">\r\n\t\t\t\t\t\t\t\t\t\t\t\t\t\t\t\t\t\t<a href=\"https:\/\/did-dev.net\/mineddte\/wp-content\/uploads\/2015\/08\/RAPPORT_TCAA_SECAP_FIDA_2PAI-NE_CIV_EVALUATION-CIBLEE-DE-LADAPTATION-CLIMATIQUE-EN-COTE-DIVOIRE.pdf\" target=\"_blank\" class=\"file\" ><img class=\"mb-2\" src=\"https:\/\/did-dev.net\/mineddte\/wp-content\/plugins\/wp-docs\/img\/filetype-icons\/pdf.png\" style=\"width: 25px; height: 25px\"><\/a>\r\n\t\t\t\t\t\t\t\t\t\t\t\t\t\t\t\t\t\t<small class=\"text-center\">RAPPORT_TCAA_SECAP_FIDA_2PAI-NE_CIV_EVALUATION CIBL\u00c9E DE L\u2019ADAPTATION CLIMATIQUE EN C\u00d4TE D'IVOIRE<\/small>\r\n\t\t\t\t\t\t\t\t\t\t\t\t\t\t\t\t\t<\/figure>\r\n\t\t\t\t\t\t\t\t\t\t\t\t\t\t\t\t<\/div>\r\n\t\t\t\t\t\t\t\t\t\t\t\t\t\t\t\t<div title=\"RAPPORT-DE-LA-PARTICIPATION-DE-LA-COTE-DIVOIRE-A-LA-COP-29-SUR-LE-CLIMAT.pdf\" class=\"col-12 file_wrapper is_file\" style=\"cursor: pointer;\" data-id=\"5972\">\r\n\t\t\t\t\t\t\t\t\t\t\t\t\t\t\t\t\t<figure class=\"figure file_view p-3\">\r\n\t\t\t\t\t\t\t\t\t\t\t\t\t\t\t\t\t\t<a href=\"https:\/\/did-dev.net\/mineddte\/wp-content\/uploads\/2015\/08\/RAPPORT-DE-LA-PARTICIPATION-DE-LA-COTE-DIVOIRE-A-LA-COP-29-SUR-LE-CLIMAT.pdf\" target=\"_blank\" class=\"file\" ><img class=\"mb-2\" src=\"https:\/\/did-dev.net\/mineddte\/wp-content\/plugins\/wp-docs\/img\/filetype-icons\/pdf.png\" style=\"width: 25px; height: 25px\"><\/a>\r\n\t\t\t\t\t\t\t\t\t\t\t\t\t\t\t\t\t\t<small class=\"text-center\">RAPPORT DE LA PARTICIPATION DE LA COTE D'IVOIRE A LA COP 29 SUR LE CLIMAT<\/small>\r\n\t\t\t\t\t\t\t\t\t\t\t\t\t\t\t\t\t<\/figure>\r\n\t\t\t\t\t\t\t\t\t\t\t\t\t\t\t\t<\/div>\r\n\t\t\t\t\t\t\t\t\t\t\t\t\t\t\t\t<div title=\"RAPPORT-DACTIVITE-2020-SUR-LENLEVEMENT-DES-ORDURES-MENAGERES-ET-ASSIMILEES-A-BORDS-DES-NAVIRES-GARBAGE-.pdf\" class=\"col-12 file_wrapper is_file\" style=\"cursor: pointer;\" data-id=\"3847\">\r\n\t\t\t\t\t\t\t\t\t\t\t\t\t\t\t\t\t<figure class=\"figure file_view p-3\">\r\n\t\t\t\t\t\t\t\t\t\t\t\t\t\t\t\t\t\t<a href=\"https:\/\/did-dev.net\/mineddte\/wp-content\/uploads\/2022\/08\/RAPPORT-DACTIVITE-2020-SUR-LENLEVEMENT-DES-ORDURES-MENAGERES-ET-ASSIMILEES-A-BORDS-DES-NAVIRES-GARBAGE-.pdf\" target=\"_blank\" class=\"file\" ><img class=\"mb-2\" src=\"https:\/\/did-dev.net\/mineddte\/wp-content\/plugins\/wp-docs\/img\/filetype-icons\/pdf.png\" style=\"width: 25px; height: 25px\"><\/a>\r\n\t\t\t\t\t\t\t\t\t\t\t\t\t\t\t\t\t\t<small class=\"text-center\">RAPPORT D'ACTIVITE 2020 SUR L'ENLEVEMENT DES ORDURES MENAGERES ET ASSIMILEES A BORDS DES NAVIRES \u00ab GARBAGE \u00bb<\/small>\r\n\t\t\t\t\t\t\t\t\t\t\t\t\t\t\t\t\t<\/figure>\r\n\t\t\t\t\t\t\t\t\t\t\t\t\t\t\t\t<\/div>\r\n\t\t\t\t\t\t\t\t\t\t\t\t\t\t\t\t<div title=\"RAPPORT-COP-16-RIYADH-DECEMBRE-2024.pdf\" class=\"col-12 file_wrapper is_file\" style=\"cursor: pointer;\" data-id=\"6004\">\r\n\t\t\t\t\t\t\t\t\t\t\t\t\t\t\t\t\t<figure class=\"figure file_view p-3\">\r\n\t\t\t\t\t\t\t\t\t\t\t\t\t\t\t\t\t\t<a href=\"https:\/\/did-dev.net\/mineddte\/wp-content\/uploads\/2015\/08\/RAPPORT-COP-16-RIYADH-DECEMBRE-2024.pdf\" target=\"_blank\" class=\"file\" ><img class=\"mb-2\" src=\"https:\/\/did-dev.net\/mineddte\/wp-content\/plugins\/wp-docs\/img\/filetype-icons\/pdf.png\" style=\"width: 25px; height: 25px\"><\/a>\r\n\t\t\t\t\t\t\t\t\t\t\t\t\t\t\t\t\t\t<small class=\"text-center\">RAPPORT COP 16 RIYADH DECEMBRE 2024<\/small>\r\n\t\t\t\t\t\t\t\t\t\t\t\t\t\t\t\t\t<\/figure>\r\n\t\t\t\t\t\t\t\t\t\t\t\t\t\t\t\t<\/div>\r\n\t\t\t\t\t\t\t\t\t\t\t\t\t\t\t\t<div title=\"PPP-2PAI-NE-Final-PLAN-DE-PARTICIPATION-DES-PARTIES-PRENANTES-PPP.pdf\" class=\"col-12 file_wrapper is_file\" style=\"cursor: pointer;\" data-id=\"5394\">\r\n\t\t\t\t\t\t\t\t\t\t\t\t\t\t\t\t\t<figure class=\"figure file_view p-3\">\r\n\t\t\t\t\t\t\t\t\t\t\t\t\t\t\t\t\t\t<a href=\"https:\/\/did-dev.net\/mineddte\/wp-content\/uploads\/2015\/08\/PPP-2PAI-NE-Final-PLAN-DE-PARTICIPATION-DES-PARTIES-PRENANTES-PPP.pdf\" target=\"_blank\" class=\"file\" ><img class=\"mb-2\" src=\"https:\/\/did-dev.net\/mineddte\/wp-content\/plugins\/wp-docs\/img\/filetype-icons\/pdf.png\" style=\"width: 25px; height: 25px\"><\/a>\r\n\t\t\t\t\t\t\t\t\t\t\t\t\t\t\t\t\t\t<small class=\"text-center\">PPP-2PAI-NE-Final PLAN DE PARTICIPATION DES PARTIES PRENANTES (PPP)<\/small>\r\n\t\t\t\t\t\t\t\t\t\t\t\t\t\t\t\t\t<\/figure>\r\n\t\t\t\t\t\t\t\t\t\t\t\t\t\t\t\t<\/div>\r\n\t\t\t\t\t\t\t\t\t\t\t\t\t\t\t\t<div title=\"PGPP-Rapport-finale-Plan-de-Gestion-des-Pestes-et-Pesticides.pdf\" class=\"col-12 file_wrapper is_file\" style=\"cursor: pointer;\" data-id=\"5393\">\r\n\t\t\t\t\t\t\t\t\t\t\t\t\t\t\t\t\t<figure class=\"figure file_view p-3\">\r\n\t\t\t\t\t\t\t\t\t\t\t\t\t\t\t\t\t\t<a href=\"https:\/\/did-dev.net\/mineddte\/wp-content\/uploads\/2015\/08\/PGPP-Rapport-finale-Plan-de-Gestion-des-Pestes-et-Pesticides.pdf\" target=\"_blank\" class=\"file\" ><img class=\"mb-2\" src=\"https:\/\/did-dev.net\/mineddte\/wp-content\/plugins\/wp-docs\/img\/filetype-icons\/pdf.png\" style=\"width: 25px; height: 25px\"><\/a>\r\n\t\t\t\t\t\t\t\t\t\t\t\t\t\t\t\t\t\t<small class=\"text-center\">PGPP - Rapport finale, Plan de Gestion des Pestes et Pesticides<\/small>\r\n\t\t\t\t\t\t\t\t\t\t\t\t\t\t\t\t\t<\/figure>\r\n\t\t\t\t\t\t\t\t\t\t\t\t\t\t\t\t<\/div>\r\n\t\t\t\t\t\t\t\t\t\t\t\t\t\t\t\t<div title=\"FPIC-2PAI-NE-PLAN-DE-MISE-EN-OEUVRE-DU-CONSENTEMENT-PREALABLE-DONNE-LIBREMENT-ET-EN-CONNAISSANCE-DE-CAUSE-CPLCC.pdf\" class=\"col-12 file_wrapper is_file\" style=\"cursor: pointer;\" data-id=\"5392\">\r\n\t\t\t\t\t\t\t\t\t\t\t\t\t\t\t\t\t<figure class=\"figure file_view p-3\">\r\n\t\t\t\t\t\t\t\t\t\t\t\t\t\t\t\t\t\t<a href=\"https:\/\/did-dev.net\/mineddte\/wp-content\/uploads\/2015\/08\/FPIC-2PAI-NE-PLAN-DE-MISE-EN-OEUVRE-DU-CONSENTEMENT-PREALABLE-DONNE-LIBREMENT-ET-EN-CONNAISSANCE-DE-CAUSE-CPLCC.pdf\" target=\"_blank\" class=\"file\" ><img class=\"mb-2\" src=\"https:\/\/did-dev.net\/mineddte\/wp-content\/plugins\/wp-docs\/img\/filetype-icons\/pdf.png\" style=\"width: 25px; height: 25px\"><\/a>\r\n\t\t\t\t\t\t\t\t\t\t\t\t\t\t\t\t\t\t<small class=\"text-center\">FPIC 2PAI-NE-PLAN DE MISE EN \u0152UVRE DU CONSENTEMENT PREALABLE, DONNE LIBREMENT ET EN CONNAISSANCE DE CAUSE (CPLCC)<\/small>\r\n\t\t\t\t\t\t\t\t\t\t\t\t\t\t\t\t\t<\/figure>\r\n\t\t\t\t\t\t\t\t\t\t\t\t\t\t\t\t<\/div>\r\n\t\t\t\t\t\t\t\t\t\t\t\t\t\t\t\t<div title=\"2PAI-NE-NOTE-PESEC-NOTE-DEXAMEN-DES-PROCEDURES-DEVALUATION-SOCIALE-ENVIRONNEMENTALE-ET-CLIMATIQUE.pdf\" class=\"col-12 file_wrapper is_file\" style=\"cursor: pointer;\" data-id=\"5391\">\r\n\t\t\t\t\t\t\t\t\t\t\t\t\t\t\t\t\t<figure class=\"figure file_view p-3\">\r\n\t\t\t\t\t\t\t\t\t\t\t\t\t\t\t\t\t\t<a href=\"https:\/\/did-dev.net\/mineddte\/wp-content\/uploads\/2015\/08\/2PAI-NE-NOTE-PESEC-NOTE-DEXAMEN-DES-PROCEDURES-DEVALUATION-SOCIALE-ENVIRONNEMENTALE-ET-CLIMATIQUE.pdf\" target=\"_blank\" class=\"file\" ><img class=\"mb-2\" src=\"https:\/\/did-dev.net\/mineddte\/wp-content\/plugins\/wp-docs\/img\/filetype-icons\/pdf.png\" style=\"width: 25px; height: 25px\"><\/a>\r\n\t\t\t\t\t\t\t\t\t\t\t\t\t\t\t\t\t\t<small class=\"text-center\">2PAI-NE - NOTE PESEC-NOTE D\u2019EXAMEN DES PROCEDURES D'EVALUATION SOCIALE, ENVIRONNEMENTALE ET CLIMATIQUE<\/small>\r\n\t\t\t\t\t\t\t\t\t\t\t\t\t\t\t\t\t<\/figure>\r\n\t\t\t\t\t\t\t\t\t\t\t\t\t\t\t\t<\/div>\r\n\t\t\t\t\t\t\t\t\t\t\t\t\t\t\t\t<div title=\"2PAI-NE_CGESC-CADRE-DE-GESTION-ENVIRONNEMENTALE-SOCIALE-ET-CLIMATIQUE.pdf\" class=\"col-12 file_wrapper is_file\" style=\"cursor: pointer;\" data-id=\"5390\">\r\n\t\t\t\t\t\t\t\t\t\t\t\t\t\t\t\t\t<figure class=\"figure file_view p-3\">\r\n\t\t\t\t\t\t\t\t\t\t\t\t\t\t\t\t\t\t<a href=\"https:\/\/did-dev.net\/mineddte\/wp-content\/uploads\/2015\/08\/2PAI-NE_CGESC-CADRE-DE-GESTION-ENVIRONNEMENTALE-SOCIALE-ET-CLIMATIQUE.pdf\" target=\"_blank\" class=\"file\" ><img class=\"mb-2\" src=\"https:\/\/did-dev.net\/mineddte\/wp-content\/plugins\/wp-docs\/img\/filetype-icons\/pdf.png\" style=\"width: 25px; height: 25px\"><\/a>\r\n\t\t\t\t\t\t\t\t\t\t\t\t\t\t\t\t\t\t<small class=\"text-center\">2PAI - NE_CGESC CADRE DE GESTION ENVIRONNEMENTALE SOCIALE ET CLIMATIQUE<\/small>\r\n\t\t\t\t\t\t\t\t\t\t\t\t\t\t\t\t\t<\/figure>\r\n\t\t\t\t\t\t\t\t\t\t\t\t\t\t\t\t<\/div>\t\r\n\t\r\n\t\t\t\t\t\t<\/div>\r\n\t                            \r\n\t\t\t\t\t\t<!-- Detail View Area -->\r\n\t\t\t\t\t\t<div class=\"row folder_view detail_view mt-0 \">\r\n\t\t\t\t\t\t\t<div class=\"table-responsive\" style=\"zoom:70%\">\r\n\t\t\t\t\t\t\t\t<table class=\"table\">\r\n\t\t\t\t\t\t\t\t\t<thead class=\"thead\">\r\n\t\t\t\t\t\t\t\t\t\t<tr>\r\n\t\t\t\t\t\t\t\t\t\t\t<th>Nom <\/th>\r\n\t\t\t<th>Date de cr\u00e9ation <\/th>\t\t\t\t\t<th>Date modifi\u00e9e <\/th>\t\t\t\t\t<th>Type <\/th>\t\t\t\t\t<th>Taille <\/th>    \r\n\t\t\t\t\t\t\t\t\t\t<\/tr>\r\n\t\t\t\t\t\t\t\t\t<\/thead>\r\n\t\t\t\t\t\t\t\t\t\r\n\t\t\t\t\t\t\t\t\t\t\t\t\t<tr title=\"RAPPORT_TCAA_SECAP_FIDA_2PAI-NE_CIV_EVALUATION-CIBLEE-DE-LADAPTATION-CLIMATIQUE-EN-COTE-DIVOIRE.pdf\" data-url=\"https:\/\/did-dev.net\/mineddte\/wp-content\/uploads\/2015\/08\/RAPPORT_TCAA_SECAP_FIDA_2PAI-NE_CIV_EVALUATION-CIBLEE-DE-LADAPTATION-CLIMATIQUE-EN-COTE-DIVOIRE.pdf\" class=\"file_view file_link is_file\" style=\"cursor: pointer;\" data-id=\"5395\">\r\n\r\n\t\t\t\t\t\t\t\t\t\t\t\t\t\t<td>\r\n\r\n\t\t\t\t\t\t\t\t\t\t\t\t\t\t\t<figure class=\"figure file_view p-4\">\r\n\t\t\t\t\t\t\t\t\t\t\t\t\t\t\t\t<span class=\"file\"><img class=\"mb-2\" src=\"https:\/\/did-dev.net\/mineddte\/wp-content\/plugins\/wp-docs\/img\/filetype-icons\/pdf.png\" style=\"width: 25px; height: 25px\"><\/span>\r\n\t\t\t\t\t\t\t\t\t\t\t\t\t\t\t\t<small class=\"text-center\">RAPPORT_TCAA_SECAP_FIDA_2PAI-NE_CIV_EVALUATION CIBL\u00c9E DE L\u2019ADAPTATION CLIMATIQUE EN C\u00d4TE D'IVOIRE<\/small>\r\n\t\t\t\t\t\t\t\t\t\t\t\t\t\t\t<\/figure>\r\n\t\t\t\t\t\t\t\t\t\t\t\t\t\t<\/td>\r\n\t\t\t\t\t\t\t\t\t\t\t\t\t<td data-time=\"1715850433\"><small>16 mai 2024 9h07<\/small><\/td><td data-time=\"1715850433\"><small>16 mai 2024 9h07<\/small><\/td><td><small>application\/pdf<\/small><\/td><td data-time=\"8143\"><small>8143 KB<\/small><\/td><\/tr>\r\n\t\t\t\t\t\t\t\t\t\t\t\t\t<tr title=\"RAPPORT-DE-LA-PARTICIPATION-DE-LA-COTE-DIVOIRE-A-LA-COP-29-SUR-LE-CLIMAT.pdf\" data-url=\"https:\/\/did-dev.net\/mineddte\/wp-content\/uploads\/2015\/08\/RAPPORT-DE-LA-PARTICIPATION-DE-LA-COTE-DIVOIRE-A-LA-COP-29-SUR-LE-CLIMAT.pdf\" class=\"file_view file_link is_file\" style=\"cursor: pointer;\" data-id=\"5972\">\r\n\r\n\t\t\t\t\t\t\t\t\t\t\t\t\t\t<td>\r\n\r\n\t\t\t\t\t\t\t\t\t\t\t\t\t\t\t<figure class=\"figure file_view p-4\">\r\n\t\t\t\t\t\t\t\t\t\t\t\t\t\t\t\t<span class=\"file\"><img class=\"mb-2\" src=\"https:\/\/did-dev.net\/mineddte\/wp-content\/plugins\/wp-docs\/img\/filetype-icons\/pdf.png\" style=\"width: 25px; height: 25px\"><\/span>\r\n\t\t\t\t\t\t\t\t\t\t\t\t\t\t\t\t<small class=\"text-center\">RAPPORT DE LA PARTICIPATION DE LA COTE D'IVOIRE A LA COP 29 SUR LE CLIMAT<\/small>\r\n\t\t\t\t\t\t\t\t\t\t\t\t\t\t\t<\/figure>\r\n\t\t\t\t\t\t\t\t\t\t\t\t\t\t<\/td>\r\n\t\t\t\t\t\t\t\t\t\t\t\t\t<td data-time=\"1741265739\"><small>6 mars 2025 12h55<\/small><\/td><td data-time=\"1741265739\"><small>6 mars 2025 12h55<\/small><\/td><td><small>application\/pdf<\/small><\/td><td data-time=\"1520\"><small>1520 KB<\/small><\/td><\/tr>\r\n\t\t\t\t\t\t\t\t\t\t\t\t\t<tr title=\"RAPPORT-DACTIVITE-2020-SUR-LENLEVEMENT-DES-ORDURES-MENAGERES-ET-ASSIMILEES-A-BORDS-DES-NAVIRES-GARBAGE-.pdf\" data-url=\"https:\/\/did-dev.net\/mineddte\/wp-content\/uploads\/2022\/08\/RAPPORT-DACTIVITE-2020-SUR-LENLEVEMENT-DES-ORDURES-MENAGERES-ET-ASSIMILEES-A-BORDS-DES-NAVIRES-GARBAGE-.pdf\" class=\"file_view file_link is_file\" style=\"cursor: pointer;\" data-id=\"3847\">\r\n\r\n\t\t\t\t\t\t\t\t\t\t\t\t\t\t<td>\r\n\r\n\t\t\t\t\t\t\t\t\t\t\t\t\t\t\t<figure class=\"figure file_view p-4\">\r\n\t\t\t\t\t\t\t\t\t\t\t\t\t\t\t\t<span class=\"file\"><img class=\"mb-2\" src=\"https:\/\/did-dev.net\/mineddte\/wp-content\/plugins\/wp-docs\/img\/filetype-icons\/pdf.png\" style=\"width: 25px; height: 25px\"><\/span>\r\n\t\t\t\t\t\t\t\t\t\t\t\t\t\t\t\t<small class=\"text-center\">RAPPORT D'ACTIVITE 2020 SUR L'ENLEVEMENT DES ORDURES MENAGERES ET ASSIMILEES A BORDS DES NAVIRES \u00ab GARBAGE \u00bb<\/small>\r\n\t\t\t\t\t\t\t\t\t\t\t\t\t\t\t<\/figure>\r\n\t\t\t\t\t\t\t\t\t\t\t\t\t\t<\/td>\r\n\t\t\t\t\t\t\t\t\t\t\t\t\t<td data-time=\"1660125320\"><small>10 ao\u00fbt 2022 9h55<\/small><\/td><td data-time=\"1660125320\"><small>10 ao\u00fbt 2022 9h55<\/small><\/td><td><small>application\/pdf<\/small><\/td><td data-time=\"417\"><small>417 KB<\/small><\/td><\/tr>\r\n\t\t\t\t\t\t\t\t\t\t\t\t\t<tr title=\"RAPPORT-COP-16-RIYADH-DECEMBRE-2024.pdf\" data-url=\"https:\/\/did-dev.net\/mineddte\/wp-content\/uploads\/2015\/08\/RAPPORT-COP-16-RIYADH-DECEMBRE-2024.pdf\" class=\"file_view file_link is_file\" style=\"cursor: pointer;\" data-id=\"6004\">\r\n\r\n\t\t\t\t\t\t\t\t\t\t\t\t\t\t<td>\r\n\r\n\t\t\t\t\t\t\t\t\t\t\t\t\t\t\t<figure class=\"figure file_view p-4\">\r\n\t\t\t\t\t\t\t\t\t\t\t\t\t\t\t\t<span class=\"file\"><img class=\"mb-2\" src=\"https:\/\/did-dev.net\/mineddte\/wp-content\/plugins\/wp-docs\/img\/filetype-icons\/pdf.png\" style=\"width: 25px; height: 25px\"><\/span>\r\n\t\t\t\t\t\t\t\t\t\t\t\t\t\t\t\t<small class=\"text-center\">RAPPORT COP 16 RIYADH DECEMBRE 2024<\/small>\r\n\t\t\t\t\t\t\t\t\t\t\t\t\t\t\t<\/figure>\r\n\t\t\t\t\t\t\t\t\t\t\t\t\t\t<\/td>\r\n\t\t\t\t\t\t\t\t\t\t\t\t\t<td data-time=\"1741364379\"><small>7 mars 2025 16h19<\/small><\/td><td data-time=\"1741364379\"><small>7 mars 2025 16h19<\/small><\/td><td><small>application\/pdf<\/small><\/td><td data-time=\"163\"><small>163 KB<\/small><\/td><\/tr>\r\n\t\t\t\t\t\t\t\t\t\t\t\t\t<tr title=\"PPP-2PAI-NE-Final-PLAN-DE-PARTICIPATION-DES-PARTIES-PRENANTES-PPP.pdf\" data-url=\"https:\/\/did-dev.net\/mineddte\/wp-content\/uploads\/2015\/08\/PPP-2PAI-NE-Final-PLAN-DE-PARTICIPATION-DES-PARTIES-PRENANTES-PPP.pdf\" class=\"file_view file_link is_file\" style=\"cursor: pointer;\" data-id=\"5394\">\r\n\r\n\t\t\t\t\t\t\t\t\t\t\t\t\t\t<td>\r\n\r\n\t\t\t\t\t\t\t\t\t\t\t\t\t\t\t<figure class=\"figure file_view p-4\">\r\n\t\t\t\t\t\t\t\t\t\t\t\t\t\t\t\t<span class=\"file\"><img class=\"mb-2\" src=\"https:\/\/did-dev.net\/mineddte\/wp-content\/plugins\/wp-docs\/img\/filetype-icons\/pdf.png\" style=\"width: 25px; height: 25px\"><\/span>\r\n\t\t\t\t\t\t\t\t\t\t\t\t\t\t\t\t<small class=\"text-center\">PPP-2PAI-NE-Final PLAN DE PARTICIPATION DES PARTIES PRENANTES (PPP)<\/small>\r\n\t\t\t\t\t\t\t\t\t\t\t\t\t\t\t<\/figure>\r\n\t\t\t\t\t\t\t\t\t\t\t\t\t\t<\/td>\r\n\t\t\t\t\t\t\t\t\t\t\t\t\t<td data-time=\"1715850423\"><small>16 mai 2024 9h07<\/small><\/td><td data-time=\"1715850423\"><small>16 mai 2024 9h07<\/small><\/td><td><small>application\/pdf<\/small><\/td><td data-time=\"2888\"><small>2888 KB<\/small><\/td><\/tr>\r\n\t\t\t\t\t\t\t\t\t\t\t\t\t<tr title=\"PGPP-Rapport-finale-Plan-de-Gestion-des-Pestes-et-Pesticides.pdf\" data-url=\"https:\/\/did-dev.net\/mineddte\/wp-content\/uploads\/2015\/08\/PGPP-Rapport-finale-Plan-de-Gestion-des-Pestes-et-Pesticides.pdf\" class=\"file_view file_link is_file\" style=\"cursor: pointer;\" data-id=\"5393\">\r\n\r\n\t\t\t\t\t\t\t\t\t\t\t\t\t\t<td>\r\n\r\n\t\t\t\t\t\t\t\t\t\t\t\t\t\t\t<figure class=\"figure file_view p-4\">\r\n\t\t\t\t\t\t\t\t\t\t\t\t\t\t\t\t<span class=\"file\"><img class=\"mb-2\" src=\"https:\/\/did-dev.net\/mineddte\/wp-content\/plugins\/wp-docs\/img\/filetype-icons\/pdf.png\" style=\"width: 25px; height: 25px\"><\/span>\r\n\t\t\t\t\t\t\t\t\t\t\t\t\t\t\t\t<small class=\"text-center\">PGPP - Rapport finale, Plan de Gestion des Pestes et Pesticides<\/small>\r\n\t\t\t\t\t\t\t\t\t\t\t\t\t\t\t<\/figure>\r\n\t\t\t\t\t\t\t\t\t\t\t\t\t\t<\/td>\r\n\t\t\t\t\t\t\t\t\t\t\t\t\t<td data-time=\"1715850415\"><small>16 mai 2024 9h06<\/small><\/td><td data-time=\"1715850415\"><small>16 mai 2024 9h06<\/small><\/td><td><small>application\/pdf<\/small><\/td><td data-time=\"2269\"><small>2269 KB<\/small><\/td><\/tr>\r\n\t\t\t\t\t\t\t\t\t\t\t\t\t<tr title=\"FPIC-2PAI-NE-PLAN-DE-MISE-EN-OEUVRE-DU-CONSENTEMENT-PREALABLE-DONNE-LIBREMENT-ET-EN-CONNAISSANCE-DE-CAUSE-CPLCC.pdf\" data-url=\"https:\/\/did-dev.net\/mineddte\/wp-content\/uploads\/2015\/08\/FPIC-2PAI-NE-PLAN-DE-MISE-EN-OEUVRE-DU-CONSENTEMENT-PREALABLE-DONNE-LIBREMENT-ET-EN-CONNAISSANCE-DE-CAUSE-CPLCC.pdf\" class=\"file_view file_link is_file\" style=\"cursor: pointer;\" data-id=\"5392\">\r\n\r\n\t\t\t\t\t\t\t\t\t\t\t\t\t\t<td>\r\n\r\n\t\t\t\t\t\t\t\t\t\t\t\t\t\t\t<figure class=\"figure file_view p-4\">\r\n\t\t\t\t\t\t\t\t\t\t\t\t\t\t\t\t<span class=\"file\"><img class=\"mb-2\" src=\"https:\/\/did-dev.net\/mineddte\/wp-content\/plugins\/wp-docs\/img\/filetype-icons\/pdf.png\" style=\"width: 25px; height: 25px\"><\/span>\r\n\t\t\t\t\t\t\t\t\t\t\t\t\t\t\t\t<small class=\"text-center\">FPIC 2PAI-NE-PLAN DE MISE EN \u0152UVRE DU CONSENTEMENT PREALABLE, DONNE LIBREMENT ET EN CONNAISSANCE DE CAUSE (CPLCC)<\/small>\r\n\t\t\t\t\t\t\t\t\t\t\t\t\t\t\t<\/figure>\r\n\t\t\t\t\t\t\t\t\t\t\t\t\t\t<\/td>\r\n\t\t\t\t\t\t\t\t\t\t\t\t\t<td data-time=\"1715850406\"><small>16 mai 2024 9h06<\/small><\/td><td data-time=\"1715850406\"><small>16 mai 2024 9h06<\/small><\/td><td><small>application\/pdf<\/small><\/td><td data-time=\"1241\"><small>1241 KB<\/small><\/td><\/tr>\r\n\t\t\t\t\t\t\t\t\t\t\t\t\t<tr title=\"2PAI-NE-NOTE-PESEC-NOTE-DEXAMEN-DES-PROCEDURES-DEVALUATION-SOCIALE-ENVIRONNEMENTALE-ET-CLIMATIQUE.pdf\" data-url=\"https:\/\/did-dev.net\/mineddte\/wp-content\/uploads\/2015\/08\/2PAI-NE-NOTE-PESEC-NOTE-DEXAMEN-DES-PROCEDURES-DEVALUATION-SOCIALE-ENVIRONNEMENTALE-ET-CLIMATIQUE.pdf\" class=\"file_view file_link is_file\" style=\"cursor: pointer;\" data-id=\"5391\">\r\n\r\n\t\t\t\t\t\t\t\t\t\t\t\t\t\t<td>\r\n\r\n\t\t\t\t\t\t\t\t\t\t\t\t\t\t\t<figure class=\"figure file_view p-4\">\r\n\t\t\t\t\t\t\t\t\t\t\t\t\t\t\t\t<span class=\"file\"><img class=\"mb-2\" src=\"https:\/\/did-dev.net\/mineddte\/wp-content\/plugins\/wp-docs\/img\/filetype-icons\/pdf.png\" style=\"width: 25px; height: 25px\"><\/span>\r\n\t\t\t\t\t\t\t\t\t\t\t\t\t\t\t\t<small class=\"text-center\">2PAI-NE - NOTE PESEC-NOTE D\u2019EXAMEN DES PROCEDURES D'EVALUATION SOCIALE, ENVIRONNEMENTALE ET CLIMATIQUE<\/small>\r\n\t\t\t\t\t\t\t\t\t\t\t\t\t\t\t<\/figure>\r\n\t\t\t\t\t\t\t\t\t\t\t\t\t\t<\/td>\r\n\t\t\t\t\t\t\t\t\t\t\t\t\t<td data-time=\"1715850397\"><small>16 mai 2024 9h06<\/small><\/td><td data-time=\"1715850397\"><small>16 mai 2024 9h06<\/small><\/td><td><small>application\/pdf<\/small><\/td><td data-time=\"1463\"><small>1463 KB<\/small><\/td><\/tr>\r\n\t\t\t\t\t\t\t\t\t\t\t\t\t<tr title=\"2PAI-NE_CGESC-CADRE-DE-GESTION-ENVIRONNEMENTALE-SOCIALE-ET-CLIMATIQUE.pdf\" data-url=\"https:\/\/did-dev.net\/mineddte\/wp-content\/uploads\/2015\/08\/2PAI-NE_CGESC-CADRE-DE-GESTION-ENVIRONNEMENTALE-SOCIALE-ET-CLIMATIQUE.pdf\" class=\"file_view file_link is_file\" style=\"cursor: pointer;\" data-id=\"5390\">\r\n\r\n\t\t\t\t\t\t\t\t\t\t\t\t\t\t<td>\r\n\r\n\t\t\t\t\t\t\t\t\t\t\t\t\t\t\t<figure class=\"figure file_view p-4\">\r\n\t\t\t\t\t\t\t\t\t\t\t\t\t\t\t\t<span class=\"file\"><img class=\"mb-2\" src=\"https:\/\/did-dev.net\/mineddte\/wp-content\/plugins\/wp-docs\/img\/filetype-icons\/pdf.png\" style=\"width: 25px; height: 25px\"><\/span>\r\n\t\t\t\t\t\t\t\t\t\t\t\t\t\t\t\t<small class=\"text-center\">2PAI - NE_CGESC CADRE DE GESTION ENVIRONNEMENTALE SOCIALE ET CLIMATIQUE<\/small>\r\n\t\t\t\t\t\t\t\t\t\t\t\t\t\t\t<\/figure>\r\n\t\t\t\t\t\t\t\t\t\t\t\t\t\t<\/td>\r\n\t\t\t\t\t\t\t\t\t\t\t\t\t<td data-time=\"1715850388\"><small>16 mai 2024 9h06<\/small><\/td><td data-time=\"1715850388\"><small>16 mai 2024 9h06<\/small><\/td><td><small>application\/pdf<\/small><\/td><td data-time=\"8892\"><small>8892 KB<\/small><\/td><\/tr>\t\t\t\t\t\t\t\t<\/table>\r\n\t\t\t\t\t\t\t<\/div>\r\n\t\t\t\t\t\t<\/div>\r\n\t\r\n\t\t\t\t\t<\/div>\r\n\t\t\t\t\t<div class=\"card-footer text-right wpdocs-views position-relative\">\r\n\t\r\n\t\r\n\t\r\n\t\t\t\t\t\t<a data-source=\"large_icon_view\" data-toggle=\"tooltip\" data-placement=\"bottom\" title=\"Affichage des miniatures\" class=\"folder_view_btn fa fa-image fa-lg text-danger mr-2\"><\/a>\r\n\t\t\t\t\t\t<a data-source=\"list_view\" data-toggle=\"tooltip\" data-placement=\"bottom\" title=\"Vue en liste\" class=\"folder_view_btn fa fa-bars fa-lg text-danger mr-2\"><\/a>\r\n\t\t\t\t\t\t<a data-source=\"detail_view\" data-toggle=\"tooltip\" data-placement=\"bottom\" title=\"Vues d\u00e9taill\u00e9es\" class=\"folder_view_btn fa fa-list fa-lg text-danger mr-2\"><\/a>\r\n\t\t\t\t\t<\/div>\r\n\t\t\t\t<\/div>\r\n\t\t\t\t\t<div class=\"wpdocs_loader wpd_modal d-none\">\r\n\t\t\t\t\t<div class=\"modal_content\">\r\n\t\t\t\t\t\t<img src=\"https:\/\/did-dev.net\/mineddte\/wp-content\/plugins\/wp-docs\/img\/loader.gif\" width=\"50px\" height=\"50px\">\r\n\t\t\t\t\t<\/div>\r\n\t\t\t\t<\/div>\r\n\t            \r\n\t\r\n\t\t\t<\/div>\r\n\t\r\n\t\r\n\t\r\n\t\t\n","protected":false},"excerpt":{"rendered":"<p>Vous trouverez ci-dessous la liste de tous les documents relatifs aux Rapports Annuels du Minist\u00e8re de l&#8217;Environnement et du D\u00e9veloppement Durable. Il est possible d&#8217;effectuer une recherche par th\u00e8me.<\/p>\n","protected":false},"author":1,"featured_media":0,"parent":0,"menu_order":0,"comment_status":"closed","ping_status":"closed","template":"","meta":{"_lmt_disableupdate":"no","_lmt_disable":"","pgc_sgb_lightbox_settings":""},"folder":[72],"_links":{"self":[{"href":"https:\/\/did-dev.net\/mineddte\/wp-json\/wp\/v2\/pages\/2796"}],"collection":[{"href":"https:\/\/did-dev.net\/mineddte\/wp-json\/wp\/v2\/pages"}],"about":[{"href":"https:\/\/did-dev.net\/mineddte\/wp-json\/wp\/v2\/types\/page"}],"author":[{"embeddable":true,"href":"https:\/\/did-dev.net\/mineddte\/wp-json\/wp\/v2\/users\/1"}],"replies":[{"embeddable":true,"href":"https:\/\/did-dev.net\/mineddte\/wp-json\/wp\/v2\/comments?post=2796"}],"version-history":[{"count":3,"href":"https:\/\/did-dev.net\/mineddte\/wp-json\/wp\/v2\/pages\/2796\/revisions"}],"predecessor-version":[{"id":3137,"href":"https:\/\/did-dev.net\/mineddte\/wp-json\/wp\/v2\/pages\/2796\/revisions\/3137"}],"wp:attachment":[{"href":"https:\/\/did-dev.net\/mineddte\/wp-json\/wp\/v2\/media?parent=2796"}],"wp:term":[{"taxonomy":"folder","embeddable":true,"href":"https:\/\/did-dev.net\/mineddte\/wp-json\/wp\/v2\/folder?post=2796"}],"curies":[{"name":"wp","href":"https:\/\/api.w.org\/{rel}","templated":true}]}}