{"id":2384,"date":"2021-11-26T20:11:03","date_gmt":"2021-11-26T20:11:03","guid":{"rendered":"https:\/\/did-dev.net\/mineddte\/?page_id=2384"},"modified":"2024-02-08T13:03:32","modified_gmt":"2024-02-08T13:03:32","slug":"decrets","status":"publish","type":"page","link":"https:\/\/did-dev.net\/mineddte\/decrets\/","title":{"rendered":"D\u00e9crets"},"content":{"rendered":"<p style=\"text-align: justify;\"><span style=\"font-family: verdana, geneva, sans-serif;\">Vous trouverez ci-dessous la liste de <strong>tous les <span style=\"text-decoration: underline;\">D\u00e9crets<\/span> impliquant le Minist\u00e8re de l&#8217;Environnement, du D\u00e9veloppement Durable et de la Transition Ecologique<\/strong>. Il est possible d&#8217;effectuer une recherche par th\u00e8me.<\/span><\/p>\n<p style=\"text-align: center;\">\r\n\t\r\n\t\t\t<div class=\"container-fluid wpdoc_container\" data-dir_restrictions = \"\" data-del_from_front=\"\" data-dir=\"3062\" data-home=\"3062\">\r\n\t\r\n\t\t\t\t<input type=\"hidden\" class=\"wpd_home_id\" value=\"3062\" \/>\r\n\t\t\t\t<input type=\"hidden\" class=\"wpd_del_file_id\" value=\"\" \/>\r\n\t\r\n\t\t\t\t<div class=\"card mt-3\">\r\n\t\t\t\t\t<!-- breadcrumb Area -->\r\n\t\t\t\t\t<nav aria-label=\"breadcrumb\" class=\"wpdocs-nav position-relative\">\r\n\t\t\t\t\t\t<ol class=\"breadcrumb bg-light\" style=\"border-bottom:1px solid #dee2e6;border-radius: 0; min-height: 40px;\">\r\n\r\n                            \t\r\n\t\t\t\t\t\t<\/ol>\r\n\r\n                        \r\n\t\t\t\t\t\t\t\t\t\t\t<\/nav>\r\n\t\t\t\r\n\t\t\t\t\t\r\n\t\t\t\t\t                    \r\n                                        <div class=\"wpdocs-searchbox\">\r\n                    \t<input type=\"text\" placeholder=\"Tapez ici pour filtrer ...\" \/>\r\n                    <\/div>\r\n                    \t\r\n\t\t\t\t\t<div class=\"card-body \">\r\n\t\r\n\t\t\t\t\t\t<!-- Large Icon View Area -->\r\n\t\t\t\t\t\t<div class=\"row folder_view large_icon_view d-none\">\r\n\t\t\t\t\t\t\t\r\n\t\r\n\t\t\t\t\t\t\t\t\t\t\t\t\t\t\t\t\t\r\n\t\t\t\t\t\t\t\t\t\t\t\t\t\t\t<div title=\"Decret-de-Creation-du-Ministere-de-lEnvironnement-de-la-Salubrite-Urbaine-et-du-DD-MINESUDD-15-09-2014.pdf\" class=\"col-4 col-md-3 is_file text-center\" style=\"cursor: pointer;\" data-id=\"3807\">\r\n\t\t\t\t\t\t\t\t\t\t\t\t\t\t\t\t<figure class=\"figure file_view p-1\">\r\n\t\t\t\t\t\t\t\t\t\t\t\t\t\t\t\t\t<a href=\"https:\/\/did-dev.net\/mineddte\/wp-content\/uploads\/2022\/05\/Decret-de-Creation-du-Ministere-de-lEnvironnement-de-la-Salubrite-Urbaine-et-du-DD-MINESUDD-15-09-2014.pdf\" target=\"_blank\" class=\"file\" ><img class=\"my-3\" src=\"https:\/\/did-dev.net\/mineddte\/wp-content\/plugins\/wp-docs\/img\/filetype-icons\/pdf.png\" \/><\/a>\r\n\t\t\t\t\t\t\t\t\t\t\t\t\t\t\t\t\t<figcaption class=\"figure-caption text-center\">D\u00e9cret de Cr\u00e9ation du Minist\u00e8re de l'Environnement, de la Salubrit\u00e9 Urbaine et du DD - MINESUDD- 15 Septembre 2014<\/figcaption>\r\n\t\t\t\t\t\t\t\t\t\t\t\t\t\t\t\t<\/figure>\r\n\t\t\t\t\t\t\t\t\t\t\t\t\t\t\t<\/div>\r\n\t\t\t\t\t\t\t\t\t\t\t\t\t\t\t\r\n\t\t\t\t\t\t\t\t\t\t\t\t\t\t\t\r\n\t\t\t\t\t\t\t\t\t\t\t\t\t\t\t\r\n\t\r\n\t\t\t\t\t\t\t\t\t\t\t\t\t\t\t\t\t\r\n\t\t\t\t\t\t\t\t\t\t\t\t\t\t\t<div title=\"Decret-de-Creation-du-Ministere-de-lEnvironnement-et-du-Developpement-Durable-MINEDD-Septembre-2021.pdf\" class=\"col-4 col-md-3 is_file text-center\" style=\"cursor: pointer;\" data-id=\"3817\">\r\n\t\t\t\t\t\t\t\t\t\t\t\t\t\t\t\t<figure class=\"figure file_view p-1\">\r\n\t\t\t\t\t\t\t\t\t\t\t\t\t\t\t\t\t<a href=\"https:\/\/did-dev.net\/mineddte\/wp-content\/uploads\/2022\/06\/Decret-de-Creation-du-Ministere-de-lEnvironnement-et-du-Developpement-Durable-MINEDD-Septembre-2021.pdf\" target=\"_blank\" class=\"file\" ><img class=\"my-3\" src=\"https:\/\/did-dev.net\/mineddte\/wp-content\/plugins\/wp-docs\/img\/filetype-icons\/pdf.png\" \/><\/a>\r\n\t\t\t\t\t\t\t\t\t\t\t\t\t\t\t\t\t<figcaption class=\"figure-caption text-center\">D\u00e9cret de Cr\u00e9ation du Minist\u00e8re de l'Environnement et du D\u00e9veloppement Durable - MINEDD Septembre 2021<\/figcaption>\r\n\t\t\t\t\t\t\t\t\t\t\t\t\t\t\t\t<\/figure>\r\n\t\t\t\t\t\t\t\t\t\t\t\t\t\t\t<\/div>\r\n\t\t\t\t\t\t\t\t\t\t\t\t\t\t\t\r\n\t\t\t\t\t\t\t\t\t\t\t\t\t\t\t\r\n\t\t\t\t\t\t\t\t\t\t\t\t\t\t\t\r\n\t\r\n\t\t\t\t\t\t\t\t\t\t\t\t\t\t\t\t\t\r\n\t\t\t\t\t\t\t\t\t\t\t\t\t\t\t<div title=\"Decret-de-Creation-du-Ministere-de-lEnvironnement-et-du-Developpement-Durable-MINEDD-Novembre-2011.pdf\" class=\"col-4 col-md-3 is_file text-center\" style=\"cursor: pointer;\" data-id=\"3831\">\r\n\t\t\t\t\t\t\t\t\t\t\t\t\t\t\t\t<figure class=\"figure file_view p-1\">\r\n\t\t\t\t\t\t\t\t\t\t\t\t\t\t\t\t\t<a href=\"https:\/\/did-dev.net\/mineddte\/wp-content\/uploads\/2022\/06\/Decret-de-Creation-du-Ministere-de-lEnvironnement-et-du-Developpement-Durable-MINEDD-Novembre-2011.pdf\" target=\"_blank\" class=\"file\" ><img class=\"my-3\" src=\"https:\/\/did-dev.net\/mineddte\/wp-content\/plugins\/wp-docs\/img\/filetype-icons\/pdf.png\" \/><\/a>\r\n\t\t\t\t\t\t\t\t\t\t\t\t\t\t\t\t\t<figcaption class=\"figure-caption text-center\">D\u00e9cret de Cr\u00e9ation du Minist\u00e8re de l'Environnement et du D\u00e9veloppement Durable - MINEDD Novembre 2011<\/figcaption>\r\n\t\t\t\t\t\t\t\t\t\t\t\t\t\t\t\t<\/figure>\r\n\t\t\t\t\t\t\t\t\t\t\t\t\t\t\t<\/div>\r\n\t\t\t\t\t\t\t\t\t\t\t\t\t\t\t\r\n\t\t\t\t\t\t\t\t\t\t\t\t\t\t\t\r\n\t\t\t\t\t\t\t\t\t\t\t\t\t\t\t\r\n\t\r\n\t\t\t\t\t\t\t\t\t\t\t\t\t\t\t\t\t\r\n\t\t\t\t\t\t\t\t\t\t\t\t\t\t\t<div title=\"Decret-de-Creation-du-Ministere-de-lEnvironnement-et-du-Developpement-Durable-MINEDD-Decembre-2018.pdf\" class=\"col-4 col-md-3 is_file text-center\" style=\"cursor: pointer;\" data-id=\"3070\">\r\n\t\t\t\t\t\t\t\t\t\t\t\t\t\t\t\t<figure class=\"figure file_view p-1\">\r\n\t\t\t\t\t\t\t\t\t\t\t\t\t\t\t\t\t<a href=\"https:\/\/did-dev.net\/mineddte\/wp-content\/uploads\/2022\/01\/Decret-de-Creation-du-Ministere-de-lEnvironnement-et-du-Developpement-Durable-MINEDD-Decembre-2018.pdf\" target=\"_blank\" class=\"file\" ><img class=\"my-3\" src=\"https:\/\/did-dev.net\/mineddte\/wp-content\/plugins\/wp-docs\/img\/filetype-icons\/pdf.png\" \/><\/a>\r\n\t\t\t\t\t\t\t\t\t\t\t\t\t\t\t\t\t<figcaption class=\"figure-caption text-center\">D\u00e9cret de Cr\u00e9ation du Minist\u00e8re de l'Environnement et du D\u00e9veloppement Durable - MINEDD D\u00e9cembre 2018<\/figcaption>\r\n\t\t\t\t\t\t\t\t\t\t\t\t\t\t\t\t<\/figure>\r\n\t\t\t\t\t\t\t\t\t\t\t\t\t\t\t<\/div>\r\n\t\t\t\t\t\t\t\t\t\t\t\t\t\t\t\r\n\t\t\t\t\t\t\t\t\t\t\t\t\t\t\t\r\n\t\t\t\t\t\t\t\t\t\t\t\t\t\t\t\r\n\t\r\n\t\t\t\t\t\t\t\t\t\t\t\t\t\t\t\t\t\r\n\t\t\t\t\t\t\t\t\t\t\t\t\t\t\t<div title=\"Decret-de-Creation-de-lANDE-Juillet-1997.pdf\" class=\"col-4 col-md-3 is_file text-center\" style=\"cursor: pointer;\" data-id=\"3113\">\r\n\t\t\t\t\t\t\t\t\t\t\t\t\t\t\t\t<figure class=\"figure file_view p-1\">\r\n\t\t\t\t\t\t\t\t\t\t\t\t\t\t\t\t\t<a href=\"https:\/\/did-dev.net\/mineddte\/wp-content\/uploads\/2022\/01\/Decret-de-Creation-de-lANDE-Juillet-1997.pdf\" target=\"_blank\" class=\"file\" ><img class=\"my-3\" src=\"https:\/\/did-dev.net\/mineddte\/wp-content\/plugins\/wp-docs\/img\/filetype-icons\/pdf.png\" \/><\/a>\r\n\t\t\t\t\t\t\t\t\t\t\t\t\t\t\t\t\t<figcaption class=\"figure-caption text-center\">D\u00e9cret de Cr\u00e9ation de l'ANDE Juillet 1997<\/figcaption>\r\n\t\t\t\t\t\t\t\t\t\t\t\t\t\t\t\t<\/figure>\r\n\t\t\t\t\t\t\t\t\t\t\t\t\t\t\t<\/div>\r\n\t\t\t\t\t\t\t\t\t\t\t\t\t\t\t\r\n\t\t\t\t\t\t\t\t\t\t\t\t\t\t\t\r\n\t\t\t\t\t\t\t\t\t\t\t\t\t\t\t\r\n\t\r\n\t\t\t\t\t\t\t\t\t\t\t\t\t\t\t\t\t\r\n\t\t\t\t\t\t\t\t\t\t\t\t\t\t\t<div title=\"Decret-Modalites-dapplication-du-principe-pollueur-payeur-24-Octobre-2012.pdf\" class=\"col-4 col-md-3 is_file text-center\" style=\"cursor: pointer;\" data-id=\"3830\">\r\n\t\t\t\t\t\t\t\t\t\t\t\t\t\t\t\t<figure class=\"figure file_view p-1\">\r\n\t\t\t\t\t\t\t\t\t\t\t\t\t\t\t\t\t<a href=\"https:\/\/did-dev.net\/mineddte\/wp-content\/uploads\/2022\/06\/Decret-Modalites-dapplication-du-principe-pollueur-payeur-24-Octobre-2012.pdf\" target=\"_blank\" class=\"file\" ><img class=\"my-3\" src=\"https:\/\/did-dev.net\/mineddte\/wp-content\/plugins\/wp-docs\/img\/filetype-icons\/pdf.png\" \/><\/a>\r\n\t\t\t\t\t\t\t\t\t\t\t\t\t\t\t\t\t<figcaption class=\"figure-caption text-center\">D\u00e9cret - Modalit\u00e9s d'application du principe pollueur-payeur 24 Octobre 2012<\/figcaption>\r\n\t\t\t\t\t\t\t\t\t\t\t\t\t\t\t\t<\/figure>\r\n\t\t\t\t\t\t\t\t\t\t\t\t\t\t\t<\/div>\r\n\t\t\t\t\t\t\t\t\t\t\t\t\t\t\t\r\n\t\t\t\t\t\t\t\t\t\t\t\t\t\t\t\r\n\t\t\t\t\t\t\t\t\t\t\t\t\t\t\t\r\n\t\r\n\t\t\t\t\t\t\t\t\t\t\t\t\t\t\t\t\t\r\n\t\t\t\t\t\t\t\t\t\t\t\t\t\t\t<div title=\"DECRET-N\u00b0-2024-658-DU-01-AOUT-2024-PORTANT-CREATION-ATTRIBUTIONS-ORGANISATION-ET-FONCTIONNEMENT-DU-BUREAU-DU-MARCHE-CARBONE-EN-CI.pdf\" class=\"col-4 col-md-3 is_file text-center\" style=\"cursor: pointer;\" data-id=\"5841\">\r\n\t\t\t\t\t\t\t\t\t\t\t\t\t\t\t\t<figure class=\"figure file_view p-1\">\r\n\t\t\t\t\t\t\t\t\t\t\t\t\t\t\t\t\t<a href=\"https:\/\/did-dev.net\/mineddte\/wp-content\/uploads\/2015\/08\/DECRET-N\u00b0-2024-658-DU-01-AOUT-2024-PORTANT-CREATION-ATTRIBUTIONS-ORGANISATION-ET-FONCTIONNEMENT-DU-BUREAU-DU-MARCHE-CARBONE-EN-CI.pdf\" target=\"_blank\" class=\"file\" ><img class=\"my-3\" src=\"https:\/\/did-dev.net\/mineddte\/wp-content\/plugins\/wp-docs\/img\/filetype-icons\/pdf.png\" \/><\/a>\r\n\t\t\t\t\t\t\t\t\t\t\t\t\t\t\t\t\t<figcaption class=\"figure-caption text-center\">DECRET N\u00b0 2024-658 DU 01 AOUT 2024 PORTANT CREATION, ATTRIBUTIONS, ORGANISATION ET FONCTIONNEMENT DU BUREAU DU MARCHE CARBONE EN CI<\/figcaption>\r\n\t\t\t\t\t\t\t\t\t\t\t\t\t\t\t\t<\/figure>\r\n\t\t\t\t\t\t\t\t\t\t\t\t\t\t\t<\/div>\r\n\t\t\t\t\t\t\t\t\t\t\t\t\t\t\t\r\n\t\t\t\t\t\t\t\t\t\t\t\t\t\t\t\r\n\t\t\t\t\t\t\t\t\t\t\t\t\t\t\t\r\n\t\r\n\t\t\t\t\t\t\t\t\t\t\t\t\t\t\t\t\t\r\n\t\t\t\t\t\t\t\t\t\t\t\t\t\t\t<div title=\"DECRET-N\u00b0-2024-594-DU-26-JUIN-2024-PORTANT-CREATION-DE-LA-COMMISSION-NATIONALE-DE-LUTTE-CONTRE-LES-CHANGEMENTS-CLIMATIOQUES.pdf\" class=\"col-4 col-md-3 is_file text-center\" style=\"cursor: pointer;\" data-id=\"5783\">\r\n\t\t\t\t\t\t\t\t\t\t\t\t\t\t\t\t<figure class=\"figure file_view p-1\">\r\n\t\t\t\t\t\t\t\t\t\t\t\t\t\t\t\t\t<a href=\"https:\/\/did-dev.net\/mineddte\/wp-content\/uploads\/2015\/08\/DECRET-N\u00b0-2024-594-DU-26-JUIN-2024-PORTANT-CREATION-DE-LA-COMMISSION-NATIONALE-DE-LUTTE-CONTRE-LES-CHANGEMENTS-CLIMATIOQUES.pdf\" target=\"_blank\" class=\"file\" ><img class=\"my-3\" src=\"https:\/\/did-dev.net\/mineddte\/wp-content\/plugins\/wp-docs\/img\/filetype-icons\/pdf.png\" \/><\/a>\r\n\t\t\t\t\t\t\t\t\t\t\t\t\t\t\t\t\t<figcaption class=\"figure-caption text-center\">DECRET N\u00b0 2024-594 DU 26 JUIN 2024 PORTANT CREATION DE LA COMMISSION NATIONALE DE LUTTE CONTRE LES CHANGEMENTS CLIMATIOQUES<\/figcaption>\r\n\t\t\t\t\t\t\t\t\t\t\t\t\t\t\t\t<\/figure>\r\n\t\t\t\t\t\t\t\t\t\t\t\t\t\t\t<\/div>\r\n\t\t\t\t\t\t\t\t\t\t\t\t\t\t\t\r\n\t\t\t\t\t\t\t\t\t\t\t\t\t\t\t\r\n\t\t\t\t\t\t\t\t\t\t\t\t\t\t\t\r\n\t\r\n\t\t\t\t\t\t\t\t\t\t\t\t\t\t\t\t\t\r\n\t\t\t\t\t\t\t\t\t\t\t\t\t\t\t<div title=\"DECRET-N-2024-595-DU-26-JUIN-2024-DETERMINANT-LES-REGLES-ET-PROCEDURES-APPLICABLES-AUX-EVALUATIONS-ENVIRONNEMENTALES-ET-SOCIALES.pdf\" class=\"col-4 col-md-3 is_file text-center\" style=\"cursor: pointer;\" data-id=\"5580\">\r\n\t\t\t\t\t\t\t\t\t\t\t\t\t\t\t\t<figure class=\"figure file_view p-1\">\r\n\t\t\t\t\t\t\t\t\t\t\t\t\t\t\t\t\t<a href=\"https:\/\/did-dev.net\/mineddte\/wp-content\/uploads\/2015\/08\/DECRET-N-2024-595-DU-26-JUIN-2024-DETERMINANT-LES-REGLES-ET-PROCEDURES-APPLICABLES-AUX-EVALUATIONS-ENVIRONNEMENTALES-ET-SOCIALES.pdf\" target=\"_blank\" class=\"file\" ><img class=\"my-3\" src=\"https:\/\/did-dev.net\/mineddte\/wp-content\/plugins\/wp-docs\/img\/filetype-icons\/pdf.png\" \/><\/a>\r\n\t\t\t\t\t\t\t\t\t\t\t\t\t\t\t\t\t<figcaption class=\"figure-caption text-center\">DECRET N 2024-595 DU 26 JUIN 2024 DETERMINANT LES REGLES ET PROCEDURES APPLICABLES AUX EVALUATIONS ENVIRONNEMENTALES ET SOCIALES<\/figcaption>\r\n\t\t\t\t\t\t\t\t\t\t\t\t\t\t\t\t<\/figure>\r\n\t\t\t\t\t\t\t\t\t\t\t\t\t\t\t<\/div>\r\n\t\t\t\t\t\t\t\t\t\t\t\t\t\t\t\r\n\t\t\t\t\t\t\t\t\t\t\t\t\t\t\t\r\n\t\t\t\t\t\t\t\t\t\t\t\t\t\t\t\r\n\t\r\n\t\t\t\t\t\t\t\t\t\t\t\t\t\t\t\t\t\r\n\t\t\t\t\t\t\t\t\t\t\t\t\t\t\t<div title=\"DECRET-N-2023-968-DU-06-DECEMBRE-2023-PORTANT-ORGANISATION-DU-MINEDDTE.pdf\" class=\"col-4 col-md-3 is_file text-center\" style=\"cursor: pointer;\" data-id=\"4966\">\r\n\t\t\t\t\t\t\t\t\t\t\t\t\t\t\t\t<figure class=\"figure file_view p-1\">\r\n\t\t\t\t\t\t\t\t\t\t\t\t\t\t\t\t\t<a href=\"https:\/\/did-dev.net\/mineddte\/wp-content\/uploads\/2015\/08\/DECRET-N-2023-968-DU-06-DECEMBRE-2023-PORTANT-ORGANISATION-DU-MINEDDTE.pdf\" target=\"_blank\" class=\"file\" ><img class=\"my-3\" src=\"https:\/\/did-dev.net\/mineddte\/wp-content\/plugins\/wp-docs\/img\/filetype-icons\/pdf.png\" \/><\/a>\r\n\t\t\t\t\t\t\t\t\t\t\t\t\t\t\t\t\t<figcaption class=\"figure-caption text-center\">DECRET N 2023-968 DU 06 DECEMBRE 2023 PORTANT ORGANISATION DU MINEDDTE<\/figcaption>\r\n\t\t\t\t\t\t\t\t\t\t\t\t\t\t\t\t<\/figure>\r\n\t\t\t\t\t\t\t\t\t\t\t\t\t\t\t<\/div>\r\n\t\t\t\t\t\t\t\t\t\t\t\t\t\t\t\r\n\t\t\t\t\t\t\t\t\t\t\t\t\t\t\t\r\n\t\t\t\t\t\t\t\t\t\t\t\t\t\t\t\r\n\t\r\n\t\t\t\t\t\t\t\t\t\t\t\t\t\t\t\t\t\r\n\t\t\t\t\t\t\t\t\t\t\t\t\t\t\t<div title=\"DECRET-N-2023-820-DU-25-OCT-2023-PORTANT-ATTRIBUTION-DES-MEMEBRES-DU-GVT_BEUGRE-MANBE-NVO.pdf\" class=\"col-4 col-md-3 is_file text-center\" style=\"cursor: pointer;\" data-id=\"5071\">\r\n\t\t\t\t\t\t\t\t\t\t\t\t\t\t\t\t<figure class=\"figure file_view p-1\">\r\n\t\t\t\t\t\t\t\t\t\t\t\t\t\t\t\t\t<a href=\"https:\/\/did-dev.net\/mineddte\/wp-content\/uploads\/2015\/08\/DECRET-N-2023-820-DU-25-OCT-2023-PORTANT-ATTRIBUTION-DES-MEMEBRES-DU-GVT_BEUGRE-MANBE-NVO.pdf\" target=\"_blank\" class=\"file\" ><img class=\"my-3\" src=\"https:\/\/did-dev.net\/mineddte\/wp-content\/plugins\/wp-docs\/img\/filetype-icons\/pdf.png\" \/><\/a>\r\n\t\t\t\t\t\t\t\t\t\t\t\t\t\t\t\t\t<figcaption class=\"figure-caption text-center\">DECRET N 2023-820 DU 25 OCT 2023 PORTANT ATTRIBUTION DES MEMEBRES DU GVT_BEUGRE MANBE NVO<\/figcaption>\r\n\t\t\t\t\t\t\t\t\t\t\t\t\t\t\t\t<\/figure>\r\n\t\t\t\t\t\t\t\t\t\t\t\t\t\t\t<\/div>\r\n\t\t\t\t\t\t\t\t\t\t\t\t\t\t\t\r\n\t\t\t\t\t\t\t\t\t\t\t\t\t\t\t\r\n\t\t\t\t\t\t\t\t\t\t\t\t\t\t\t\t\r\n\t\r\n\t\t\t\t\t\t<\/div>\r\n\t\r\n\t\t\t\t\t\t<!-- List View Area -->\r\n\t\t\t\t\t\t<div class=\"row folder_view list_view \">\r\n\t\t\t\t\t\t\t\r\n\t\t\t\t\t\t\t\t\t\t\t\t\t\t\t\t<div title=\"Decret-de-Creation-du-Ministere-de-lEnvironnement-de-la-Salubrite-Urbaine-et-du-DD-MINESUDD-15-09-2014.pdf\" class=\"col-12 file_wrapper is_file\" style=\"cursor: pointer;\" data-id=\"3807\">\r\n\t\t\t\t\t\t\t\t\t\t\t\t\t\t\t\t\t<figure class=\"figure file_view p-3\">\r\n\t\t\t\t\t\t\t\t\t\t\t\t\t\t\t\t\t\t<a href=\"https:\/\/did-dev.net\/mineddte\/wp-content\/uploads\/2022\/05\/Decret-de-Creation-du-Ministere-de-lEnvironnement-de-la-Salubrite-Urbaine-et-du-DD-MINESUDD-15-09-2014.pdf\" target=\"_blank\" class=\"file\" ><img class=\"mb-2\" src=\"https:\/\/did-dev.net\/mineddte\/wp-content\/plugins\/wp-docs\/img\/filetype-icons\/pdf.png\" style=\"width: 25px; height: 25px\"><\/a>\r\n\t\t\t\t\t\t\t\t\t\t\t\t\t\t\t\t\t\t<small class=\"text-center\">D\u00e9cret de Cr\u00e9ation du Minist\u00e8re de l'Environnement, de la Salubrit\u00e9 Urbaine et du DD - MINESUDD- 15 Septembre 2014<\/small>\r\n\t\t\t\t\t\t\t\t\t\t\t\t\t\t\t\t\t<\/figure>\r\n\t\t\t\t\t\t\t\t\t\t\t\t\t\t\t\t<\/div>\r\n\t\t\t\t\t\t\t\t\t\t\t\t\t\t\t\t<div title=\"Decret-de-Creation-du-Ministere-de-lEnvironnement-et-du-Developpement-Durable-MINEDD-Septembre-2021.pdf\" class=\"col-12 file_wrapper is_file\" style=\"cursor: pointer;\" data-id=\"3817\">\r\n\t\t\t\t\t\t\t\t\t\t\t\t\t\t\t\t\t<figure class=\"figure file_view p-3\">\r\n\t\t\t\t\t\t\t\t\t\t\t\t\t\t\t\t\t\t<a href=\"https:\/\/did-dev.net\/mineddte\/wp-content\/uploads\/2022\/06\/Decret-de-Creation-du-Ministere-de-lEnvironnement-et-du-Developpement-Durable-MINEDD-Septembre-2021.pdf\" target=\"_blank\" class=\"file\" ><img class=\"mb-2\" src=\"https:\/\/did-dev.net\/mineddte\/wp-content\/plugins\/wp-docs\/img\/filetype-icons\/pdf.png\" style=\"width: 25px; height: 25px\"><\/a>\r\n\t\t\t\t\t\t\t\t\t\t\t\t\t\t\t\t\t\t<small class=\"text-center\">D\u00e9cret de Cr\u00e9ation du Minist\u00e8re de l'Environnement et du D\u00e9veloppement Durable - MINEDD Septembre 2021<\/small>\r\n\t\t\t\t\t\t\t\t\t\t\t\t\t\t\t\t\t<\/figure>\r\n\t\t\t\t\t\t\t\t\t\t\t\t\t\t\t\t<\/div>\r\n\t\t\t\t\t\t\t\t\t\t\t\t\t\t\t\t<div title=\"Decret-de-Creation-du-Ministere-de-lEnvironnement-et-du-Developpement-Durable-MINEDD-Novembre-2011.pdf\" class=\"col-12 file_wrapper is_file\" style=\"cursor: pointer;\" data-id=\"3831\">\r\n\t\t\t\t\t\t\t\t\t\t\t\t\t\t\t\t\t<figure class=\"figure file_view p-3\">\r\n\t\t\t\t\t\t\t\t\t\t\t\t\t\t\t\t\t\t<a href=\"https:\/\/did-dev.net\/mineddte\/wp-content\/uploads\/2022\/06\/Decret-de-Creation-du-Ministere-de-lEnvironnement-et-du-Developpement-Durable-MINEDD-Novembre-2011.pdf\" target=\"_blank\" class=\"file\" ><img class=\"mb-2\" src=\"https:\/\/did-dev.net\/mineddte\/wp-content\/plugins\/wp-docs\/img\/filetype-icons\/pdf.png\" style=\"width: 25px; height: 25px\"><\/a>\r\n\t\t\t\t\t\t\t\t\t\t\t\t\t\t\t\t\t\t<small class=\"text-center\">D\u00e9cret de Cr\u00e9ation du Minist\u00e8re de l'Environnement et du D\u00e9veloppement Durable - MINEDD Novembre 2011<\/small>\r\n\t\t\t\t\t\t\t\t\t\t\t\t\t\t\t\t\t<\/figure>\r\n\t\t\t\t\t\t\t\t\t\t\t\t\t\t\t\t<\/div>\r\n\t\t\t\t\t\t\t\t\t\t\t\t\t\t\t\t<div title=\"Decret-de-Creation-du-Ministere-de-lEnvironnement-et-du-Developpement-Durable-MINEDD-Decembre-2018.pdf\" class=\"col-12 file_wrapper is_file\" style=\"cursor: pointer;\" data-id=\"3070\">\r\n\t\t\t\t\t\t\t\t\t\t\t\t\t\t\t\t\t<figure class=\"figure file_view p-3\">\r\n\t\t\t\t\t\t\t\t\t\t\t\t\t\t\t\t\t\t<a href=\"https:\/\/did-dev.net\/mineddte\/wp-content\/uploads\/2022\/01\/Decret-de-Creation-du-Ministere-de-lEnvironnement-et-du-Developpement-Durable-MINEDD-Decembre-2018.pdf\" target=\"_blank\" class=\"file\" ><img class=\"mb-2\" src=\"https:\/\/did-dev.net\/mineddte\/wp-content\/plugins\/wp-docs\/img\/filetype-icons\/pdf.png\" style=\"width: 25px; height: 25px\"><\/a>\r\n\t\t\t\t\t\t\t\t\t\t\t\t\t\t\t\t\t\t<small class=\"text-center\">D\u00e9cret de Cr\u00e9ation du Minist\u00e8re de l'Environnement et du D\u00e9veloppement Durable - MINEDD D\u00e9cembre 2018<\/small>\r\n\t\t\t\t\t\t\t\t\t\t\t\t\t\t\t\t\t<\/figure>\r\n\t\t\t\t\t\t\t\t\t\t\t\t\t\t\t\t<\/div>\r\n\t\t\t\t\t\t\t\t\t\t\t\t\t\t\t\t<div title=\"Decret-de-Creation-de-lANDE-Juillet-1997.pdf\" class=\"col-12 file_wrapper is_file\" style=\"cursor: pointer;\" data-id=\"3113\">\r\n\t\t\t\t\t\t\t\t\t\t\t\t\t\t\t\t\t<figure class=\"figure file_view p-3\">\r\n\t\t\t\t\t\t\t\t\t\t\t\t\t\t\t\t\t\t<a href=\"https:\/\/did-dev.net\/mineddte\/wp-content\/uploads\/2022\/01\/Decret-de-Creation-de-lANDE-Juillet-1997.pdf\" target=\"_blank\" class=\"file\" ><img class=\"mb-2\" src=\"https:\/\/did-dev.net\/mineddte\/wp-content\/plugins\/wp-docs\/img\/filetype-icons\/pdf.png\" style=\"width: 25px; height: 25px\"><\/a>\r\n\t\t\t\t\t\t\t\t\t\t\t\t\t\t\t\t\t\t<small class=\"text-center\">D\u00e9cret de Cr\u00e9ation de l'ANDE Juillet 1997<\/small>\r\n\t\t\t\t\t\t\t\t\t\t\t\t\t\t\t\t\t<\/figure>\r\n\t\t\t\t\t\t\t\t\t\t\t\t\t\t\t\t<\/div>\r\n\t\t\t\t\t\t\t\t\t\t\t\t\t\t\t\t<div title=\"Decret-Modalites-dapplication-du-principe-pollueur-payeur-24-Octobre-2012.pdf\" class=\"col-12 file_wrapper is_file\" style=\"cursor: pointer;\" data-id=\"3830\">\r\n\t\t\t\t\t\t\t\t\t\t\t\t\t\t\t\t\t<figure class=\"figure file_view p-3\">\r\n\t\t\t\t\t\t\t\t\t\t\t\t\t\t\t\t\t\t<a href=\"https:\/\/did-dev.net\/mineddte\/wp-content\/uploads\/2022\/06\/Decret-Modalites-dapplication-du-principe-pollueur-payeur-24-Octobre-2012.pdf\" target=\"_blank\" class=\"file\" ><img class=\"mb-2\" src=\"https:\/\/did-dev.net\/mineddte\/wp-content\/plugins\/wp-docs\/img\/filetype-icons\/pdf.png\" style=\"width: 25px; height: 25px\"><\/a>\r\n\t\t\t\t\t\t\t\t\t\t\t\t\t\t\t\t\t\t<small class=\"text-center\">D\u00e9cret - Modalit\u00e9s d'application du principe pollueur-payeur 24 Octobre 2012<\/small>\r\n\t\t\t\t\t\t\t\t\t\t\t\t\t\t\t\t\t<\/figure>\r\n\t\t\t\t\t\t\t\t\t\t\t\t\t\t\t\t<\/div>\r\n\t\t\t\t\t\t\t\t\t\t\t\t\t\t\t\t<div title=\"DECRET-N\u00b0-2024-658-DU-01-AOUT-2024-PORTANT-CREATION-ATTRIBUTIONS-ORGANISATION-ET-FONCTIONNEMENT-DU-BUREAU-DU-MARCHE-CARBONE-EN-CI.pdf\" class=\"col-12 file_wrapper is_file\" style=\"cursor: pointer;\" data-id=\"5841\">\r\n\t\t\t\t\t\t\t\t\t\t\t\t\t\t\t\t\t<figure class=\"figure file_view p-3\">\r\n\t\t\t\t\t\t\t\t\t\t\t\t\t\t\t\t\t\t<a href=\"https:\/\/did-dev.net\/mineddte\/wp-content\/uploads\/2015\/08\/DECRET-N\u00b0-2024-658-DU-01-AOUT-2024-PORTANT-CREATION-ATTRIBUTIONS-ORGANISATION-ET-FONCTIONNEMENT-DU-BUREAU-DU-MARCHE-CARBONE-EN-CI.pdf\" target=\"_blank\" class=\"file\" ><img class=\"mb-2\" src=\"https:\/\/did-dev.net\/mineddte\/wp-content\/plugins\/wp-docs\/img\/filetype-icons\/pdf.png\" style=\"width: 25px; height: 25px\"><\/a>\r\n\t\t\t\t\t\t\t\t\t\t\t\t\t\t\t\t\t\t<small class=\"text-center\">DECRET N\u00b0 2024-658 DU 01 AOUT 2024 PORTANT CREATION, ATTRIBUTIONS, ORGANISATION ET FONCTIONNEMENT DU BUREAU DU MARCHE CARBONE EN CI<\/small>\r\n\t\t\t\t\t\t\t\t\t\t\t\t\t\t\t\t\t<\/figure>\r\n\t\t\t\t\t\t\t\t\t\t\t\t\t\t\t\t<\/div>\r\n\t\t\t\t\t\t\t\t\t\t\t\t\t\t\t\t<div title=\"DECRET-N\u00b0-2024-594-DU-26-JUIN-2024-PORTANT-CREATION-DE-LA-COMMISSION-NATIONALE-DE-LUTTE-CONTRE-LES-CHANGEMENTS-CLIMATIOQUES.pdf\" class=\"col-12 file_wrapper is_file\" style=\"cursor: pointer;\" data-id=\"5783\">\r\n\t\t\t\t\t\t\t\t\t\t\t\t\t\t\t\t\t<figure class=\"figure file_view p-3\">\r\n\t\t\t\t\t\t\t\t\t\t\t\t\t\t\t\t\t\t<a href=\"https:\/\/did-dev.net\/mineddte\/wp-content\/uploads\/2015\/08\/DECRET-N\u00b0-2024-594-DU-26-JUIN-2024-PORTANT-CREATION-DE-LA-COMMISSION-NATIONALE-DE-LUTTE-CONTRE-LES-CHANGEMENTS-CLIMATIOQUES.pdf\" target=\"_blank\" class=\"file\" ><img class=\"mb-2\" src=\"https:\/\/did-dev.net\/mineddte\/wp-content\/plugins\/wp-docs\/img\/filetype-icons\/pdf.png\" style=\"width: 25px; height: 25px\"><\/a>\r\n\t\t\t\t\t\t\t\t\t\t\t\t\t\t\t\t\t\t<small class=\"text-center\">DECRET N\u00b0 2024-594 DU 26 JUIN 2024 PORTANT CREATION DE LA COMMISSION NATIONALE DE LUTTE CONTRE LES CHANGEMENTS CLIMATIOQUES<\/small>\r\n\t\t\t\t\t\t\t\t\t\t\t\t\t\t\t\t\t<\/figure>\r\n\t\t\t\t\t\t\t\t\t\t\t\t\t\t\t\t<\/div>\r\n\t\t\t\t\t\t\t\t\t\t\t\t\t\t\t\t<div title=\"DECRET-N-2024-595-DU-26-JUIN-2024-DETERMINANT-LES-REGLES-ET-PROCEDURES-APPLICABLES-AUX-EVALUATIONS-ENVIRONNEMENTALES-ET-SOCIALES.pdf\" class=\"col-12 file_wrapper is_file\" style=\"cursor: pointer;\" data-id=\"5580\">\r\n\t\t\t\t\t\t\t\t\t\t\t\t\t\t\t\t\t<figure class=\"figure file_view p-3\">\r\n\t\t\t\t\t\t\t\t\t\t\t\t\t\t\t\t\t\t<a href=\"https:\/\/did-dev.net\/mineddte\/wp-content\/uploads\/2015\/08\/DECRET-N-2024-595-DU-26-JUIN-2024-DETERMINANT-LES-REGLES-ET-PROCEDURES-APPLICABLES-AUX-EVALUATIONS-ENVIRONNEMENTALES-ET-SOCIALES.pdf\" target=\"_blank\" class=\"file\" ><img class=\"mb-2\" src=\"https:\/\/did-dev.net\/mineddte\/wp-content\/plugins\/wp-docs\/img\/filetype-icons\/pdf.png\" style=\"width: 25px; height: 25px\"><\/a>\r\n\t\t\t\t\t\t\t\t\t\t\t\t\t\t\t\t\t\t<small class=\"text-center\">DECRET N 2024-595 DU 26 JUIN 2024 DETERMINANT LES REGLES ET PROCEDURES APPLICABLES AUX EVALUATIONS ENVIRONNEMENTALES ET SOCIALES<\/small>\r\n\t\t\t\t\t\t\t\t\t\t\t\t\t\t\t\t\t<\/figure>\r\n\t\t\t\t\t\t\t\t\t\t\t\t\t\t\t\t<\/div>\r\n\t\t\t\t\t\t\t\t\t\t\t\t\t\t\t\t<div title=\"DECRET-N-2023-968-DU-06-DECEMBRE-2023-PORTANT-ORGANISATION-DU-MINEDDTE.pdf\" class=\"col-12 file_wrapper is_file\" style=\"cursor: pointer;\" data-id=\"4966\">\r\n\t\t\t\t\t\t\t\t\t\t\t\t\t\t\t\t\t<figure class=\"figure file_view p-3\">\r\n\t\t\t\t\t\t\t\t\t\t\t\t\t\t\t\t\t\t<a href=\"https:\/\/did-dev.net\/mineddte\/wp-content\/uploads\/2015\/08\/DECRET-N-2023-968-DU-06-DECEMBRE-2023-PORTANT-ORGANISATION-DU-MINEDDTE.pdf\" target=\"_blank\" class=\"file\" ><img class=\"mb-2\" src=\"https:\/\/did-dev.net\/mineddte\/wp-content\/plugins\/wp-docs\/img\/filetype-icons\/pdf.png\" style=\"width: 25px; height: 25px\"><\/a>\r\n\t\t\t\t\t\t\t\t\t\t\t\t\t\t\t\t\t\t<small class=\"text-center\">DECRET N 2023-968 DU 06 DECEMBRE 2023 PORTANT ORGANISATION DU MINEDDTE<\/small>\r\n\t\t\t\t\t\t\t\t\t\t\t\t\t\t\t\t\t<\/figure>\r\n\t\t\t\t\t\t\t\t\t\t\t\t\t\t\t\t<\/div>\r\n\t\t\t\t\t\t\t\t\t\t\t\t\t\t\t\t<div title=\"DECRET-N-2023-820-DU-25-OCT-2023-PORTANT-ATTRIBUTION-DES-MEMEBRES-DU-GVT_BEUGRE-MANBE-NVO.pdf\" class=\"col-12 file_wrapper is_file\" style=\"cursor: pointer;\" data-id=\"5071\">\r\n\t\t\t\t\t\t\t\t\t\t\t\t\t\t\t\t\t<figure class=\"figure file_view p-3\">\r\n\t\t\t\t\t\t\t\t\t\t\t\t\t\t\t\t\t\t<a href=\"https:\/\/did-dev.net\/mineddte\/wp-content\/uploads\/2015\/08\/DECRET-N-2023-820-DU-25-OCT-2023-PORTANT-ATTRIBUTION-DES-MEMEBRES-DU-GVT_BEUGRE-MANBE-NVO.pdf\" target=\"_blank\" class=\"file\" ><img class=\"mb-2\" src=\"https:\/\/did-dev.net\/mineddte\/wp-content\/plugins\/wp-docs\/img\/filetype-icons\/pdf.png\" style=\"width: 25px; height: 25px\"><\/a>\r\n\t\t\t\t\t\t\t\t\t\t\t\t\t\t\t\t\t\t<small class=\"text-center\">DECRET N 2023-820 DU 25 OCT 2023 PORTANT ATTRIBUTION DES MEMEBRES DU GVT_BEUGRE MANBE NVO<\/small>\r\n\t\t\t\t\t\t\t\t\t\t\t\t\t\t\t\t\t<\/figure>\r\n\t\t\t\t\t\t\t\t\t\t\t\t\t\t\t\t<\/div>\t\r\n\t\r\n\t\t\t\t\t\t<\/div>\r\n\t                            \r\n\t\t\t\t\t\t<!-- Detail View Area -->\r\n\t\t\t\t\t\t<div class=\"row folder_view detail_view mt-0 d-none\">\r\n\t\t\t\t\t\t\t<div class=\"table-responsive\" style=\"zoom:70%\">\r\n\t\t\t\t\t\t\t\t<table class=\"table\">\r\n\t\t\t\t\t\t\t\t\t<thead class=\"thead\">\r\n\t\t\t\t\t\t\t\t\t\t<tr>\r\n\t\t\t\t\t\t\t\t\t\t\t<th>Nom <\/th>\r\n\t\t\t<th>Date de cr\u00e9ation <\/th>\t\t\t\t\t<th>Date modifi\u00e9e <\/th>\t\t\t\t\t<th>Type <\/th>\t\t\t\t\t<th>Taille <\/th>    \r\n\t\t\t\t\t\t\t\t\t\t<\/tr>\r\n\t\t\t\t\t\t\t\t\t<\/thead>\r\n\t\t\t\t\t\t\t\t\t\r\n\t\t\t\t\t\t\t\t\t\t\t\t\t<tr title=\"Decret-de-Creation-du-Ministere-de-lEnvironnement-de-la-Salubrite-Urbaine-et-du-DD-MINESUDD-15-09-2014.pdf\" data-url=\"https:\/\/did-dev.net\/mineddte\/wp-content\/uploads\/2022\/05\/Decret-de-Creation-du-Ministere-de-lEnvironnement-de-la-Salubrite-Urbaine-et-du-DD-MINESUDD-15-09-2014.pdf\" class=\"file_view file_link is_file\" style=\"cursor: pointer;\" data-id=\"3807\">\r\n\r\n\t\t\t\t\t\t\t\t\t\t\t\t\t\t<td>\r\n\r\n\t\t\t\t\t\t\t\t\t\t\t\t\t\t\t<figure class=\"figure file_view p-4\">\r\n\t\t\t\t\t\t\t\t\t\t\t\t\t\t\t\t<span class=\"file\"><img class=\"mb-2\" src=\"https:\/\/did-dev.net\/mineddte\/wp-content\/plugins\/wp-docs\/img\/filetype-icons\/pdf.png\" style=\"width: 25px; height: 25px\"><\/span>\r\n\t\t\t\t\t\t\t\t\t\t\t\t\t\t\t\t<small class=\"text-center\">D\u00e9cret de Cr\u00e9ation du Minist\u00e8re de l'Environnement, de la Salubrit\u00e9 Urbaine et du DD - MINESUDD- 15 Septembre 2014<\/small>\r\n\t\t\t\t\t\t\t\t\t\t\t\t\t\t\t<\/figure>\r\n\t\t\t\t\t\t\t\t\t\t\t\t\t\t<\/td>\r\n\t\t\t\t\t\t\t\t\t\t\t\t\t<td data-time=\"1653484382\"><small>25 mai 2022 13h13<\/small><\/td><td data-time=\"1653484684\"><small>25 mai 2022 13h18<\/small><\/td><td><small>application\/pdf<\/small><\/td><td data-time=\"3017\"><small>3017 KB<\/small><\/td><\/tr>\r\n\t\t\t\t\t\t\t\t\t\t\t\t\t<tr title=\"Decret-de-Creation-du-Ministere-de-lEnvironnement-et-du-Developpement-Durable-MINEDD-Septembre-2021.pdf\" data-url=\"https:\/\/did-dev.net\/mineddte\/wp-content\/uploads\/2022\/06\/Decret-de-Creation-du-Ministere-de-lEnvironnement-et-du-Developpement-Durable-MINEDD-Septembre-2021.pdf\" class=\"file_view file_link is_file\" style=\"cursor: pointer;\" data-id=\"3817\">\r\n\r\n\t\t\t\t\t\t\t\t\t\t\t\t\t\t<td>\r\n\r\n\t\t\t\t\t\t\t\t\t\t\t\t\t\t\t<figure class=\"figure file_view p-4\">\r\n\t\t\t\t\t\t\t\t\t\t\t\t\t\t\t\t<span class=\"file\"><img class=\"mb-2\" src=\"https:\/\/did-dev.net\/mineddte\/wp-content\/plugins\/wp-docs\/img\/filetype-icons\/pdf.png\" style=\"width: 25px; height: 25px\"><\/span>\r\n\t\t\t\t\t\t\t\t\t\t\t\t\t\t\t\t<small class=\"text-center\">D\u00e9cret de Cr\u00e9ation du Minist\u00e8re de l'Environnement et du D\u00e9veloppement Durable - MINEDD Septembre 2021<\/small>\r\n\t\t\t\t\t\t\t\t\t\t\t\t\t\t\t<\/figure>\r\n\t\t\t\t\t\t\t\t\t\t\t\t\t\t<\/td>\r\n\t\t\t\t\t\t\t\t\t\t\t\t\t<td data-time=\"1654604761\"><small>7 juin 2022 12h26<\/small><\/td><td data-time=\"1660399271\"><small>13 ao\u00fbt 2022 14h01<\/small><\/td><td><small>application\/pdf<\/small><\/td><td data-time=\"17083\"><small>17083 KB<\/small><\/td><\/tr>\r\n\t\t\t\t\t\t\t\t\t\t\t\t\t<tr title=\"Decret-de-Creation-du-Ministere-de-lEnvironnement-et-du-Developpement-Durable-MINEDD-Novembre-2011.pdf\" data-url=\"https:\/\/did-dev.net\/mineddte\/wp-content\/uploads\/2022\/06\/Decret-de-Creation-du-Ministere-de-lEnvironnement-et-du-Developpement-Durable-MINEDD-Novembre-2011.pdf\" class=\"file_view file_link is_file\" style=\"cursor: pointer;\" data-id=\"3831\">\r\n\r\n\t\t\t\t\t\t\t\t\t\t\t\t\t\t<td>\r\n\r\n\t\t\t\t\t\t\t\t\t\t\t\t\t\t\t<figure class=\"figure file_view p-4\">\r\n\t\t\t\t\t\t\t\t\t\t\t\t\t\t\t\t<span class=\"file\"><img class=\"mb-2\" src=\"https:\/\/did-dev.net\/mineddte\/wp-content\/plugins\/wp-docs\/img\/filetype-icons\/pdf.png\" style=\"width: 25px; height: 25px\"><\/span>\r\n\t\t\t\t\t\t\t\t\t\t\t\t\t\t\t\t<small class=\"text-center\">D\u00e9cret de Cr\u00e9ation du Minist\u00e8re de l'Environnement et du D\u00e9veloppement Durable - MINEDD Novembre 2011<\/small>\r\n\t\t\t\t\t\t\t\t\t\t\t\t\t\t\t<\/figure>\r\n\t\t\t\t\t\t\t\t\t\t\t\t\t\t<\/td>\r\n\t\t\t\t\t\t\t\t\t\t\t\t\t<td data-time=\"1655469565\"><small>17 juin 2022 12h39<\/small><\/td><td data-time=\"1655469565\"><small>17 juin 2022 12h39<\/small><\/td><td><small>application\/pdf<\/small><\/td><td data-time=\"8520\"><small>8520 KB<\/small><\/td><\/tr>\r\n\t\t\t\t\t\t\t\t\t\t\t\t\t<tr title=\"Decret-de-Creation-du-Ministere-de-lEnvironnement-et-du-Developpement-Durable-MINEDD-Decembre-2018.pdf\" data-url=\"https:\/\/did-dev.net\/mineddte\/wp-content\/uploads\/2022\/01\/Decret-de-Creation-du-Ministere-de-lEnvironnement-et-du-Developpement-Durable-MINEDD-Decembre-2018.pdf\" class=\"file_view file_link is_file\" style=\"cursor: pointer;\" data-id=\"3070\">\r\n\r\n\t\t\t\t\t\t\t\t\t\t\t\t\t\t<td>\r\n\r\n\t\t\t\t\t\t\t\t\t\t\t\t\t\t\t<figure class=\"figure file_view p-4\">\r\n\t\t\t\t\t\t\t\t\t\t\t\t\t\t\t\t<span class=\"file\"><img class=\"mb-2\" src=\"https:\/\/did-dev.net\/mineddte\/wp-content\/plugins\/wp-docs\/img\/filetype-icons\/pdf.png\" style=\"width: 25px; height: 25px\"><\/span>\r\n\t\t\t\t\t\t\t\t\t\t\t\t\t\t\t\t<small class=\"text-center\">D\u00e9cret de Cr\u00e9ation du Minist\u00e8re de l'Environnement et du D\u00e9veloppement Durable - MINEDD D\u00e9cembre 2018<\/small>\r\n\t\t\t\t\t\t\t\t\t\t\t\t\t\t\t<\/figure>\r\n\t\t\t\t\t\t\t\t\t\t\t\t\t\t<\/td>\r\n\t\t\t\t\t\t\t\t\t\t\t\t\t<td data-time=\"1643537338\"><small>30 janvier 2022 10h08<\/small><\/td><td data-time=\"1643537338\"><small>30 janvier 2022 10h08<\/small><\/td><td><small>application\/pdf<\/small><\/td><td data-time=\"13149\"><small>13149 KB<\/small><\/td><\/tr>\r\n\t\t\t\t\t\t\t\t\t\t\t\t\t<tr title=\"Decret-de-Creation-de-lANDE-Juillet-1997.pdf\" data-url=\"https:\/\/did-dev.net\/mineddte\/wp-content\/uploads\/2022\/01\/Decret-de-Creation-de-lANDE-Juillet-1997.pdf\" class=\"file_view file_link is_file\" style=\"cursor: pointer;\" data-id=\"3113\">\r\n\r\n\t\t\t\t\t\t\t\t\t\t\t\t\t\t<td>\r\n\r\n\t\t\t\t\t\t\t\t\t\t\t\t\t\t\t<figure class=\"figure file_view p-4\">\r\n\t\t\t\t\t\t\t\t\t\t\t\t\t\t\t\t<span class=\"file\"><img class=\"mb-2\" src=\"https:\/\/did-dev.net\/mineddte\/wp-content\/plugins\/wp-docs\/img\/filetype-icons\/pdf.png\" style=\"width: 25px; height: 25px\"><\/span>\r\n\t\t\t\t\t\t\t\t\t\t\t\t\t\t\t\t<small class=\"text-center\">D\u00e9cret de Cr\u00e9ation de l'ANDE Juillet 1997<\/small>\r\n\t\t\t\t\t\t\t\t\t\t\t\t\t\t\t<\/figure>\r\n\t\t\t\t\t\t\t\t\t\t\t\t\t\t<\/td>\r\n\t\t\t\t\t\t\t\t\t\t\t\t\t<td data-time=\"1643553190\"><small>30 janvier 2022 14h33<\/small><\/td><td data-time=\"1643553190\"><small>30 janvier 2022 14h33<\/small><\/td><td><small>application\/pdf<\/small><\/td><td data-time=\"23\"><small>23 KB<\/small><\/td><\/tr>\r\n\t\t\t\t\t\t\t\t\t\t\t\t\t<tr title=\"Decret-Modalites-dapplication-du-principe-pollueur-payeur-24-Octobre-2012.pdf\" data-url=\"https:\/\/did-dev.net\/mineddte\/wp-content\/uploads\/2022\/06\/Decret-Modalites-dapplication-du-principe-pollueur-payeur-24-Octobre-2012.pdf\" class=\"file_view file_link is_file\" style=\"cursor: pointer;\" data-id=\"3830\">\r\n\r\n\t\t\t\t\t\t\t\t\t\t\t\t\t\t<td>\r\n\r\n\t\t\t\t\t\t\t\t\t\t\t\t\t\t\t<figure class=\"figure file_view p-4\">\r\n\t\t\t\t\t\t\t\t\t\t\t\t\t\t\t\t<span class=\"file\"><img class=\"mb-2\" src=\"https:\/\/did-dev.net\/mineddte\/wp-content\/plugins\/wp-docs\/img\/filetype-icons\/pdf.png\" style=\"width: 25px; height: 25px\"><\/span>\r\n\t\t\t\t\t\t\t\t\t\t\t\t\t\t\t\t<small class=\"text-center\">D\u00e9cret - Modalit\u00e9s d'application du principe pollueur-payeur 24 Octobre 2012<\/small>\r\n\t\t\t\t\t\t\t\t\t\t\t\t\t\t\t<\/figure>\r\n\t\t\t\t\t\t\t\t\t\t\t\t\t\t<\/td>\r\n\t\t\t\t\t\t\t\t\t\t\t\t\t<td data-time=\"1655469554\"><small>17 juin 2022 12h39<\/small><\/td><td data-time=\"1655469554\"><small>17 juin 2022 12h39<\/small><\/td><td><small>application\/pdf<\/small><\/td><td data-time=\"4081\"><small>4081 KB<\/small><\/td><\/tr>\r\n\t\t\t\t\t\t\t\t\t\t\t\t\t<tr title=\"DECRET-N\u00b0-2024-658-DU-01-AOUT-2024-PORTANT-CREATION-ATTRIBUTIONS-ORGANISATION-ET-FONCTIONNEMENT-DU-BUREAU-DU-MARCHE-CARBONE-EN-CI.pdf\" data-url=\"https:\/\/did-dev.net\/mineddte\/wp-content\/uploads\/2015\/08\/DECRET-N\u00b0-2024-658-DU-01-AOUT-2024-PORTANT-CREATION-ATTRIBUTIONS-ORGANISATION-ET-FONCTIONNEMENT-DU-BUREAU-DU-MARCHE-CARBONE-EN-CI.pdf\" class=\"file_view file_link is_file\" style=\"cursor: pointer;\" data-id=\"5841\">\r\n\r\n\t\t\t\t\t\t\t\t\t\t\t\t\t\t<td>\r\n\r\n\t\t\t\t\t\t\t\t\t\t\t\t\t\t\t<figure class=\"figure file_view p-4\">\r\n\t\t\t\t\t\t\t\t\t\t\t\t\t\t\t\t<span class=\"file\"><img class=\"mb-2\" src=\"https:\/\/did-dev.net\/mineddte\/wp-content\/plugins\/wp-docs\/img\/filetype-icons\/pdf.png\" style=\"width: 25px; height: 25px\"><\/span>\r\n\t\t\t\t\t\t\t\t\t\t\t\t\t\t\t\t<small class=\"text-center\">DECRET N\u00b0 2024-658 DU 01 AOUT 2024 PORTANT CREATION, ATTRIBUTIONS, ORGANISATION ET FONCTIONNEMENT DU BUREAU DU MARCHE CARBONE EN CI<\/small>\r\n\t\t\t\t\t\t\t\t\t\t\t\t\t\t\t<\/figure>\r\n\t\t\t\t\t\t\t\t\t\t\t\t\t\t<\/td>\r\n\t\t\t\t\t\t\t\t\t\t\t\t\t<td data-time=\"1732014257\"><small>19 novembre 2024 11h04<\/small><\/td><td data-time=\"1732014257\"><small>19 novembre 2024 11h04<\/small><\/td><td><small>application\/pdf<\/small><\/td><td data-time=\"1938\"><small>1938 KB<\/small><\/td><\/tr>\r\n\t\t\t\t\t\t\t\t\t\t\t\t\t<tr title=\"DECRET-N\u00b0-2024-594-DU-26-JUIN-2024-PORTANT-CREATION-DE-LA-COMMISSION-NATIONALE-DE-LUTTE-CONTRE-LES-CHANGEMENTS-CLIMATIOQUES.pdf\" data-url=\"https:\/\/did-dev.net\/mineddte\/wp-content\/uploads\/2015\/08\/DECRET-N\u00b0-2024-594-DU-26-JUIN-2024-PORTANT-CREATION-DE-LA-COMMISSION-NATIONALE-DE-LUTTE-CONTRE-LES-CHANGEMENTS-CLIMATIOQUES.pdf\" class=\"file_view file_link is_file\" style=\"cursor: pointer;\" data-id=\"5783\">\r\n\r\n\t\t\t\t\t\t\t\t\t\t\t\t\t\t<td>\r\n\r\n\t\t\t\t\t\t\t\t\t\t\t\t\t\t\t<figure class=\"figure file_view p-4\">\r\n\t\t\t\t\t\t\t\t\t\t\t\t\t\t\t\t<span class=\"file\"><img class=\"mb-2\" src=\"https:\/\/did-dev.net\/mineddte\/wp-content\/plugins\/wp-docs\/img\/filetype-icons\/pdf.png\" style=\"width: 25px; height: 25px\"><\/span>\r\n\t\t\t\t\t\t\t\t\t\t\t\t\t\t\t\t<small class=\"text-center\">DECRET N\u00b0 2024-594 DU 26 JUIN 2024 PORTANT CREATION DE LA COMMISSION NATIONALE DE LUTTE CONTRE LES CHANGEMENTS CLIMATIOQUES<\/small>\r\n\t\t\t\t\t\t\t\t\t\t\t\t\t\t\t<\/figure>\r\n\t\t\t\t\t\t\t\t\t\t\t\t\t\t<\/td>\r\n\t\t\t\t\t\t\t\t\t\t\t\t\t<td data-time=\"1730716536\"><small>4 novembre 2024 10h35<\/small><\/td><td data-time=\"1730716536\"><small>4 novembre 2024 10h35<\/small><\/td><td><small>application\/pdf<\/small><\/td><td data-time=\"9117\"><small>9117 KB<\/small><\/td><\/tr>\r\n\t\t\t\t\t\t\t\t\t\t\t\t\t<tr title=\"DECRET-N-2024-595-DU-26-JUIN-2024-DETERMINANT-LES-REGLES-ET-PROCEDURES-APPLICABLES-AUX-EVALUATIONS-ENVIRONNEMENTALES-ET-SOCIALES.pdf\" data-url=\"https:\/\/did-dev.net\/mineddte\/wp-content\/uploads\/2015\/08\/DECRET-N-2024-595-DU-26-JUIN-2024-DETERMINANT-LES-REGLES-ET-PROCEDURES-APPLICABLES-AUX-EVALUATIONS-ENVIRONNEMENTALES-ET-SOCIALES.pdf\" class=\"file_view file_link is_file\" style=\"cursor: pointer;\" data-id=\"5580\">\r\n\r\n\t\t\t\t\t\t\t\t\t\t\t\t\t\t<td>\r\n\r\n\t\t\t\t\t\t\t\t\t\t\t\t\t\t\t<figure class=\"figure file_view p-4\">\r\n\t\t\t\t\t\t\t\t\t\t\t\t\t\t\t\t<span class=\"file\"><img class=\"mb-2\" src=\"https:\/\/did-dev.net\/mineddte\/wp-content\/plugins\/wp-docs\/img\/filetype-icons\/pdf.png\" style=\"width: 25px; height: 25px\"><\/span>\r\n\t\t\t\t\t\t\t\t\t\t\t\t\t\t\t\t<small class=\"text-center\">DECRET N 2024-595 DU 26 JUIN 2024 DETERMINANT LES REGLES ET PROCEDURES APPLICABLES AUX EVALUATIONS ENVIRONNEMENTALES ET SOCIALES<\/small>\r\n\t\t\t\t\t\t\t\t\t\t\t\t\t\t\t<\/figure>\r\n\t\t\t\t\t\t\t\t\t\t\t\t\t\t<\/td>\r\n\t\t\t\t\t\t\t\t\t\t\t\t\t<td data-time=\"1724059794\"><small>19 ao\u00fbt 2024 9h29<\/small><\/td><td data-time=\"1724059794\"><small>19 ao\u00fbt 2024 9h29<\/small><\/td><td><small>application\/pdf<\/small><\/td><td data-time=\"35157\"><small>35157 KB<\/small><\/td><\/tr>\r\n\t\t\t\t\t\t\t\t\t\t\t\t\t<tr title=\"DECRET-N-2023-968-DU-06-DECEMBRE-2023-PORTANT-ORGANISATION-DU-MINEDDTE.pdf\" data-url=\"https:\/\/did-dev.net\/mineddte\/wp-content\/uploads\/2015\/08\/DECRET-N-2023-968-DU-06-DECEMBRE-2023-PORTANT-ORGANISATION-DU-MINEDDTE.pdf\" class=\"file_view file_link is_file\" style=\"cursor: pointer;\" data-id=\"4966\">\r\n\r\n\t\t\t\t\t\t\t\t\t\t\t\t\t\t<td>\r\n\r\n\t\t\t\t\t\t\t\t\t\t\t\t\t\t\t<figure class=\"figure file_view p-4\">\r\n\t\t\t\t\t\t\t\t\t\t\t\t\t\t\t\t<span class=\"file\"><img class=\"mb-2\" src=\"https:\/\/did-dev.net\/mineddte\/wp-content\/plugins\/wp-docs\/img\/filetype-icons\/pdf.png\" style=\"width: 25px; height: 25px\"><\/span>\r\n\t\t\t\t\t\t\t\t\t\t\t\t\t\t\t\t<small class=\"text-center\">DECRET N 2023-968 DU 06 DECEMBRE 2023 PORTANT ORGANISATION DU MINEDDTE<\/small>\r\n\t\t\t\t\t\t\t\t\t\t\t\t\t\t\t<\/figure>\r\n\t\t\t\t\t\t\t\t\t\t\t\t\t\t<\/td>\r\n\t\t\t\t\t\t\t\t\t\t\t\t\t<td data-time=\"1704375777\"><small>4 janvier 2024 13h42<\/small><\/td><td data-time=\"1704375777\"><small>4 janvier 2024 13h42<\/small><\/td><td><small>application\/pdf<\/small><\/td><td data-time=\"17754\"><small>17754 KB<\/small><\/td><\/tr>\r\n\t\t\t\t\t\t\t\t\t\t\t\t\t<tr title=\"DECRET-N-2023-820-DU-25-OCT-2023-PORTANT-ATTRIBUTION-DES-MEMEBRES-DU-GVT_BEUGRE-MANBE-NVO.pdf\" data-url=\"https:\/\/did-dev.net\/mineddte\/wp-content\/uploads\/2015\/08\/DECRET-N-2023-820-DU-25-OCT-2023-PORTANT-ATTRIBUTION-DES-MEMEBRES-DU-GVT_BEUGRE-MANBE-NVO.pdf\" class=\"file_view file_link is_file\" style=\"cursor: pointer;\" data-id=\"5071\">\r\n\r\n\t\t\t\t\t\t\t\t\t\t\t\t\t\t<td>\r\n\r\n\t\t\t\t\t\t\t\t\t\t\t\t\t\t\t<figure class=\"figure file_view p-4\">\r\n\t\t\t\t\t\t\t\t\t\t\t\t\t\t\t\t<span class=\"file\"><img class=\"mb-2\" src=\"https:\/\/did-dev.net\/mineddte\/wp-content\/plugins\/wp-docs\/img\/filetype-icons\/pdf.png\" style=\"width: 25px; height: 25px\"><\/span>\r\n\t\t\t\t\t\t\t\t\t\t\t\t\t\t\t\t<small class=\"text-center\">DECRET N 2023-820 DU 25 OCT 2023 PORTANT ATTRIBUTION DES MEMEBRES DU GVT_BEUGRE MANBE NVO<\/small>\r\n\t\t\t\t\t\t\t\t\t\t\t\t\t\t\t<\/figure>\r\n\t\t\t\t\t\t\t\t\t\t\t\t\t\t<\/td>\r\n\t\t\t\t\t\t\t\t\t\t\t\t\t<td data-time=\"1707399015\"><small>8 f\u00e9vrier 2024 13h30<\/small><\/td><td data-time=\"1707399015\"><small>8 f\u00e9vrier 2024 13h30<\/small><\/td><td><small>application\/pdf<\/small><\/td><td data-time=\"47400\"><small>47400 KB<\/small><\/td><\/tr>\t\t\t\t\t\t\t\t<\/table>\r\n\t\t\t\t\t\t\t<\/div>\r\n\t\t\t\t\t\t<\/div>\r\n\t\r\n\t\t\t\t\t<\/div>\r\n\t\t\t\t\t<div class=\"card-footer text-right wpdocs-views position-relative\">\r\n\t\r\n\t\r\n\t\r\n\t\t\t\t\t\t<a data-source=\"large_icon_view\" data-toggle=\"tooltip\" data-placement=\"bottom\" title=\"Affichage des miniatures\" class=\"folder_view_btn fa fa-image fa-lg text-danger mr-2\"><\/a>\r\n\t\t\t\t\t\t<a data-source=\"list_view\" data-toggle=\"tooltip\" data-placement=\"bottom\" title=\"Vue en liste\" class=\"folder_view_btn fa fa-bars fa-lg text-danger mr-2\"><\/a>\r\n\t\t\t\t\t\t<a data-source=\"detail_view\" data-toggle=\"tooltip\" data-placement=\"bottom\" title=\"Vues d\u00e9taill\u00e9es\" class=\"folder_view_btn fa fa-list fa-lg text-danger mr-2\"><\/a>\r\n\t\t\t\t\t<\/div>\r\n\t\t\t\t<\/div>\r\n\t\t\t\t\t<div class=\"wpdocs_loader wpd_modal d-none\">\r\n\t\t\t\t\t<div class=\"modal_content\">\r\n\t\t\t\t\t\t<img src=\"https:\/\/did-dev.net\/mineddte\/wp-content\/plugins\/wp-docs\/img\/loader.gif\" width=\"50px\" height=\"50px\">\r\n\t\t\t\t\t<\/div>\r\n\t\t\t\t<\/div>\r\n\t            \r\n\t\r\n\t\t\t<\/div>\n","protected":false},"excerpt":{"rendered":"<p>Vous trouverez ci-dessous la liste de tous les D\u00e9crets impliquant le Minist\u00e8re de l&#8217;Environnement, du D\u00e9veloppement Durable et de la Transition Ecologique. Il est possible d&#8217;effectuer une recherche par th\u00e8me.<\/p>\n","protected":false},"author":1,"featured_media":0,"parent":0,"menu_order":0,"comment_status":"closed","ping_status":"closed","template":"","meta":{"_lmt_disableupdate":"no","_lmt_disable":"","pgc_sgb_lightbox_settings":""},"folder":[72],"_links":{"self":[{"href":"https:\/\/did-dev.net\/mineddte\/wp-json\/wp\/v2\/pages\/2384"}],"collection":[{"href":"https:\/\/did-dev.net\/mineddte\/wp-json\/wp\/v2\/pages"}],"about":[{"href":"https:\/\/did-dev.net\/mineddte\/wp-json\/wp\/v2\/types\/page"}],"author":[{"embeddable":true,"href":"https:\/\/did-dev.net\/mineddte\/wp-json\/wp\/v2\/users\/1"}],"replies":[{"embeddable":true,"href":"https:\/\/did-dev.net\/mineddte\/wp-json\/wp\/v2\/comments?post=2384"}],"version-history":[{"count":4,"href":"https:\/\/did-dev.net\/mineddte\/wp-json\/wp\/v2\/pages\/2384\/revisions"}],"predecessor-version":[{"id":5070,"href":"https:\/\/did-dev.net\/mineddte\/wp-json\/wp\/v2\/pages\/2384\/revisions\/5070"}],"wp:attachment":[{"href":"https:\/\/did-dev.net\/mineddte\/wp-json\/wp\/v2\/media?parent=2384"}],"wp:term":[{"taxonomy":"folder","embeddable":true,"href":"https:\/\/did-dev.net\/mineddte\/wp-json\/wp\/v2\/folder?post=2384"}],"curies":[{"name":"wp","href":"https:\/\/api.w.org\/{rel}","templated":true}]}}