{"id":1956,"date":"2021-09-29T11:55:59","date_gmt":"2021-09-29T11:55:59","guid":{"rendered":"https:\/\/did-dev.net\/mineddte\/?page_id=1956"},"modified":"2024-02-14T12:54:45","modified_gmt":"2024-02-14T12:54:45","slug":"structures-sous-tutelle","status":"publish","type":"page","link":"https:\/\/did-dev.net\/mineddte\/structures-sous-tutelle\/","title":{"rendered":"STRUCTURES SOUS-TUTELLES"},"content":{"rendered":"<p style=\"text-align: justify;\"><span style=\"font-family: verdana, geneva, sans-serif;\">Le Minist\u00e8re de l\u2019Environnement et du D\u00e9veloppement Durable (MINEDD) inclut en son sein <strong>trois (03) Structures Sous-Tutelles<\/strong> qui sont:<\/span><\/p>\n<h2 style=\"text-align: justify;\" data-tadv-p=\"keep\"><span style=\"font-family: verdana, geneva, sans-serif;\"><strong>I- <\/strong><span style=\"text-decoration: underline;\"><strong>L\u2019Office Ivoirien des Parcs et R\u00e9serves <\/strong><\/span><strong>(OIPR)<\/strong><\/span><\/h2>\n<p style=\"text-align: justify;\" data-tadv-p=\"keep\"><span style=\"font-family: verdana, geneva, sans-serif;\">Il est dirig\u00e9 par <strong>Monsieur TONDOSSAMA ADAMA<\/strong> (Fonction: Directeur G\u00e9n\u00e9ral).<\/span><\/p>\n<p style=\"text-align: justify;\" data-tadv-p=\"keep\"><span style=\"font-family: verdana, geneva, sans-serif;\">L\u2019<strong>Office Ivoirien des Parcs et R\u00e9serves (OIPR)<\/strong> a pour objectif de pr\u00e9server et valoriser un \u00e9chantillon repr\u00e9sentatif de la diversit\u00e9 biologique nationale, et maintenir les processus \u00e9cologiques dans les aires prot\u00e9g\u00e9es de fa\u00e7on durable.<\/span><br \/>\n<span style=\"font-family: verdana, geneva, sans-serif;\">Cet objectif d\u00e9coule du Programme Cadre de Gestion des Aires Prot\u00e9g\u00e9es (PCGAP) identifi\u00e9 en 1996 suite \u00e0 un bilan-diagnostic du secteur des Parcs nationaux et R\u00e9serves naturelles de C\u00f4te d\u2019Ivoire.<\/span><br \/>\n<span style=\"font-family: verdana, geneva, sans-serif;\">Vous pouvez consulter ici une pr\u00e9sentation du <a href=\"https:\/\/did-dev.net\/mineddte\/wp-content\/uploads\/2022\/01\/DECRET-DE-CREATION-OIPR.pdf\" target=\"_blank\" rel=\"noopener\">D\u00e9cret de Cr\u00e9ation de l&#8217;OIPR<\/a>. Site Web: <a href=\"https:\/\/www.oipr.ci\/\" target=\"_blank\" rel=\"noopener\">https:\/\/www.oipr.ci\/<\/a>.<\/span><\/p>\n<p style=\"text-align: justify;\">\u00a0<\/p>\n<h2 style=\"text-align: justify;\" data-tadv-p=\"keep\"><span style=\"font-family: verdana, geneva, sans-serif;\"><strong>II- <span style=\"text-decoration: underline;\">Le Centre Ivoirien Antipollution<\/span> (CIAPOL)<\/strong><\/span><\/h2>\n<p style=\"text-align: justify;\" data-tadv-p=\"keep\"><span style=\"font-family: verdana, geneva, sans-serif;\">Il est dirig\u00e9 par <strong>Monsieur YAPO Ossey Bernad<\/strong> (Fonction: Directeur).<\/span><\/p>\n<p style=\"text-align: justify;\" data-tadv-p=\"keep\"><span style=\"font-family: verdana, geneva, sans-serif;\">Le Centre ivoirien Antipollution (CIAPOL) est un Etablissement Public \u00e0 caract\u00e8re Administratif (E.P.A.) plac\u00e9 sous la tutelle administrative et technique du Ministre de l\u2019Environnement, de la Construction et de l&#8217;Urbanisme. Le CIAPOL est en charge de la gestion de d\u00e9chets, la surveillance de la qualit\u00e9 de l&#8217;air, du sol et des eaux, la supervision et la r\u00e9alisation de bilan de pollution.<\/span><br \/>\n<span style=\"font-family: verdana, geneva, sans-serif;\">Vous pouvez consulter ici une pr\u00e9sentation du <a href=\"https:\/\/did-dev.net\/mineddte\/wp-content\/uploads\/2022\/01\/DECRET-DE-CREATION-CIAPOL.pdf\" target=\"_blank\" rel=\"noopener\">D\u00e9cret de Cr\u00e9ation du CIAPOL<\/a>. Site Web: <a href=\"http:\/\/www.ciapol.ci\/\" target=\"_blank\" rel=\"noopener\">http:\/\/www.ciapol.ci\/<\/a>.<\/span><\/p>\n<p style=\"text-align: justify;\">\u00a0<\/p>\n<h2 style=\"text-align: justify;\" data-tadv-p=\"keep\"><span style=\"font-family: verdana, geneva, sans-serif;\"><strong>III- <span style=\"text-decoration: underline;\">L&#8217;Agence Nationale de l&#8217;Environnement<\/span> (ANDE)<\/strong><\/span><\/h2>\n<p style=\"text-align: justify;\" data-tadv-p=\"keep\"><span style=\"font-family: verdana, geneva, sans-serif;\">Elle est dirig\u00e9e par <strong>Monsieur BOUAKY Ernest<\/strong> (Fonction: Directeur).<\/span><\/p>\n<p style=\"text-align: justify;\" data-tadv-p=\"keep\"><span style=\"font-family: verdana, geneva, sans-serif;\">L\u2019ANDE est un \u00c9tablissement Public National (EPN) dont la mission est l\u2019ex\u00e9cution des projets et programmes environnementaux en C\u00f4te d\u2019Ivoire. Les attributions de l\u2019ANDE sont : assurer la coordination de l\u2019ex\u00e9cution des projets de d\u00e9veloppement \u00e0 caract\u00e8re environnemental; constituer et g\u00e9rer un portefeuille de projets d\u2019investissements environnementaux; garantir la prise en compte des pr\u00e9occupations environnementales dans les projets et programmes de d\u00e9veloppement; veiller \u00e0 la mise en place et \u00e0 la gestion d\u2019un syst\u00e8me national d\u2019informations environnementales; mettre en \u0153uvre, la proc\u00e9dure d\u2019\u00e9tude d\u2019impact ainsi que l\u2019\u00e9valuation de l\u2019impact environnemental des politiques macro-\u00e9conomiques; \u00e9tablir une relation suivie avec les r\u00e9seaux d\u2019ONG; \u00e9laborer les profils environnementaux et les plans de gestion des collectivit\u00e9s locales; r\u00e9aliser l\u2019audit environnemental des ouvrages et entreprises; \u00e9duquer, informer, sensibiliser\/communiquer \u00e0 la protection de l\u2019Environnement.<\/span><br \/>\n<span style=\"font-family: verdana, geneva, sans-serif;\">Vous pouvez consulter ici le <a href=\"https:\/\/did-dev.net\/mineddte\/wp-content\/uploads\/2022\/01\/Decret-de-Creation-de-lANDE-Juillet-1997.pdf\" target=\"_blank\" rel=\"noopener\">D\u00e9cret de Cr\u00e9ation de l&#8217;ANDE &#8211; Juillet 1997<\/a>. \u00a0Site web : <a href=\"http:\/\/ande-ci.com\/\">www.ande-ci.com<\/a><\/span><\/p>\n","protected":false},"excerpt":{"rendered":"<p>Le Minist\u00e8re de l\u2019Environnement et du D\u00e9veloppement Durable (MINEDD) inclut en son sein trois (03) Structures Sous-Tutelles qui sont: I- L\u2019Office Ivoirien des Parcs et R\u00e9serves (OIPR) Il est dirig\u00e9 [&hellip;]<\/p>\n","protected":false},"author":1,"featured_media":0,"parent":0,"menu_order":0,"comment_status":"closed","ping_status":"closed","template":"","meta":{"_lmt_disableupdate":"no","_lmt_disable":"","pgc_sgb_lightbox_settings":""},"folder":[71],"_links":{"self":[{"href":"https:\/\/did-dev.net\/mineddte\/wp-json\/wp\/v2\/pages\/1956"}],"collection":[{"href":"https:\/\/did-dev.net\/mineddte\/wp-json\/wp\/v2\/pages"}],"about":[{"href":"https:\/\/did-dev.net\/mineddte\/wp-json\/wp\/v2\/types\/page"}],"author":[{"embeddable":true,"href":"https:\/\/did-dev.net\/mineddte\/wp-json\/wp\/v2\/users\/1"}],"replies":[{"embeddable":true,"href":"https:\/\/did-dev.net\/mineddte\/wp-json\/wp\/v2\/comments?post=1956"}],"version-history":[{"count":13,"href":"https:\/\/did-dev.net\/mineddte\/wp-json\/wp\/v2\/pages\/1956\/revisions"}],"predecessor-version":[{"id":5118,"href":"https:\/\/did-dev.net\/mineddte\/wp-json\/wp\/v2\/pages\/1956\/revisions\/5118"}],"wp:attachment":[{"href":"https:\/\/did-dev.net\/mineddte\/wp-json\/wp\/v2\/media?parent=1956"}],"wp:term":[{"taxonomy":"folder","embeddable":true,"href":"https:\/\/did-dev.net\/mineddte\/wp-json\/wp\/v2\/folder?post=1956"}],"curies":[{"name":"wp","href":"https:\/\/api.w.org\/{rel}","templated":true}]}}