{"id":1950,"date":"2021-09-29T11:31:11","date_gmt":"2021-09-29T11:31:11","guid":{"rendered":"https:\/\/did-dev.net\/mineddte\/?page_id=1950"},"modified":"2025-03-07T14:57:22","modified_gmt":"2025-03-07T14:57:22","slug":"contacts-utiles","status":"publish","type":"page","link":"https:\/\/did-dev.net\/mineddte\/contacts-utiles\/","title":{"rendered":"Contacts utiles"},"content":{"rendered":"<p style=\"text-align: left;\"><span style=\"font-family: verdana, geneva, sans-serif;\"><strong>SECR\u00c9TARIAT MINISTRE : <\/strong><\/span><br \/>\n<span style=\"font-family: verdana, geneva, sans-serif;\">27 20 23 99 00 \/ 27 20 23 99 03<\/span><\/p>\n<p><span style=\"font-family: verdana, geneva, sans-serif;\"><strong>SECR\u00c9TARIAT DIRECTEUR DE CABINET :<\/strong><\/span><br \/>\n<span style=\"font-family: verdana, geneva, sans-serif;\">27 20 23 99 00 \/ 27 20 23 99 03<\/span><\/p>\n<p><span style=\"font-family: verdana, geneva, sans-serif;\"><strong>DIRECTEUR DE CABINET ADJOINT : <\/strong><\/span><br \/>\n<span style=\"font-family: verdana, geneva, sans-serif;\">27 20 23 99 00 \/ 27 20 23 99 03<\/span><\/p>\n<p><span style=\"font-family: verdana, geneva, sans-serif;\"><strong>DIRECTION G\u00c9N\u00c9RALE DE L&#8217;ENVIRONNEMENT :<\/strong><\/span><br \/>\n<span style=\"font-family: verdana, geneva, sans-serif;\">27 22 40 48 90<\/span><\/p>\n<p><span style=\"font-family: verdana, geneva, sans-serif;\"><strong>DIRECTION G\u00c9N\u00c9RALE DU D\u00c9VELOPPEMENT DURABLE ET DE LA TRANSITION ECOLOGIQUE : <\/strong><\/span><br \/>\n<span style=\"font-family: verdana, geneva, sans-serif;\">27 22 55 28 68<\/span><\/p>\n<p><span style=\"font-family: verdana, geneva, sans-serif;\"><strong>DIRECTION DE LA COMMUNICATION ET DES RELATIONS PUBLIQUES :<\/strong><\/span><br \/>\n<span style=\"font-family: verdana, geneva, sans-serif;\">27 20 23 99 00<\/span><\/p>\n<p><span style=\"font-family: verdana, geneva, sans-serif;\"><strong>AGENCE NATIONALE DE L&#8217;ENVIRONNEMENT<\/strong><strong> (ANDE) : <\/strong><\/span><br \/>\n<span style=\"font-family: verdana, geneva, sans-serif;\">27 22 41 17 04 <\/span><\/p>\n<p><span style=\"font-family: verdana, geneva, sans-serif;\"><strong>CENTRE IVOIRIEN ANTI-POLLUTION (CIAPOL) :<\/strong><\/span><br \/>\n<span style=\"font-family: verdana, geneva, sans-serif;\">27 20 22 54 44 \/ FAX : 27 20 32 22 16<\/span><\/p>\n<p><span style=\"font-family: verdana, geneva, sans-serif;\"><strong>OFFICE IVOIRIEN DES PARCS ET R\u00c9SERVES (OIPR)\u00a0<\/strong>:<\/span><br \/>\n<span style=\"font-family: verdana, geneva, sans-serif;\">27 22 41 60 83 \/ 27 22 41 40 59<\/span><\/p>\n<p style=\"text-align: left;\"><span style=\"font-family: verdana, geneva, sans-serif;\"><strong>CENTRE D&#8217;APPEL GOUVERNEMENTAL\u00a0<\/strong>:<\/span><br \/>\n<span style=\"font-family: verdana, geneva, sans-serif;\">Appeler le 101 (num\u00e9ro gratuit, 24h\/24)<\/span><\/p>\n<p style=\"text-align: left;\"><span style=\"font-family: verdana, geneva, sans-serif;\"><strong>NOUS ECRIRE PAR COURRIER\u00a0<\/strong>:<\/span><\/p>\n<p style=\"text-align: left;\"><span style=\"font-family: verdana, geneva, sans-serif;\">20 BP 650 Abidjan 20<\/span><\/p>\n<p style=\"text-align: left;\"><span style=\"font-family: verdana, geneva, sans-serif;\">Cabinet, Plateau-Cit\u00e9 Administrative, Tour A, <\/span><span style=\"font-family: verdana, geneva, sans-serif;\">1er et 4\u00e8me Etages<\/span><\/p>\n<p style=\"text-align: justify;\"><span style=\"font-family: verdana, geneva, sans-serif;\">Tel:\u00a0 27 20 23 99 00 \/ 27 20 23 99 03<\/span><\/p>\n<p style=\"text-align: left;\">\n","protected":false},"excerpt":{"rendered":"<p>SECR\u00c9TARIAT MINISTRE : 27 20 23 99 00 \/ 27 20 23 99 03 SECR\u00c9TARIAT DIRECTEUR DE CABINET : 27 20 23 99 00 \/ 27 20 23 99 03 [&hellip;]<\/p>\n","protected":false},"author":1,"featured_media":0,"parent":0,"menu_order":0,"comment_status":"closed","ping_status":"closed","template":"","meta":{"_lmt_disableupdate":"no","_lmt_disable":"","pgc_sgb_lightbox_settings":""},"folder":[55],"_links":{"self":[{"href":"https:\/\/did-dev.net\/mineddte\/wp-json\/wp\/v2\/pages\/1950"}],"collection":[{"href":"https:\/\/did-dev.net\/mineddte\/wp-json\/wp\/v2\/pages"}],"about":[{"href":"https:\/\/did-dev.net\/mineddte\/wp-json\/wp\/v2\/types\/page"}],"author":[{"embeddable":true,"href":"https:\/\/did-dev.net\/mineddte\/wp-json\/wp\/v2\/users\/1"}],"replies":[{"embeddable":true,"href":"https:\/\/did-dev.net\/mineddte\/wp-json\/wp\/v2\/comments?post=1950"}],"version-history":[{"count":6,"href":"https:\/\/did-dev.net\/mineddte\/wp-json\/wp\/v2\/pages\/1950\/revisions"}],"predecessor-version":[{"id":5984,"href":"https:\/\/did-dev.net\/mineddte\/wp-json\/wp\/v2\/pages\/1950\/revisions\/5984"}],"wp:attachment":[{"href":"https:\/\/did-dev.net\/mineddte\/wp-json\/wp\/v2\/media?parent=1950"}],"wp:term":[{"taxonomy":"folder","embeddable":true,"href":"https:\/\/did-dev.net\/mineddte\/wp-json\/wp\/v2\/folder?post=1950"}],"curies":[{"name":"wp","href":"https:\/\/api.w.org\/{rel}","templated":true}]}}