{"id":1948,"date":"2021-09-29T11:29:47","date_gmt":"2021-09-29T11:29:47","guid":{"rendered":"https:\/\/did-dev.net\/mineddte\/?page_id=1948"},"modified":"2025-03-25T11:59:50","modified_gmt":"2025-03-25T11:59:50","slug":"foire-aux-questions-faq","status":"publish","type":"page","link":"https:\/\/did-dev.net\/mineddte\/foire-aux-questions-faq\/","title":{"rendered":"Foire Aux Questions (FAQ)"},"content":{"rendered":"<p style=\"text-align: justify;\"><span style=\"font-family: verdana, geneva, sans-serif; font-size: 12pt;\"><strong>\u00a0 \u00a0 \u00a0 \u00a0 \u00a0 \u00a0 \u00a0 \u00a0 \u00a0 \u00a0 \u00a01- Qu\u2019est-ce que le Gaz \u00e0 Effet de Serre (GES) ?<\/strong><\/span><\/p>\n<p style=\"text-align: justify;\"><span style=\"font-family: verdana, geneva, sans-serif; font-size: 12pt;\">L\u2019effet de serre est un ph\u00e9nom\u00e8ne naturel par lequel les gaz naturellement pr\u00e9sents dans l\u2019atmosph\u00e8re retiennent une partie de la chaleur \u00e9mise par notre plan\u00e8te. Ces gaz sont appel\u00e9s \u00ab gaz \u00e0 effet de serre \u00bb et form\u00e9s essentiellement de vapeur d&#8217;eau, de dioxyde de carbone (CO2 ou gaz carbonique), de m\u00e9thane (CH4), de protoxyde d&#8217;azote (N2O) et d&#8217;ozone (O3). Sans ces gaz, la temp\u00e9rature moyenne sur Terre serait de -18 \u00b0C, et la vie telle que nous la connaissons deviendrait impossible.<\/span><\/p>\n<p style=\"text-align: justify;\"><span style=\"font-family: verdana, geneva, sans-serif; font-size: 12pt;\"><strong>\u00a0 \u00a0 \u00a0 \u00a0 \u00a0 \u00a0 \u00a0 \u00a0 \u00a0 \u00a0 2- Quelles sont les causes des GES ?<\/strong><\/span><\/p>\n<p style=\"text-align: justify;\"><span style=\"font-family: verdana, geneva, sans-serif; font-size: 12pt;\">L\u2019utilisation massive de combustibles fossiles comme le p\u00e9trole, le charbon ou le gaz naturel, la d\u00e9forestation, certains proc\u00e9d\u00e9s industriels et pratiques agricoles ainsi que l&#8217;enfouissement des d\u00e9chets. Quand nous br\u00fblons des combustibles fossiles tels que du charbon et du p\u00e9trole pour produire de l\u2019\u00e9lectricit\u00e9 ou faire rouler des voitures ou, quand nous d\u00e9frichons des for\u00eats pour produire des cultures, de nouvelles \u00e9missions arrivent dans l\u2019atmosph\u00e8re.<\/span><\/p>\n<p style=\"text-align: justify;\"><span style=\"font-family: verdana, geneva, sans-serif; font-size: 12pt;\"><strong>\u00a0 \u00a0 \u00a0 \u00a0 \u00a0 \u00a0 \u00a0 \u00a0 \u00a0 \u00a0 3- Qu\u2019est-ce que le Changement climatique (CC) ?<\/strong><\/span><\/p>\n<p style=\"text-align: justify;\"><span style=\"font-family: verdana, geneva, sans-serif; font-size: 12pt;\">On entend par CC des changements de climat qui sont attribu\u00e9s directement ou indirectement \u00e0 une activit\u00e9 humaine alt\u00e9rant la composition de l\u2019atmosph\u00e8re mondiale et qui viennent s\u2019ajouter \u00e0 la variabilit\u00e9 naturelle du climat observ\u00e9e au cours des p\u00e9riodes comparables.<\/span><\/p>\n<p style=\"text-align: justify;\"><span style=\"font-family: verdana, geneva, sans-serif; font-size: 12pt;\"><strong>\u00a0 \u00a0 \u00a0 \u00a0 \u00a0 \u00a0 \u00a0 \u00a0 \u00a0 \u00a04- Qu\u2019est-ce que la Vuln\u00e9rabilit\u00e9 ?<\/strong><\/span><\/p>\n<p style=\"text-align: justify;\"><span style=\"font-family: verdana, geneva, sans-serif; font-size: 12pt;\">La mesure dans laquelle des syst\u00e8mes naturels, des collectivit\u00e9s territoriales et des personnes physiques sont sensibles ou incapables de faire face aux effets d\u00e9favorables des Changements Climatiques, y compris la variabilit\u00e9 du climat et les ph\u00e9nom\u00e8nes extr\u00eames.<\/span><\/p>\n<p style=\"text-align: justify;\"><span style=\"font-family: verdana, geneva, sans-serif; font-size: 12pt;\"><strong>\u00a0 \u00a0 \u00a0 \u00a0 \u00a0 \u00a0 \u00a0 \u00a0 \u00a0 5- Qu\u2019est-ce que l\u2019Adaptation ?<\/strong><\/span><\/p>\n<p style=\"text-align: justify;\"><span style=\"font-family: verdana, geneva, sans-serif; font-size: 12pt;\">Les initiatives et mesures prises pour r\u00e9duire la vuln\u00e9rabilit\u00e9 des syst\u00e8mes naturels et humains aux effets des changements climatiques r\u00e9els ou pr\u00e9vus.<\/span><\/p>\n<p style=\"text-align: justify;\"><span style=\"font-family: verdana, geneva, sans-serif; font-size: 12pt;\"><strong>\u00a0 \u00a0 \u00a0 \u00a0 \u00a0 \u00a0 \u00a0 \u00a0 \u00a0 \u00a06- Qu\u2019est-ce que la R\u00e9silience ?<\/strong><\/span><\/p>\n<p style=\"text-align: justify;\"><span style=\"font-family: verdana, geneva, sans-serif; font-size: 12pt;\">La capacit\u00e9 \u00e0 faire face de mani\u00e8re durable aux effets des changements climatiques.<\/span><\/p>\n<p style=\"text-align: justify;\"><span style=\"font-family: verdana, geneva, sans-serif; font-size: 12pt;\"><strong>\u00a0 \u00a0 \u00a0 \u00a0 \u00a0 \u00a0 \u00a0 \u00a0 \u00a0 \u00a07- Qu\u2019est-ce que l\u2019Att\u00e9nuation ?<\/strong><\/span><\/p>\n<p style=\"text-align: justify;\"><span style=\"font-family: verdana, geneva, sans-serif; font-size: 12pt;\">Toute activit\u00e9 permettant de r\u00e9duire la concentration globale des GES dans l\u2019atmosph\u00e8re. En d\u2019autres termes, c\u2019est l\u2019ensemble des moyens et techniques de substitution et de modification employ\u00e9s dans le but de r\u00e9duire les ressources engag\u00e9es et les \u00e9missions par unit\u00e9 de production.<\/span><\/p>\n<p style=\"text-align: justify;\"><span style=\"font-family: verdana, geneva, sans-serif; font-size: 12pt;\"><strong>\u00a0 \u00a0 \u00a0 \u00a0 \u00a0 \u00a0 \u00a0 \u00a0 \u00a0 \u00a08- Quels sont les impacts du changement climatique ?<\/strong><\/span><\/p>\n<ul style=\"text-align: justify;\">\n<li><span style=\"font-family: verdana, geneva, sans-serif; font-size: 12pt;\"><strong>Sur l\u2019agriculture, l\u2019\u00e9levage, l\u2019aquaculture<\/strong> : modification du calendrier agricole, baisse des volumes de production pour certaines cultures, changements des zones climatiques favorables aux cultures, d\u00e9gradation et diminution des p\u00e2turages et augmentation des risques de mortalit\u00e9 du b\u00e9tail, cons\u00e9quences sur la s\u00fbret\u00e9 alimentaire et \u00e9conomique.<\/span><\/li>\n<li><span style=\"font-family: verdana, geneva, sans-serif; font-size: 12pt;\"><strong>Sur les for\u00eats et l\u2019utilisation des terres :<\/strong> d\u00e9p\u00e9rissement des for\u00eats, augmentation du risque de feux de for\u00eats et augmentation de la d\u00e9gradation des sols et de la d\u00e9sertification.<\/span><\/li>\n<li><span style=\"font-family: verdana, geneva, sans-serif; font-size: 12pt;\"><strong>Sur les ressources en eau<\/strong> : baisse de la disponibilit\u00e9 en eau de surface, forte baisse de la charge en eaux souterraines, augmentation de l\u2019\u00e9vapotranspiration des eaux de surface, mauvaise r\u00e9partition spatio-temporelle des ressources en eau et augmentation des risques de s\u00e9cheresses, ressources en eau douce diminu\u00e9es.<\/span><\/li>\n<li><span style=\"font-family: verdana, geneva, sans-serif; font-size: 12pt;\"><strong>Sur la sant\u00e9 :<\/strong> augmentation de temp\u00e9rature de l&#8217;air et donc de l&#8217;eau li\u00e9e au changement climatique qui pourrait donc favoriser le d\u00e9veloppement de maladies li\u00e9es \u00e0 l\u2019air (asthme) ou \u00e0 l\u2019eau (chol\u00e9ra) et augmentation des vagues de chaleur extr\u00eames.<\/span><\/li>\n<li><span style=\"font-family: verdana, geneva, sans-serif; font-size: 12pt;\"><strong>Sur les zones c\u00f4ti\u00e8res :<\/strong> intensification de l\u2019\u00e9rosion c\u00f4ti\u00e8re, augmentation des risques d\u2019inondations et de submersions marine, \u00e9l\u00e9vation du niveau de la mer, destruction des infrastructures et habitats.<\/span><\/li>\n<\/ul>\n<p style=\"text-align: justify;\"><span style=\"font-family: verdana, geneva, sans-serif; font-size: 12pt;\"><strong>\u00a0 \u00a0 \u00a0 \u00a0 \u00a0 \u00a0 \u00a0 \u00a0 \u00a0 9- Qu\u2019est-ce que la finance climat ?<\/strong><\/span><\/p>\n<p style=\"text-align: justify;\"><span style=\"font-family: verdana, geneva, sans-serif; font-size: 12pt;\">Tout mouvement de fonds vers des activit\u00e9s qui r\u00e9duisent les \u00e9missions de GES ou aident la soci\u00e9t\u00e9 \u00e0 s\u2019adapter au changement climatique.<\/span><\/p>\n<p style=\"text-align: justify;\"><span style=\"font-family: verdana, geneva, sans-serif; font-size: 12pt;\"><strong>\u00a0 \u00a0 \u00a0 \u00a0 \u00a0 \u00a0 \u00a0 \u00a0 \u00a0 10- Qu\u2019est-ce que la finance climatique ?<\/strong><\/span><\/p>\n<p style=\"text-align: justify;\"><span style=\"font-family: verdana, geneva, sans-serif; font-size: 12pt;\">Elle d\u00e9signe les ressources financi\u00e8res mobilis\u00e9es pour aider les pays en d\u00e9veloppement dans l\u2019att\u00e9nuation et l\u2019adaptation aux effets des changements climatiques.<\/span><\/p>\n<p style=\"text-align: justify;\"><span style=\"font-family: verdana, geneva, sans-serif; font-size: 12pt;\"><strong>\u00a0 \u00a0 \u00a0 \u00a0 \u00a0 \u00a0 \u00a0 \u00a0 \u00a0 11- Comprendre la fiscalit\u00e9 environnementale<\/strong><\/span><\/p>\n<p><span style=\"font-size: 10pt;\">( Source: CT LAGAUD MAYEUL ALEX, Secr\u00e9taire ex\u00e9cutif de la Commission Nationale de Lutte contre les Changements Climatiques )<\/span><\/p>\n<p style=\"text-align: justify;\"><span style=\"font-family: verdana, geneva, sans-serif; font-size: 12pt;\">De mani\u00e8re g\u00e9n\u00e9rale, la fiscalit\u00e9 environnementale s\u2019appr\u00e9hende <strong>comme l\u2019ensemble des instruments fiscaux (taxe, redevances, imp\u00f4ts, mesures d\u2019incitation fiscale) institu\u00e9s ayant pour objectif de contribuer \u00e0 la protection de l\u2019environnement<\/strong>. L\u2019objectif vis\u00e9 par cette fiscalit\u00e9 pourrait se d\u00e9cliner en trois aspects, \u00e0 savoir :<\/span><\/p>\n<ul style=\"text-align: justify;\">\n<li><span style=\"font-family: verdana, geneva, sans-serif; font-size: 12pt;\">l\u2019effet de dissuasion portant sur certains comportements ou produits polluants ;<\/span><\/li>\n<li><span style=\"font-family: verdana, geneva, sans-serif; font-size: 12pt;\">l\u2019effet d\u2019incitation tourn\u00e9 vers une action en faveur de l\u2019environnement ;<\/span><\/li>\n<li><span style=\"font-family: verdana, geneva, sans-serif; font-size: 12pt;\">l\u2019affectation des sommes pr\u00e9lev\u00e9es visant la pr\u00e9servation des milieux et des ressources.<\/span><\/li>\n<\/ul>\n<p style=\"text-align: justify;\"><span style=\"font-family: verdana, geneva, sans-serif; font-size: 12pt;\">Les expressions <em><strong>\u00ab fiscalit\u00e9 de l\u2019environnement \u00bb, \u00ab \u00e9cofiscalit\u00e9 \u00bb, \u00ab fiscalit\u00e9 \u00e9cologique \u00bb, \u00ab fiscalit\u00e9 verte \u00bb<\/strong><\/em>, peuvent \u00eatre consid\u00e9r\u00e9es comme des synonymes du terme <em><strong>\u00ab fiscalit\u00e9 environnementale \u00bb<\/strong><\/em>.<\/span><\/p>\n<p style=\"text-align: justify;\"><span style=\"font-family: verdana, geneva, sans-serif; font-size: 12pt;\">\u00a0\u00a0 Deux textes nationaux majeurs d\u00e9finissent le concept de fiscalit\u00e9 environnementale.<\/span><\/p>\n<ul>\n<li style=\"text-align: justify;\"><span style=\"font-family: verdana, geneva, sans-serif; font-size: 12pt;\"><strong>L\u2019article 1<sup>er<\/sup> alin\u00e9a 20\u00a0de la loi n\u00b02014-390 du 20 juin 2014 d\u2019orientation sur le d\u00e9veloppement durable <\/strong>d\u00e9finit la fiscalit\u00e9 verte comme \u00ab l\u2019ensemble des imp\u00f4ts, taxes et redevances dont l&#8217;assiette est constitu\u00e9e par un polluant ou, plus g\u00e9n\u00e9ralement, par un produit ou un service qui d\u00e9t\u00e9riore l&#8217;environnement\u00a0\u00bb.<\/span><\/li>\n<li style=\"text-align: justify;\"><span style=\"font-family: verdana, geneva, sans-serif; font-size: 12pt;\"><strong>L\u2019article 1<sup>er<\/sup> alin\u00e9a 52 de la loi n\u00b02023-900 du 23 Novembre 2023 portant Code de l\u2019environnement <\/strong>d\u00e9finit la fiscalit\u00e9 environnementale comme : un ensemble de syst\u00e8me d\u2019imposition destin\u00e9 au financement des politiques, des plans, des programmes et des projets relatifs \u00e0 l\u2019environnement.<\/span><\/li>\n<\/ul>\n","protected":false},"excerpt":{"rendered":"<p>\u00a0 \u00a0 \u00a0 \u00a0 \u00a0 \u00a0 \u00a0 \u00a0 \u00a0 \u00a0 \u00a01- Qu\u2019est-ce que le Gaz \u00e0 Effet de Serre (GES) ? L\u2019effet de serre est un ph\u00e9nom\u00e8ne naturel par lequel [&hellip;]<\/p>\n","protected":false},"author":1,"featured_media":0,"parent":0,"menu_order":0,"comment_status":"closed","ping_status":"closed","template":"","meta":{"_lmt_disableupdate":"no","_lmt_disable":"","pgc_sgb_lightbox_settings":""},"folder":[55],"_links":{"self":[{"href":"https:\/\/did-dev.net\/mineddte\/wp-json\/wp\/v2\/pages\/1948"}],"collection":[{"href":"https:\/\/did-dev.net\/mineddte\/wp-json\/wp\/v2\/pages"}],"about":[{"href":"https:\/\/did-dev.net\/mineddte\/wp-json\/wp\/v2\/types\/page"}],"author":[{"embeddable":true,"href":"https:\/\/did-dev.net\/mineddte\/wp-json\/wp\/v2\/users\/1"}],"replies":[{"embeddable":true,"href":"https:\/\/did-dev.net\/mineddte\/wp-json\/wp\/v2\/comments?post=1948"}],"version-history":[{"count":7,"href":"https:\/\/did-dev.net\/mineddte\/wp-json\/wp\/v2\/pages\/1948\/revisions"}],"predecessor-version":[{"id":6288,"href":"https:\/\/did-dev.net\/mineddte\/wp-json\/wp\/v2\/pages\/1948\/revisions\/6288"}],"wp:attachment":[{"href":"https:\/\/did-dev.net\/mineddte\/wp-json\/wp\/v2\/media?parent=1948"}],"wp:term":[{"taxonomy":"folder","embeddable":true,"href":"https:\/\/did-dev.net\/mineddte\/wp-json\/wp\/v2\/folder?post=1948"}],"curies":[{"name":"wp","href":"https:\/\/api.w.org\/{rel}","templated":true}]}}