{"id":1931,"date":"2021-09-28T11:00:45","date_gmt":"2021-09-28T11:00:45","guid":{"rendered":"https:\/\/did-dev.net\/mineddte\/?page_id=1931"},"modified":"2024-03-19T10:06:04","modified_gmt":"2024-03-19T10:06:04","slug":"directions-centrales","status":"publish","type":"page","link":"https:\/\/did-dev.net\/mineddte\/directions-centrales\/","title":{"rendered":"DIRECTIONS CENTRALES"},"content":{"rendered":"<p style=\"text-align: justify;\"><span style=\"font-family: verdana, geneva, sans-serif;\">Le Minist\u00e8re de l\u2019Environnement, du D\u00e9veloppement Durable et de la Transition Ecologique (MINEDDTE) comprend <strong>huit (08) Directions Centrales<\/strong> qui sont:<\/span><\/p>\n<h2 style=\"text-align: justify;\" data-tadv-p=\"keep\"><span style=\"font-family: verdana, geneva, sans-serif; font-size: 14pt;\">I- <span style=\"text-decoration: underline;\">La Direction de la Lutte contre les Changements Climatiques et de la Transition Ecologique<\/span><\/span><\/h2>\n<p style=\"text-align: justify;\" data-tadv-p=\"keep\"><span style=\"font-family: verdana, geneva, sans-serif;\">Elle est dirig\u00e9e par <strong>Monsieur ASSAMOI ABE YAPO ERIC-MICHEL<\/strong> (Fonction: Directeur).<\/span><\/p>\n<p style=\"text-align: justify;\" data-tadv-p=\"keep\"><span style=\"font-family: verdana, geneva, sans-serif;\">La Direction de la Lutte contre les Changements Climatiques et de la Transition Ecologique est charg\u00e9e :<\/span><\/p>\n<ul style=\"text-align: justify;\">\n<li><span style=\"font-family: verdana, geneva, sans-serif;\">de veiller \u00e0 la mise en coh\u00e9rence des politiques et strat\u00e9gies sectorielles de la transition \u00e9cologique ;<\/span><\/li>\n<li><span style=\"font-family: verdana, geneva, sans-serif;\">de contribuer \u00e0 la mise en place d&#8217;une veille strat\u00e9gique visant \u00e0 assurer et \u00e0 consolider la transition \u00e9cologique sectorielle ;\u00a0<\/span><\/li>\n<li><span style=\"font-family: verdana, geneva, sans-serif;\">de veiller \u00e0 la synergie d&#8217;actions entre les piliers socio\u00e9conomiques de d\u00e9veloppement, en alignement aux engagements du pays sur le climat ;<\/span><\/li>\n<li><span style=\"font-family: verdana, geneva, sans-serif;\">de garantir la prise en compte optimale des concepts li\u00e9s \u00e0 la transition \u00e9cologique dans l&#8217;\u00e9laboration, la mise en \u0153uvre et le suivi du Plan National de D\u00e9veloppement;<\/span><\/li>\n<li><span style=\"font-family: verdana, geneva, sans-serif;\">de participer aux rencontres et processus relatifs \u00e0 l&#8217;environnement et au d\u00e9veloppement durable ;<\/span><\/li>\n<li><span style=\"font-family: verdana, geneva, sans-serif;\">de contribuer au respect des engagements nationaux et internationaux en mati\u00e8re de lutte contre les changements climatiques ;<\/span><\/li>\n<li><span style=\"font-family: verdana, geneva, sans-serif;\">de veiller \u00e0 la mobilisation effective et au renforcement des capacit\u00e9s de toutes les parties prenantes en mati\u00e8re de transition \u00e9cologique;<\/span><\/li>\n<li><span style=\"font-family: verdana, geneva, sans-serif;\">d&#8217;assurer le suivi et l&#8217;\u00e9valuation du d\u00e9veloppement, de la promotion de technologies vertes, des modes de consommation et de production responsables ;<\/span><\/li>\n<li><span style=\"font-family: verdana, geneva, sans-serif;\">de coordonner l&#8217;\u00e9laboration des politiques et strat\u00e9gies sectorielles de lutte contre la pollution atmosph\u00e9rique ;<\/span><\/li>\n<li><span style=\"font-family: verdana, geneva, sans-serif;\">de r\u00e9aliser les cadastres d&#8217;\u00e9missions des polluants atmosph\u00e9riques dans les grandes villes de la C\u00f4te d&#8217;Ivoire ;<\/span><\/li>\n<li><span style=\"font-family: verdana, geneva, sans-serif;\">d&#8217;\u00e9valuer les actions de lutte contre la pollution de l&#8217;air et de r\u00e9duction de l&#8217;exposition de la population \u00e0 la pollution de l&#8217;air ;<\/span><\/li>\n<li><span style=\"font-family: verdana, geneva, sans-serif;\">d&#8217;accompagner les d\u00e9cideurs par l&#8217;\u00e9valuation des actions de lutte contre la pollution de l&#8217;air et de r\u00e9duction de l&#8217;exposition de la population \u00e0 la pollution de l&#8217;air ;<\/span><\/li>\n<li><span style=\"font-family: verdana, geneva, sans-serif;\">d&#8217;informer et de sensibiliser la population et les acteurs locaux au quotidien et en cas d&#8217;\u00e9pisodes de pollution ;<\/span><\/li>\n<li><span style=\"font-family: verdana, geneva, sans-serif;\">de mettre en place un cadre de dialogue permanent entre la recherche scientifique et les d\u00e9cideurs politiques en mati\u00e8re de pollution atmosph\u00e9rique ;<\/span><\/li>\n<li><span style=\"font-family: verdana, geneva, sans-serif;\">de contribuer, en lien avec le Minist\u00e8re de la Sant\u00e9 et de l&#8217;Hygi\u00e8ne Publique, \u00e0 la pr\u00e9vention des risques sanitaires li\u00e9s \u00e0 la pollution de l&#8217;air ;<\/span><\/li>\n<li><span style=\"font-family: verdana, geneva, sans-serif;\">de participer \u00e0 l&#8217;\u00e9laboration des normes de la qualit\u00e9 de l&#8217;air et de veiller, en relation avec l&#8217;Agence Nationale de l&#8217;Environnement et le Centre Ivoirien Antipollution au respect des normes requises ;<\/span><\/li>\n<li><span style=\"font-family: verdana, geneva, sans-serif;\">de mettre en \u0153uvre les conventions internationales et accords multilat\u00e9raux environnementaux sur la pollution atmosph\u00e9rique.<\/span><\/li>\n<\/ul>\n<p style=\"text-align: justify;\" data-tadv-p=\"keep\"><span style=\"font-family: verdana, geneva, sans-serif;\">La Direction de la Lutte contre les Changements Climatiques et de la Transition Ecologique comprend quatre Sous-Directions :<\/span><\/p>\n<ul style=\"text-align: justify;\">\n<li><span style=\"font-family: verdana, geneva, sans-serif;\">la Sous-Direction des Politiques et Strat\u00e9gies d\u2019Adaptation et d\u2019Att\u00e9nuation ;<\/span><\/li>\n<li><span style=\"font-family: verdana, geneva, sans-serif;\">la Sous-Direction de la Lutte contre la Pollution Atmosph\u00e9rique ;<\/span><\/li>\n<li><span style=\"font-family: verdana, geneva, sans-serif;\">la Sous-Direction des N\u00e9gociations Internationales et du Suivi des Engagements ;<\/span><\/li>\n<li><span style=\"font-family: verdana, geneva, sans-serif;\">la Sous-Direction de la Finance Climat et des March\u00e9s Carbones.<\/span><\/li>\n<\/ul>\n<h2 style=\"text-align: justify;\" data-tadv-p=\"keep\"><span style=\"font-family: verdana, geneva, sans-serif;\">II- <span style=\"text-decoration: underline;\">La Direction de la Protection de la Nature<\/span><\/span><\/h2>\n<p style=\"text-align: justify;\" data-tadv-p=\"keep\"><span style=\"font-family: verdana, geneva, sans-serif;\">Elle est dirig\u00e9e par <strong>Monsieur N&#8217;DA KOGNAN DEGRACE<\/strong> (Fonction: Directeur).<\/span><\/p>\n<p style=\"text-align: justify;\" data-tadv-p=\"keep\"><span style=\"font-family: verdana, geneva, sans-serif;\">La Direction de la Protection de la Nature est charg\u00e9e :<\/span><\/p>\n<ul style=\"text-align: justify;\">\n<li><span style=\"font-family: verdana, geneva, sans-serif;\">d&#8217;\u00e9laborer les politiques et strat\u00e9gies de conservation du r\u00e9seau des parcs nationaux et r\u00e9serves naturelles, de la faune sauvage pour leur gestion durable ;<\/span><\/li>\n<li><span style=\"font-family: verdana, geneva, sans-serif;\">d&#8217;\u00e9laborer les politiques et strat\u00e9gies de protection et de mise en valeur des \u00e9cosyst\u00e8mes aquatiques ;<\/span><\/li>\n<li><span style=\"font-family: verdana, geneva, sans-serif;\">d&#8217;assurer le suivi de la mise en \u0153uvre des conventions et accords internationaux relatifs aux parcs nationaux et r\u00e9serves naturelles, ainsi qu&#8217;\u00e0 la diversit\u00e9 biologique ;<\/span><\/li>\n<li><span style=\"font-family: verdana, geneva, sans-serif;\">d&#8217;assurer le suivi de la mise \u00e0 jour de la Monographie sur la Diversit\u00e9 Biologique et d&#8217;ex\u00e9cution des activit\u00e9s des Points Focaux des Conventions y aff\u00e9rentes ;<\/span><\/li>\n<li><span style=\"font-family: verdana, geneva, sans-serif;\">de promouvoir et d&#8217;assurer le suivi de la mise en valeur des sites et des paysages naturels ;<\/span><\/li>\n<li><span style=\"font-family: verdana, geneva, sans-serif;\">d&#8217;assurer le suivi de la cr\u00e9ation et de la valorisation des aires marines prot\u00e9g\u00e9es ;<\/span><\/li>\n<li><span style=\"font-family: verdana, geneva, sans-serif;\">de participer, en relation avec les Structures Techniques des Minist\u00e8res concern\u00e9s, \u00e0 la mise en \u0153uvre du Code de l&#8217;Eau, en ce qui concerne la protection, la surveillance, la disponibilit\u00e9 et la qualit\u00e9 des ressources en eau sur l&#8217;ensemble du territoire national ;<\/span><\/li>\n<li><span style=\"font-family: verdana, geneva, sans-serif;\">d&#8217;assurer le suivi et l&#8217;\u00e9valuation des projets financ\u00e9s par les institutions bilat\u00e9rales et multilat\u00e9rales ainsi que par les personnes physiques ou morales de droit priv\u00e9 pour la pr\u00e9servation des parcs nationaux et des r\u00e9serves naturelles ;<\/span><\/li>\n<li><span style=\"font-family: verdana, geneva, sans-serif;\">d&#8217;assurer le suivi de la mise en \u0153uvre des programmes de surveillance des parcs nationaux, des r\u00e9serves naturelles, des esp\u00e8ces menac\u00e9es et des esp\u00e8ces migratrices, de promouvoir les actions de conservation, d&#8217;am\u00e9nagement et de r\u00e9habilitation des espaces verts urbains et p\u00e9riurbains ;<\/span><\/li>\n<li><span style=\"font-family: verdana, geneva, sans-serif;\">de promouvoir la cr\u00e9ation des r\u00e9serves volontaires et assurer le suivi des activit\u00e9s y aff\u00e9rentes.<\/span><\/li>\n<\/ul>\n<p style=\"text-align: justify;\" data-tadv-p=\"keep\"><span style=\"font-family: verdana, geneva, sans-serif;\">La Direction de la Protection de la Nature comprend trois Sous-Directions :<\/span><\/p>\n<ul style=\"text-align: justify;\">\n<li><span style=\"font-family: verdana, geneva, sans-serif;\">la Sous-Direction de de la conservation des parcs, r\u00e9serves, sites et paysages naturels ;<\/span><\/li>\n<li><span style=\"font-family: verdana, geneva, sans-serif;\">la Sous-Direction du suivi et \u00e9valuation des activit\u00e9s des parcs et r\u00e9serves ;<\/span><\/li>\n<li><span style=\"font-family: verdana, geneva, sans-serif;\">la Sous-Direction des Aires Marines Prot\u00e9g\u00e9es.<\/span><\/li>\n<\/ul>\n<h2 style=\"text-align: justify;\" data-tadv-p=\"keep\"><span style=\"font-family: verdana, geneva, sans-serif;\">III- <span style=\"text-decoration: underline;\">La Direction de la Qualit\u00e9 de l\u2019Environnement et de la Pr\u00e9vention des Risques<\/span><\/span><\/h2>\n<p style=\"text-align: justify;\" data-tadv-p=\"keep\"><span style=\"font-family: verdana, geneva, sans-serif;\">Elle est dirig\u00e9e par <strong>Dr TIE YRO HYACINTHE<\/strong> (Fonction: Directeur).<\/span><\/p>\n<p style=\"text-align: justify;\" data-tadv-p=\"keep\"><span style=\"font-family: verdana, geneva, sans-serif;\">La Direction de la Qualit\u00e9 de l\u2019Environnement et de la Pr\u00e9vention des Risques est charg\u00e9e :<\/span><\/p>\n<ul style=\"text-align: justify;\">\n<li><span style=\"font-family: verdana, geneva, sans-serif;\">d&#8217;\u00e9laborer les politiques et strat\u00e9gies de protection de l&#8217;environnement ;<\/span><\/li>\n<li><span style=\"font-family: verdana, geneva, sans-serif;\">d&#8217;assurer le suivi de la mise en \u0153uvre des politiques et strat\u00e9gies de protection de l&#8217;environnement <\/span><\/li>\n<li><span style=\"font-family: verdana, geneva, sans-serif;\">de participer, en lien avec la Direction des Affaires Juridiques et du Contentieux, au suivi de la mise en \u0153uvre du Code de l&#8217;Environnement et de la l\u00e9gislation nationale dans le domaine de l&#8217;environnement ;<\/span><\/li>\n<li><span style=\"font-family: verdana, geneva, sans-serif;\">de promouvoir l&#8217;int\u00e9gration de la r\u00e9duction des risques de catastrophes naturelles et biotechnologiques dans la planification du d\u00e9veloppement sectoriel et local ;<\/span><\/li>\n<li><span style=\"font-family: verdana, geneva, sans-serif;\">de contribuer \u00e0 l&#8217;\u00e9laboration et au suivi de la mise en \u0153uvre des strat\u00e9gies et plans en mati\u00e8re de r\u00e9duction des risques de catastrophe ;<\/span><\/li>\n<li><span style=\"font-family: verdana, geneva, sans-serif;\">de mettre en \u0153uvre les actions visant \u00e0 instaurer un environnement sain aux populations ;<\/span><\/li>\n<li><span style=\"font-family: verdana, geneva, sans-serif;\">d&#8217;\u00e9laborer, en liaison avec les autres directions, le rapport national sur l&#8217;\u00e9tat de l&#8217;environnement ;<\/span><\/li>\n<li><span style=\"font-family: verdana, geneva, sans-serif;\">de veiller \u00e0 la prise en compte des consid\u00e9rations environnementales dans les strat\u00e9gies et sch\u00e9mas d&#8217;am\u00e9nagement du territoire.<\/span><\/li>\n<\/ul>\n<p style=\"text-align: justify;\" data-tadv-p=\"keep\"><span style=\"font-family: verdana, geneva, sans-serif;\">La Direction de la Qualit\u00e9 de l\u2019Environnement et de la Pr\u00e9vention des Risques comprend trois Sous-Directions :<\/span><\/p>\n<ul style=\"text-align: justify;\">\n<li><span style=\"font-family: verdana, geneva, sans-serif;\">la Sous-Direction des Politiques environnementales ;<\/span><\/li>\n<li><span style=\"font-family: verdana, geneva, sans-serif;\">la Sous-Direction de la Promotion de la Qualit\u00e9 des matrices environnementales et de la Bios\u00e9curit\u00e9 ;<\/span><\/li>\n<li><span style=\"font-family: verdana, geneva, sans-serif;\">la Sous-Direction de la Pr\u00e9vention des Risques Majeurs et Biotechnologiques.<\/span><\/li>\n<\/ul>\n<h2 style=\"text-align: justify;\" data-tadv-p=\"keep\"><span style=\"font-family: verdana, geneva, sans-serif;\">IV- <span style=\"text-decoration: underline;\">La Direction des D\u00e9chets Industriels et Substances Chimiques<\/span><\/span><\/h2>\n<p style=\"text-align: justify;\" data-tadv-p=\"keep\"><span style=\"font-family: verdana, geneva, sans-serif;\">Elle est dirig\u00e9e par <strong>Monsieur SEYHI BRAHIMA<\/strong> (Fonction: Directeur).<\/span><\/p>\n<p style=\"text-align: justify;\" data-tadv-p=\"keep\"><span style=\"font-family: verdana, geneva, sans-serif;\">La Direction des D\u00e9chets industriels et Substances chimiques est charg\u00e9e :<\/span><\/p>\n<ul style=\"text-align: justify;\">\n<li><span style=\"font-family: verdana, geneva, sans-serif;\">d&#8217;\u00e9laborer la politique nationale de gestion des D\u00e9chets Industriels et des Substances Chimiques ;<\/span><\/li>\n<li><span style=\"font-family: verdana, geneva, sans-serif;\">d&#8217;assurer le suivi de la mise de la politique nationale de gestion des D\u00e9chets Industriels et des Substances Chimiques;<\/span><\/li>\n<li><span style=\"font-family: verdana, geneva, sans-serif;\">d&#8217;assurer le suivi de la mise en \u0153uvre des conventions, protocoles et accords sur les d\u00e9chets industriels et les substances chimiques ;<\/span><\/li>\n<li><span style=\"font-family: verdana, geneva, sans-serif;\">de veiller \u00e0 la mise en \u0153uvre des Conventions de B\u00e2le, de Bamako, de Rotterdam, de Stockholm et des autres conventions et protocoles en mati\u00e8re de d\u00e9chets industriels et de substances chimiques, ratifi\u00e9s par la C\u00f4te d&#8217;Ivoire ;<\/span><\/li>\n<li><span style=\"font-family: verdana, geneva, sans-serif;\">d&#8217;organiser et de suivre le syst\u00e8me de collecte, de transport, le stockage, et\/ou de traitement des d\u00e9chets issues des bateaux par les prestataires de service selon la r\u00e9glementation en vigueur ;<\/span><\/li>\n<li><span style=\"font-family: verdana, geneva, sans-serif;\">d&#8217;\u00e9laborer et de vulgariser des strat\u00e9gies de gestion int\u00e9gr\u00e9e des d\u00e9chets industriels et des substances chimiques ;<\/span><\/li>\n<li><span style=\"font-family: verdana, geneva, sans-serif;\">d&#8217;organiser et de suivre le syst\u00e8me de collecte, de transport, et\/ou de traitement des r\u00e9sidus d&#8217;hydrocarbures, huiles usag\u00e9es, chiffons souill\u00e9s, filtres et autres sur les bateaux\u00a0 et sur l&#8217;\u00e9tendu du territoire par les prestataires de service selon la r\u00e9glementation en vigueur ;<\/span><\/li>\n<li><span style=\"font-family: verdana, geneva, sans-serif;\">d&#8217;organiser et de suivre le syst\u00e8me de collecte, de transport, et\/ou de traitement des d\u00e9chets industriels par les prestataires de service selon la r\u00e9glementation en vigueur ;<\/span><\/li>\n<li><span style=\"font-family: verdana, geneva, sans-serif;\">d&#8217;encourager les laboratoires et les entreprises \u00e0 se conformer aux normes internationales en mati\u00e8re de gestion de d\u00e9chets industriels et des substances chimiques ;<\/span><\/li>\n<li><span style=\"font-family: verdana, geneva, sans-serif;\">d&#8217;assurer la collecte des donn\u00e9es sur les d\u00e9chets industriels et les substances chimiques ;<\/span><\/li>\n<li><span style=\"font-family: verdana, geneva, sans-serif;\">de veiller \u00e0 la publication p\u00e9riodique des donn\u00e9es sur les d\u00e9chets industriels et les substances chimiques, ainsi que sur leurs mouvements transfronti\u00e8res ;<\/span><\/li>\n<li><span style=\"font-family: verdana, geneva, sans-serif;\">de promouvoir les normes internationales en mati\u00e8re de gestion des d\u00e9chets industriels et des substances chimiques ;<\/span><\/li>\n<li><span style=\"font-family: verdana, geneva, sans-serif;\">d&#8217;\u00e9laborer des programmes d&#8217;information, de sensibilisation et d&#8217;\u00e9ducation sur les enjeux d&#8217;une gestion \u00e9cologiquement rationnelle des D\u00e9chets Industriels et Substances Chimiques.<\/span><\/li>\n<li><span style=\"font-family: verdana, geneva, sans-serif;\">de promouvoir des programmes d&#8217;information, de sensibilisation et d&#8217;\u00e9ducation sur les enjeux d&#8217;une gestion \u00e9cologiquement rationnelle des d\u00e9chets industriels et des substances chimiques.<\/span><\/li>\n<\/ul>\n<p style=\"text-align: justify;\" data-tadv-p=\"keep\"><span style=\"font-family: verdana, geneva, sans-serif;\">La Direction des D\u00e9chets industriels et Substances chimiques comprend trois Sous-Directions :<\/span><\/p>\n<ul style=\"text-align: justify;\">\n<li><span style=\"font-family: verdana, geneva, sans-serif;\">la Sous-Direction des normes de pr\u00e9vention des produits chimiques et des d\u00e9chets dangereux ;<\/span><\/li>\n<li><span style=\"font-family: verdana, geneva, sans-serif;\">la Sous-Direction de la Gestion des D\u00e9chets Industriel ;<\/span><\/li>\n<li><span style=\"font-family: verdana, geneva, sans-serif;\">la Sous-Direction de la Gestion des Substances Chimiques.<\/span><\/li>\n<\/ul>\n<h2 style=\"text-align: justify;\" data-tadv-p=\"keep\"><span style=\"font-family: verdana, geneva, sans-serif;\">V- <span style=\"text-decoration: underline;\">La Direction des Politiques et Strat\u00e9gies du D\u00e9veloppement Durable<\/span><\/span><\/h2>\n<p style=\"text-align: justify;\" data-tadv-p=\"keep\"><span style=\"font-family: verdana, geneva, sans-serif;\">Elle est dirig\u00e9e par <strong>Dr YAPO Rachelle Ida Epse YAPO<\/strong> (Fonction: Directeur).<\/span><\/p>\n<p style=\"text-align: justify;\" data-tadv-p=\"keep\"><span style=\"font-family: verdana, geneva, sans-serif;\">La Direction des Politiques et Strat\u00e9gies du D\u00e9veloppement Durable est charg\u00e9e :<\/span><\/p>\n<ul style=\"text-align: justify;\">\n<li><span style=\"font-family: verdana, geneva, sans-serif;\">de veiller \u00e0 la mise en coh\u00e9rence des politiques sectorielles par rapport aux exigences du d\u00e9veloppement durable ;<\/span><\/li>\n<li><span style=\"font-family: verdana, geneva, sans-serif;\">d&#8217;assurer le suivi et l&#8217;\u00e9valuation de la mise en \u0153uvre des Objectifs de D\u00e9veloppement Durable ainsi que leur priorisation au niveau national ;<\/span><\/li>\n<li><span style=\"font-family: verdana, geneva, sans-serif;\">d&#8217;\u00e9laborer et d&#8217;assurer le suivi de la mise en \u0153uvre des normes en mati\u00e8re de d\u00e9veloppement durable ;<\/span><\/li>\n<li><span style=\"font-family: verdana, geneva, sans-serif;\">d&#8217;assurer le suivi-\u00e9valuation de la mise en \u0153uvre des politiques, plans et programmes au regard des principes et objectifs du d\u00e9veloppement durable ;<\/span><\/li>\n<li><span style=\"font-family: verdana, geneva, sans-serif;\">de participer aux rencontres et processus relatifs au d\u00e9veloppement durable ;<\/span><\/li>\n<li><span style=\"font-family: verdana, geneva, sans-serif;\">de veiller au respect des engagements nationaux et internationaux en mati\u00e8re de d\u00e9veloppement durable ;<\/span><\/li>\n<li><span style=\"font-family: verdana, geneva, sans-serif;\">d&#8217;assurer l&#8217;\u00e9laboration de rapports quinquennaux sur le D\u00e9veloppement Durable en vue de l&#8217;\u00e9valuation de mise en \u0153uvre des Objectifs du D\u00e9veloppement Durable \u00e0 l&#8217;horizon 2030 ;<\/span><\/li>\n<li><span style=\"font-family: verdana, geneva, sans-serif;\">de d\u00e9finir, de mettre \u00e0 jour et de suivre, avec toutes les parties prenantes, des indicateurs nationaux d&#8217;\u00e9tat, des politiques, plans et programmes du d\u00e9veloppement durable ;<\/span><\/li>\n<li><span style=\"font-family: verdana, geneva, sans-serif;\">de contribuer \u00e8 la collecte et au traitement des donn\u00e9es, en liaison avec les services concern\u00e9s, en vue de renseigner les indicateurs de d\u00e9veloppement durable ;<\/span><\/li>\n<li><span style=\"font-family: verdana, geneva, sans-serif;\">de contribuer \u00e0 la publication r\u00e9guli\u00e8re des indicateurs de d\u00e9veloppement durable ;<\/span><\/li>\n<li><span style=\"font-family: verdana, geneva, sans-serif;\">de veiller au renforcement des capacit\u00e9s en mati\u00e8re de D\u00e9veloppement Durable des parties prenantes.<\/span><\/li>\n<\/ul>\n<p style=\"text-align: justify;\" data-tadv-p=\"keep\"><span style=\"font-family: verdana, geneva, sans-serif;\">La Direction des Politiques et Strat\u00e9gies du D\u00e9veloppement Durable comprend trois Sous-Directions :<\/span><\/p>\n<ul style=\"text-align: justify;\">\n<li><span style=\"font-family: verdana, geneva, sans-serif;\">la Sous-Direction des Politiques et Normes du D\u00e9veloppement Durable ;<\/span><\/li>\n<li><span style=\"font-family: verdana, geneva, sans-serif;\">la Sous-Direction des Strat\u00e9gies et du Renforcement des capacit\u00e9s en D\u00e9veloppement Durable ;<\/span><\/li>\n<li><span style=\"font-family: verdana, geneva, sans-serif;\">la Sous-Direction du Suivi et de l\u2019Evaluation des Objectifs de D\u00e9veloppement Durable.<\/span><\/li>\n<\/ul>\n<h2 style=\"text-align: justify;\" data-tadv-p=\"keep\"><span style=\"font-family: verdana, geneva, sans-serif;\">VI- <span style=\"text-decoration: underline;\">La Direction de la Promotion et de l&#8217;Education au D\u00e9veloppement Durable<\/span><\/span><\/h2>\n<p style=\"text-align: justify;\" data-tadv-p=\"keep\"><span style=\"font-family: verdana, geneva, sans-serif;\">Elle est dirig\u00e9e par <strong>Madame KOMOE ADJO CHRISTINE EPSE YAO<\/strong> (Fonction: Directeur).<\/span><\/p>\n<p style=\"text-align: justify;\" data-tadv-p=\"keep\"><span style=\"font-family: verdana, geneva, sans-serif;\">La Direction de la Promotion et de l&#8217;Education au D\u00e9veloppement Durable est charg\u00e9e :<\/span><\/p>\n<ul style=\"text-align: justify;\">\n<li><span style=\"font-family: verdana, geneva, sans-serif;\">d\u2019assurer l\u2019information, la sensibilisation et l\u2019\u00e9ducation des diff\u00e9rentes couches de la population par rapport aux enjeux, principes et objectifs de d\u00e9veloppement durable, en liaison avec le secr\u00e9tariat Permanent de la Commission Nationale du D\u00e9veloppement Durable ;<\/span><\/li>\n<li><span style=\"font-family: verdana, geneva, sans-serif;\">d\u2019initier des Partenariats avec les m\u00e9dias publics pour la diffusion de l\u2019information sur le d\u00e9veloppement durable en collaboration avec le service de la communication ;<\/span><\/li>\n<li><span style=\"font-family: verdana, geneva, sans-serif;\">d\u2019assurer l\u2019int\u00e9gration du D\u00e9veloppement Durable dans les curricula de formation ;<\/span><\/li>\n<li><span style=\"font-family: verdana, geneva, sans-serif;\">de promouvoir le d\u00e9veloppement durable dans le syst\u00e8me \u00e9ducatif formel et non formel ;<\/span><\/li>\n<\/ul>\n<p style=\"text-align: justify;\" data-tadv-p=\"keep\"><span style=\"font-family: verdana, geneva, sans-serif;\">La Direction de la Promotion du D\u00e9veloppement Durable comprend trois Sous-Directions :<\/span><\/p>\n<ul style=\"text-align: justify;\">\n<li><span style=\"font-family: verdana, geneva, sans-serif;\">la Sous-Direction de la Promotion de Bonnes Pratiques en mati\u00e8re de D\u00e9veloppement Durable ;<\/span><\/li>\n<li><span style=\"font-family: verdana, geneva, sans-serif;\">la Sous-Direction de la Mobilisation et du Suivi des Acteurs du D\u00e9veloppement Durable ;<\/span><\/li>\n<li><span style=\"font-family: verdana, geneva, sans-serif;\">la Sous-Direction. de l\u2019Information et des Relations Publiques en mati\u00e8re de d\u00e9veloppement durable.<\/span><\/li>\n<\/ul>\n<h2 style=\"text-align: justify;\" data-tadv-p=\"keep\"><span style=\"font-family: verdana, geneva, sans-serif;\">VII- <span style=\"text-decoration: underline;\">La Direction de l\u2019Economie Verte et de la Responsabilit\u00e9 Soci\u00e9tale des Organisations<\/span><\/span><\/h2>\n<p style=\"text-align: justify;\" data-tadv-p=\"keep\"><span style=\"font-family: verdana, geneva, sans-serif;\">Elle est dirig\u00e9e par <strong>Monsieur GBOCHO OHOUO DIDIER<\/strong> (Fonction: Directeur).<\/span><\/p>\n<p style=\"text-align: justify;\" data-tadv-p=\"keep\"><span style=\"font-family: verdana, geneva, sans-serif;\">La Direction de l\u2019Economie Verte et de la Responsabilit\u00e9 Soci\u00e9tale des Organisations est charg\u00e9e :<\/span><\/p>\n<ul style=\"text-align: justify;\">\n<li><span style=\"font-family: verdana, geneva, sans-serif;\">d&#8217;\u00e9laborer les politiques et strat\u00e9gies en mati\u00e8re de responsabilit\u00e9 soci\u00e9tale des organisations, en collaboration avec les diff\u00e9rentes parties ;<\/span><\/li>\n<li><span style=\"font-family: verdana, geneva, sans-serif;\">d&#8217;assurer le suivi de la mise en \u0153uvre de la strat\u00e9gie et de la r\u00e8glementation en mati\u00e8re de responsabilit\u00e9 soci\u00e9tale des organisations, en collaboration avec les diff\u00e9rentes parties ;<\/span><\/li>\n<li><span style=\"font-family: verdana, geneva, sans-serif;\">de veiller \u00e0 l&#8217;int\u00e9gration de la Responsabilit\u00e9 Soci\u00e9tale des Organisations dans les politiques, programmes, plans et projets des organisations;<\/span><\/li>\n<li><span style=\"font-family: verdana, geneva, sans-serif;\">de suivre et d&#8217;\u00e9valuer la mise en \u0153uvre des la Responsabilit\u00e9 Soci\u00e9tale des Organisations dans les organisations publiques et priv\u00e9es ;<\/span><\/li>\n<li><span style=\"font-family: verdana, geneva, sans-serif;\">d&#8217;assurer le d\u00e9veloppement de fili\u00e8res vertes et innovantes ;<\/span><\/li>\n<li><span style=\"font-family: verdana, geneva, sans-serif;\">de promouvoir les technologies vertes ;<\/span><\/li>\n<li><span style=\"font-family: verdana, geneva, sans-serif;\">de promouvoir les emplois et m\u00e9tiers verts en liaison avec les Minist\u00e8res concern\u00e9s ;<\/span><\/li>\n<li><span style=\"font-family: verdana, geneva, sans-serif;\">d&#8217;inciter l&#8217;investissement dans les fili\u00e8res vertes et les technologies propres ;<\/span><\/li>\n<li><span style=\"font-family: verdana, geneva, sans-serif;\">de soutenir les initiatives volontaires issues du secteur productif en harmonie avec les principes du d\u00e9veloppement durable ;<\/span><\/li>\n<li><span style=\"font-family: verdana, geneva, sans-serif;\">de participer au processus de verdissement du PND 2016-2020 ;<\/span><\/li>\n<li><span style=\"font-family: verdana, geneva, sans-serif;\">d&#8217;assurer le suivi de mise en place d&#8217;une fiscalit\u00e9 environnementale incitative par des m\u00e9canismes l\u00e9gislatifs et r\u00e9glementaires ;<\/span><\/li>\n<li><span style=\"font-family: verdana, geneva, sans-serif;\">de contribuer au d\u00e9veloppement de la finance carbone, de la comptabilit\u00e9 environnementale et des villes durables ;<\/span><\/li>\n<li><span style=\"font-family: verdana, geneva, sans-serif;\">de promouvoir l&#8217;\u00e9conomie circulaire, les formes d&#8217;exploitation \u00e9conome des ressources rares et les modes de consommation et de production durable y compris les achats publics durables ;<\/span><\/li>\n<li><span style=\"font-family: verdana, geneva, sans-serif;\">de promouvoir les \u00e9nergies renouvelables et \u00e0 faible \u00e9mission de carbone en liaison avec le Minist\u00e8re en charge du P\u00e9trole et de l&#8217;Energie ;<\/span><\/li>\n<li><span style=\"font-family: verdana, geneva, sans-serif;\">de participer \u00e0 l&#8217;\u00e9laboration et \u00e0 la mise en \u0153uvre de la strat\u00e9gie bas carbone ;<\/span><\/li>\n<li><span style=\"font-family: verdana, geneva, sans-serif;\">d&#8217;assurer la prise en compte des labels qui refl\u00e8tent le d\u00e9veloppement durable au sein des services publics, des entreprises priv\u00e9es et des organisations de la soci\u00e9t\u00e9 civile ; <\/span><\/li>\n<li><span style=\"font-family: verdana, geneva, sans-serif;\">de susciter la recherche et la promotion des technologies appropri\u00e9es pour la gestion \u00e9cologiquement rationnelle des d\u00e9chets industriels et des substances chimiques aupr\u00e8s des entreprises..<\/span><\/li>\n<\/ul>\n<p style=\"text-align: justify;\" data-tadv-p=\"keep\"><span style=\"font-family: verdana, geneva, sans-serif;\">La Direction de l\u2019Economie Verte et de la Responsabilit\u00e9 Soci\u00e9tale des Organisations comprend trois Sous-Directions :<\/span><\/p>\n<ul style=\"text-align: justify;\">\n<li><span style=\"font-family: verdana, geneva, sans-serif;\">la Sous-Direction de l\u2019Economie Verte et de l&#8217;Innovation Technologique ;<\/span><\/li>\n<li><span style=\"font-family: verdana, geneva, sans-serif;\">la Sous-Direction des Politiques et Strat\u00e9gies de la RSO ;<\/span><\/li>\n<li><span style=\"font-family: verdana, geneva, sans-serif;\">la Sous-Direction du suivi-\u00e9valuation de la Politique de la RSO.<\/span><\/li>\n<\/ul>\n<h2 style=\"text-align: justify;\" data-tadv-p=\"keep\"><span style=\"font-family: verdana, geneva, sans-serif;\">VIII- <span style=\"text-decoration: underline;\">La Direction de l\u2019Economie Bleue et de l&#8217;Environnement C\u00f4tier<\/span><\/span><\/h2>\n<p style=\"text-align: justify;\"><span style=\"font-family: verdana, geneva, sans-serif;\">Elle est dirig\u00e9e par <strong>Monsieur YAO N&#8217;DA FIRMIN<\/strong>\u00a0 (Fonction: Directeur)<\/span><\/p>\n<p style=\"text-align: justify;\"><span style=\"font-family: verdana, geneva, sans-serif;\">La Direction de l&#8217;Economie Bleue et de l&#8217;Environnement C\u00f4tier est charg\u00e9e :<\/span><\/p>\n<ul style=\"list-style-type: disc; text-align: justify;\">\n<li><span style=\"font-family: verdana, geneva, sans-serif;\">de promouvoir l&#8217;\u00e9conomie bleue dans les secteurs \u00e9conomiques tels que la p\u00eache, l&#8217;aquaculture, le tourisme c\u00f4tier et le transport maritime;<\/span><\/li>\n<li><span style=\"font-family: verdana, geneva, sans-serif;\">d&#8217;\u00e9laborer des r\u00e9glementations et des politiques visant \u00e0 prot\u00e9ger et \u00e0 g\u00e9rer de mani\u00e8re durable les ressources marine et c\u00f4ti\u00e8res ;<\/span><\/li>\n<li><span style=\"font-family: verdana, geneva, sans-serif;\">de participer aux n\u00e9gociations internationales sur les questions li\u00e9es \u00e0 l&#8217;\u00e9conomie bleue;<\/span><\/li>\n<li><span style=\"font-family: verdana, geneva, sans-serif;\">d&#8217;encourager l&#8217;innovation et la recherche dans les secteurs li\u00e9s \u00e0 l&#8217;\u00e9conomie bleue;<\/span><\/li>\n<li><span style=\"font-family: verdana, geneva, sans-serif;\">de sensibiliser la population aux enjeux de l&#8217;\u00e9conomie bleue et de la protection de l&#8217;environnement c\u00f4tier;<\/span><\/li>\n<li><span style=\"font-family: verdana, geneva, sans-serif;\">d&#8217;\u00e9valuer l&#8217;impact des activit\u00e9s \u00e9conomiques sur l&#8217;environnement c\u00f4tier.<\/span><\/li>\n<\/ul>\n<p style=\"text-align: justify;\"><span style=\"font-family: verdana, geneva, sans-serif;\">La Direction de l&#8217;Economie Bleue et de l&#8217;Environnement C\u00f4tier comprend trois (03) Sous-Directions :<\/span><\/p>\n<ul style=\"list-style-type: disc;\">\n<li style=\"text-align: justify;\"><span style=\"font-family: verdana, geneva, sans-serif;\">la Sous-Direction des Ressources Marines et C\u00f4ti\u00e8res ;<\/span><\/li>\n<li style=\"text-align: justify;\"><span style=\"font-family: verdana, geneva, sans-serif;\">la Sous-Direction du D\u00e9veloppement Economique Marin et C\u00f4tier ;<\/span><\/li>\n<li style=\"text-align: justify;\"><span style=\"font-family: verdana, geneva, sans-serif;\"> la Sous-Direction de l&#8217;Innovation en mati\u00e8re de l&#8217;Economie Bleue et de l&#8217;Environnement C\u00f4tier.<\/span><\/li>\n<\/ul>\n<p>&nbsp;<\/p>\n<p><span style=\"font-family: verdana, geneva, sans-serif;\">Les Directions sont dirig\u00e9es par des Directeurs nomm\u00e9s par arr\u00eat\u00e9 pris en Conseil des Ministres. ils ont rang de Directeur d&#8217;Administration Centrale.\u00a0<\/span><\/p>\n<p><span style=\"font-family: verdana, geneva, sans-serif;\">Les Sous-Directions sont dirig\u00e9es par des Sous-Directeurs nomm\u00e9s par arr\u00eat\u00e9 . Ils ont rang de Sous-Directeur d\u2019Administration centrale.<\/span><\/p>\n","protected":false},"excerpt":{"rendered":"<p>Le Minist\u00e8re de l\u2019Environnement, du D\u00e9veloppement Durable et de la Transition Ecologique (MINEDDTE) comprend huit (08) Directions Centrales qui sont: I- La Direction de la Lutte contre les Changements Climatiques [&hellip;]<\/p>\n","protected":false},"author":1,"featured_media":0,"parent":0,"menu_order":0,"comment_status":"closed","ping_status":"closed","template":"","meta":{"_lmt_disableupdate":"no","_lmt_disable":"","pgc_sgb_lightbox_settings":""},"folder":[71],"_links":{"self":[{"href":"https:\/\/did-dev.net\/mineddte\/wp-json\/wp\/v2\/pages\/1931"}],"collection":[{"href":"https:\/\/did-dev.net\/mineddte\/wp-json\/wp\/v2\/pages"}],"about":[{"href":"https:\/\/did-dev.net\/mineddte\/wp-json\/wp\/v2\/types\/page"}],"author":[{"embeddable":true,"href":"https:\/\/did-dev.net\/mineddte\/wp-json\/wp\/v2\/users\/1"}],"replies":[{"embeddable":true,"href":"https:\/\/did-dev.net\/mineddte\/wp-json\/wp\/v2\/comments?post=1931"}],"version-history":[{"count":14,"href":"https:\/\/did-dev.net\/mineddte\/wp-json\/wp\/v2\/pages\/1931\/revisions"}],"predecessor-version":[{"id":5284,"href":"https:\/\/did-dev.net\/mineddte\/wp-json\/wp\/v2\/pages\/1931\/revisions\/5284"}],"wp:attachment":[{"href":"https:\/\/did-dev.net\/mineddte\/wp-json\/wp\/v2\/media?parent=1931"}],"wp:term":[{"taxonomy":"folder","embeddable":true,"href":"https:\/\/did-dev.net\/mineddte\/wp-json\/wp\/v2\/folder?post=1931"}],"curies":[{"name":"wp","href":"https:\/\/api.w.org\/{rel}","templated":true}]}}