{"id":1929,"date":"2021-09-28T10:58:52","date_gmt":"2021-09-28T10:58:52","guid":{"rendered":"https:\/\/did-dev.net\/mineddte\/?page_id=1929"},"modified":"2025-03-07T10:10:50","modified_gmt":"2025-03-07T10:10:50","slug":"structures-rattachees-au-cabinet","status":"publish","type":"page","link":"https:\/\/did-dev.net\/mineddte\/structures-rattachees-au-cabinet\/","title":{"rendered":"STRUCTURES RATTACHEES AU CABINET"},"content":{"rendered":"<p style=\"text-align: justify;\"><span style=\"font-family: verdana, geneva, sans-serif;\">Conform\u00e9ment au d\u00e9cret N\u00b0 2023-968 du 06 d\u00e9cembre 2023 portant organisation du Minist\u00e8re de l&#8217;Environnement, du D\u00e9veloppement Durable et de la Transition Ecologique (MINEDDTE), les Directions et Services Rattach\u00e9s au Cabinet sont (Article 3):<\/span><\/p>\n<h2 style=\"text-align: justify;\" data-tadv-p=\"keep\"><span style=\"font-family: verdana, geneva, sans-serif;\"><strong>I- <span style=\"text-decoration: underline;\">L\u2019Inspection G\u00e9n\u00e9rale<\/span><\/strong><\/span><\/h2>\n<p style=\"text-align: justify;\"><span style=\"font-family: verdana, geneva, sans-serif;\">Elle est dirig\u00e9e par <strong>Monsieur YESSOH Max M\u00e9dard<\/strong>\u00a0(Fonction: Inspecteur G\u00e9n\u00e9ral).<\/span><\/p>\n<p style=\"text-align: justify;\"><span style=\"font-size: 12pt; font-family: verdana, geneva, sans-serif;\">L\u2019Inspection G\u00e9n\u00e9rale est charg\u00e9e :<\/span><\/p>\n<ul style=\"text-align: justify;\">\n<li><span style=\"font-family: verdana, geneva, sans-serif;\">de veiller \u00e0 la diffusion et \u00e0 l\u2019application des textes l\u00e9gislatifs et r\u00e9glementaires ;<\/span><\/li>\n<li><span style=\"font-family: verdana, geneva, sans-serif;\">de veiller au respect de la discipline ;<\/span><\/li>\n<li><span style=\"font-family: verdana, geneva, sans-serif;\">de contr\u00f4ler les activit\u00e9s techniques et de gestion du personnel ;<\/span><\/li>\n<li><span style=\"font-family: verdana, geneva, sans-serif;\">d\u2019\u00e9valuer les activit\u00e9s techniques et de gestion du personnel ;<\/span><\/li>\n<li><span style=\"font-family: verdana, geneva, sans-serif;\">d\u2019organiser des audits des ressources humaines et financi\u00e8res des services du Minist\u00e8re ;<\/span><\/li>\n<li><span style=\"font-family: verdana, geneva, sans-serif;\">d\u2019organiser des s\u00e9minaires de renforcement de capacit\u00e9s des agents du MINEDDTE en audit de gestion ;<\/span><\/li>\n<li><span style=\"font-family: verdana, geneva, sans-serif;\">de servir de Point Focal Technique \u00e0 l\u2019Inspection G\u00e9n\u00e9rale d\u2019Etat ;<\/span><\/li>\n<li><span style=\"font-family: verdana, geneva, sans-serif;\">d\u2019effectuer toutes missions d\u2019inspection surtout \u00e0 la demande du Ministre.<\/span><\/li>\n<\/ul>\n<p style=\"text-align: justify;\"><span style=\"font-family: verdana, geneva, sans-serif;\">L\u2019Inspection G\u00e9n\u00e9rale est dirig\u00e9e par un Inspecteur G\u00e9n\u00e9ral nomm\u00e9 par d\u00e9cret pris en Conseil des Ministres. Il a rang de Directeur G\u00e9n\u00e9ral d\u2019Administration Centrale.<\/span><\/p>\n<p style=\"text-align: justify;\"><span style=\"font-family: verdana, geneva, sans-serif;\">L\u2019Inspecteur G\u00e9n\u00e9ral est assist\u00e9 de sept (07) Inspecteurs Techniques r\u00e9partis en Sections analogues :<\/span><\/p>\n<ul style=\"text-align: justify;\">\n<li><span style=\"font-family: verdana, geneva, sans-serif;\">Section 1 : Environnement et Climat ;<\/span><\/li>\n<li><span style=\"font-family: verdana, geneva, sans-serif;\">Section 2 : D\u00e9veloppement Durable ;<\/span><\/li>\n<li><span style=\"font-family: verdana, geneva, sans-serif;\">Section 3 : Parcs et R\u00e9serves ;<\/span><\/li>\n<li><span style=\"font-family: verdana, geneva, sans-serif;\">Section 4 : D\u00e9chets Industriels ;<\/span><\/li>\n<li><span style=\"font-family: verdana, geneva, sans-serif;\">Section 5 : Administration et Finances ;<\/span><\/li>\n<li><span style=\"font-family: verdana, geneva, sans-serif;\">Section 6 : Programmes et Projets ;<\/span><\/li>\n<li><span style=\"font-family: verdana, geneva, sans-serif;\">Section 7 : Contr\u00f4le et discipline.<\/span><\/li>\n<\/ul>\n<p style=\"text-align: justify;\"><span style=\"font-family: verdana, geneva, sans-serif;\">Les missions des Inspecteurs Technique, chacun en ce qui le concerne, sont d\u00e9finies par arr\u00eat\u00e9.<\/span><\/p>\n<p style=\"text-align: justify;\"><span style=\"font-family: verdana, geneva, sans-serif;\">Les Inspecteurs Techniques sont nomm\u00e9s par d\u00e9cret pris en Conseil des Ministres. Ils ont rang de Directeur d\u2019Administration centrale.<\/span><\/p>\n<h2 style=\"text-align: justify;\" data-tadv-p=\"keep\"><span style=\"font-family: verdana, geneva, sans-serif;\">II- <span style=\"text-decoration: underline;\">La Direction des Affaires Financi\u00e8res<\/span><\/span><\/h2>\n<p style=\"text-align: justify;\"><span style=\"font-family: verdana, geneva, sans-serif;\">Elle est dirig\u00e9e par <strong>Monsieur BOUADI BEDA PAUL<\/strong> (Fonction: Directeur).<\/span><\/p>\n<p style=\"text-align: justify;\"><span style=\"font-family: verdana, geneva, sans-serif;\">La Direction des Affaires Financi\u00e8res et du Patrimoine est charg\u00e9e :<\/span><\/p>\n<ul style=\"text-align: justify;\">\n<li><span style=\"font-family: verdana, geneva, sans-serif;\">de pr\u00e9parer le budget du Minist\u00e8re ;<\/span><\/li>\n<li><span style=\"font-family: verdana, geneva, sans-serif;\">de tenir la comptabilit\u00e9 du Minist\u00e8re ;<\/span><\/li>\n<li><span style=\"font-family: verdana, geneva, sans-serif;\">de suivre l\u2019ex\u00e9cution financi\u00e8re et administrative des projets et des programmes \u00e0 financements ext\u00e9rieurs ;<\/span><\/li>\n<li><span style=\"font-family: verdana, geneva, sans-serif;\">de suivre en liaison avec les Services comp\u00e9tents des Minist\u00e8res en charge de l\u2019Economie et des Finances, du Budget, et des Affaires Etrang\u00e8res, le paiement effectif des taxes et redevances aux r\u00e9gies financi\u00e8res, ainsi que le paiement des contributions de la C\u00f4te d\u2019Ivoire au titre des engagements en mati\u00e8re d\u2019environnement, de d\u00e9veloppement durable et de la transition \u00e9cologique;<\/span><\/li>\n<li><span style=\"font-family: verdana, geneva, sans-serif;\">de contribuer \u00e0 la mise en place d\u2019une fiscalit\u00e9 environnementale ;<\/span><\/li>\n<li><span style=\"font-family: verdana, geneva, sans-serif;\">d\u2019assurer le suivi des activit\u00e9s li\u00e9es \u00e0 la fiscalit\u00e9 et au recouvrement des recettes.<\/span><\/li>\n<\/ul>\n<p style=\"text-align: justify;\"><span style=\"font-family: verdana, geneva, sans-serif;\">La Direction des Affaires Financi\u00e8res est dirig\u00e9e par un Directeur nomm\u00e9 par d\u00e9cret pris en Conseil des Ministres. Il a rang de Directeur d\u2019Administration Centrale.<\/span><\/p>\n<p style=\"text-align: justify;\"><span style=\"font-family: verdana, geneva, sans-serif;\">La Direction des Affaires Financi\u00e8res comprend trois (03) Sous-Directions :<\/span><\/p>\n<ul style=\"text-align: justify;\">\n<li><span style=\"font-family: verdana, geneva, sans-serif;\">la Sous-Direction du Budget et de la Comptabilit\u00e9 ;<\/span><\/li>\n<li><span style=\"font-family: verdana, geneva, sans-serif;\">la Sous-Direction de la Logistique ;<\/span><\/li>\n<li><span style=\"font-family: verdana, geneva, sans-serif;\">la Sous-Direction de la Fiscalit\u00e9 environnementale et des Recettes.<\/span><\/li>\n<\/ul>\n<p style=\"text-align: justify;\"><span style=\"font-family: verdana, geneva, sans-serif;\">Les Sous-Directions sont dirig\u00e9es par des Sous-Directeurs nomm\u00e9s par arr\u00eat\u00e9. Ils ont rang de Sous-Directeur d\u2019Administration Centrale.<\/span><\/p>\n<h2 style=\"text-align: justify;\" data-tadv-p=\"keep\"><span style=\"font-family: verdana, geneva, sans-serif;\">III- <span style=\"text-decoration: underline;\">La Direction des Etudes, de la Planification et des Statistiques<\/span><\/span><\/h2>\n<p style=\"text-align: justify;\"><span style=\"font-family: verdana, geneva, sans-serif;\">Elle est dirig\u00e9e par <strong>Monsieur BOHOUSSOU KOFFI KAN MARC<\/strong> (Fonction: Directeur).<\/span><\/p>\n<p style=\"text-align: justify;\"><span style=\"font-family: verdana, geneva, sans-serif;\">La Direction des Etudes, de la Planification et des Statistiques est charg\u00e9e :<\/span><\/p>\n<ul style=\"text-align: justify;\">\n<li><span style=\"font-family: verdana, geneva, sans-serif;\">d\u2019assurer la coordination et de veiller \u00e0 la mise en \u0153uvre des activit\u00e9s du Minist\u00e8re dans le cadre du PND 2016-2020 ;<\/span><\/li>\n<li><span style=\"font-family: verdana, geneva, sans-serif;\">de participer \u00e0 l\u2019\u00e9laboration des Plans Nationaux de D\u00e9veloppement sectoriels et des Programmes d\u2019Investissements Publics ;<\/span><\/li>\n<li><span style=\"font-family: verdana, geneva, sans-serif;\">d\u2019\u00e9laborer les bilans semestriel et annuel d\u2019ex\u00e9cution des volets sectoriels du Plan National de D\u00e9veloppement et du Programme d\u2019Investissement Public ;<\/span><\/li>\n<li><span style=\"font-family: verdana, geneva, sans-serif;\">d\u2019assurer la programmation des investissements sectoriels ;<\/span><\/li>\n<li><span style=\"font-family: verdana, geneva, sans-serif;\">de coordonner les processus de suivi et d\u2019\u00e9valuation de la mise en \u0153uvre des politiques et projets sectoriels ;<\/span><\/li>\n<li><span style=\"font-family: verdana, geneva, sans-serif;\">d\u2019assurer la conception et la r\u00e9alisation d\u2019\u00e9tudes prospectives en mati\u00e8re d\u2019environnement, de d\u00e9veloppement durable et de transition \u00e9cologique ;<\/span><\/li>\n<li><span style=\"font-family: verdana, geneva, sans-serif;\">de vulgariser les nouvelles m\u00e9thodes et approches en mati\u00e8re de planification, notamment la mise en \u0153uvre de la strat\u00e9gie de gestion ax\u00e9e sur les r\u00e9sultats ainsi que la formation \u00e0 l\u2019utilisation de l\u2019outil Syst\u00e8me Int\u00e9gr\u00e9 d&#8217;Analyse, de Programmation et de Suivi Evaluation (SINAPSE) ;<\/span><\/li>\n<li><span style=\"font-family: verdana, geneva, sans-serif;\">d\u2019assurer la coordination des activit\u00e9s des diff\u00e9rentes structures de son d\u00e9partement en mati\u00e8re de statistiques, de planification, de programmation et de suivi-\u00e9valuation ;<\/span><\/li>\n<li><span style=\"font-family: verdana, geneva, sans-serif;\">d\u2019\u00e9laborer et d\u2019assurer le suivi de l\u2019ex\u00e9cution du calendrier des Conf\u00e9rences et Missions<\/span><\/li>\n<li><span style=\"font-family: verdana, geneva, sans-serif;\">d\u2019assurer la production et la p\u00e9rennit\u00e9 des statistiques et indicateurs sectoriels en relation avec l\u2019Institut National des Statistiques (INS).<\/span><\/li>\n<\/ul>\n<p style=\"text-align: justify;\"><span style=\"font-family: verdana, geneva, sans-serif;\">La Direction des Etudes, de la Planification et des Statistiques est dirig\u00e9e par un Directeur nomm\u00e9 par d\u00e9cret pris en Conseil des Ministres. Il a rang de Directeur d\u2019Administration centrale.<\/span><\/p>\n<p style=\"text-align: justify;\"><span style=\"font-family: verdana, geneva, sans-serif;\">La Direction des Etudes, de la Planification et des Statistiques comprend trois (03) Sous-Directions :<\/span><\/p>\n<ul style=\"text-align: justify;\">\n<li><span style=\"font-family: verdana, geneva, sans-serif;\">la Sous-Direction des Etudes, de la Planification et de la Prospective ;<\/span><\/li>\n<li><span style=\"font-family: verdana, geneva, sans-serif;\">la Sous-Direction des Statistiques et des Indicateurs Sectoriels ;<\/span><\/li>\n<li><span style=\"font-family: verdana, geneva, sans-serif;\">la Sous-Direction du Suivi et de l\u2019Evaluation.<\/span><\/li>\n<\/ul>\n<p style=\"text-align: justify;\"><span style=\"font-family: verdana, geneva, sans-serif;\">Les Sous-Directions sont dirig\u00e9es par des Sous-Directeurs nomm\u00e9s par arr\u00eat\u00e9. Ils ont rang de Sous-Directeur d\u2019Administration centrale.<\/span><\/p>\n<h2 style=\"text-align: justify;\" data-tadv-p=\"keep\"><span style=\"font-family: verdana, geneva, sans-serif;\">IV- <span style=\"text-decoration: underline;\">La Direction de l\u2019Informatique et de la Documentation<\/span><\/span><\/h2>\n<p style=\"text-align: justify;\"><span style=\"font-family: verdana, geneva, sans-serif;\">Elle est dirig\u00e9e par <strong>Monsieur KOUACOU JEAN YVES<\/strong> (Fonction: Directeur).<\/span><\/p>\n<p style=\"text-align: justify;\"><span style=\"font-family: verdana, geneva, sans-serif;\">La Direction de l\u2019Informatique et de la Documentation est charg\u00e9e :<\/span><\/p>\n<ul style=\"text-align: justify;\">\n<li><span style=\"font-family: verdana, geneva, sans-serif;\">de g\u00e9rer l\u2019informatisation et la connexion internet de tous les services du Minist\u00e8re ;<\/span><\/li>\n<li><span style=\"font-family: verdana, geneva, sans-serif;\">de concevoir ou d&#8217;acqu\u00e9rir des logiciels informatiques ;<\/span><\/li>\n<li><span style=\"font-family: verdana, geneva, sans-serif;\">de veiller \u00e0 la maintenance du mat\u00e9riel informatique ;<\/span><\/li>\n<li><span style=\"font-family: verdana, geneva, sans-serif;\">d\u2019\u00e9tablir et g\u00e9rer, en r\u00e9seau, les bases de donn\u00e9es statistiques ;<\/span><\/li>\n<li><span style=\"font-family: verdana, geneva, sans-serif;\">de veiller \u00e0 l\u2019\u00e9laboration et d&#8217;assurer la gestion du Sch\u00e9ma directeur Informatique du Minist\u00e8re ;<\/span><\/li>\n<li><span style=\"font-family: verdana, geneva, sans-serif;\">de mettre en place et animer le Syst\u00e8me d\u2019Information en mati\u00e8re d\u2019Environnement, de D\u00e9veloppement Durable et de Transition Ecologique ;<\/span><\/li>\n<li><span style=\"font-family: verdana, geneva, sans-serif;\">d\u2019apporter un appui \u00e0 l\u2019\u00e9laboration des indicateurs sectoriels en relation avec les Services concern\u00e9s ;<\/span><\/li>\n<li><span style=\"font-family: verdana, geneva, sans-serif;\">d\u2019apporter un appui \u00e0 l\u2019\u00e9laboration du rapport sur l\u2019\u00e9tat de l\u2019environnement ;<\/span><\/li>\n<li><span style=\"font-family: verdana, geneva, sans-serif;\">d\u2019organiser et g\u00e9rer la documentation et les publications scientifiques et techniques en mati\u00e8re d\u2019environnement, de d\u00e9veloppement durable et de Transition Ecologique ;<\/span><\/li>\n<li><span style=\"font-family: verdana, geneva, sans-serif;\">d\u2019apporter tout appui aux Structures du Minist\u00e8re pour l\u2019\u00e9laboration ou la fourniture de logiciels de gestion et de planification.<\/span><\/li>\n<\/ul>\n<p style=\"text-align: justify;\"><span style=\"font-family: verdana, geneva, sans-serif;\">La Direction de l\u2019Informatique et de la Documentation est dirig\u00e9e par un Directeur nomm\u00e9 par d\u00e9cret pris en Conseil des Ministres. Il a rang de Directeur d\u2019Administration Centrale.<\/span><\/p>\n<p style=\"text-align: justify;\"><span style=\"font-family: verdana, geneva, sans-serif;\">La Direction de l\u2019Informatique et de la Documentation comprend deux (02) Sous-Directions :<\/span><\/p>\n<ul style=\"text-align: justify;\">\n<li><span style=\"font-family: verdana, geneva, sans-serif;\">la Sous-Direction de l\u2019Informatique, des Etudes et du Syst\u00e8me d\u2019Information environnementale ;<\/span><\/li>\n<li><span style=\"font-family: verdana, geneva, sans-serif;\">la Sous-Direction, de la Documentation et des Archives.<\/span><\/li>\n<\/ul>\n<p style=\"text-align: justify;\"><span style=\"font-family: verdana, geneva, sans-serif;\">Les Sous-Directions sont dirig\u00e9es par des Sous-Directeurs nomm\u00e9s par arr\u00eat\u00e9. Ils ont rang de Sous-Directeur d\u2019Administration centrale.<\/span><\/p>\n<h2 style=\"text-align: justify;\" data-tadv-p=\"keep\"><span style=\"font-family: verdana, geneva, sans-serif;\">V- <span style=\"text-decoration: underline;\">La Direction des Ressources Humaines<\/span><\/span><\/h2>\n<p style=\"text-align: justify;\"><span style=\"font-family: verdana, geneva, sans-serif;\">Elle est dirig\u00e9e par <strong>Monsieur DIOMANDE YOUNOUSSA<\/strong> (Fonction: Directeur).<\/span><\/p>\n<p style=\"text-align: justify;\"><span style=\"font-family: verdana, geneva, sans-serif;\">La Direction des Ressources Humaines est charg\u00e9e :<\/span><\/p>\n<ul style=\"text-align: justify;\">\n<li><span style=\"font-family: verdana, geneva, sans-serif;\">de mettre en \u0153uvre la politique g\u00e9n\u00e9rale de gestion des Ressources Humaines telle que d\u00e9finie par le Ministre en charge de la Fonction Publique ;<\/span><\/li>\n<li><span style=\"font-family: verdana, geneva, sans-serif;\">d\u2019assurer le suivi de l\u2019application des dispositions relatives \u00e0 l\u2019\u00e9thique et \u00e0 la d\u00e9ontologie ;<\/span><\/li>\n<li><span style=\"font-family: verdana, geneva, sans-serif;\">d\u2019assurer le suivi du profil de carri\u00e8re des fonctionnaires et agents du Secteur de l\u2019Environnement ;<\/span><\/li>\n<li><span style=\"font-family: verdana, geneva, sans-serif;\">de participer \u00e0 l\u2019\u00e9laboration du cadre organique des emplois et \u00e0 la d\u00e9finition des profils de poste ;<\/span><\/li>\n<li><span style=\"font-family: verdana, geneva, sans-serif;\">d\u2019assurer le d\u00e9veloppement de l\u2019action sociale.<\/span><\/li>\n<li><span style=\"font-family: verdana, geneva, sans-serif;\">d\u2019assurer la gestion pr\u00e9visionnelle des effectifs ;<\/span><\/li>\n<li><span style=\"font-family: verdana, geneva, sans-serif;\">d\u2019assurer le suivi de la situation administrative des fonctionnaires et agents relative notamment \u00e0 la mise \u00e0 disposition, disponibilit\u00e9, d\u00e9tachement, cong\u00e9, avancement, promotion et au d\u00e9part \u00e0 la retraite ;<\/span><\/li>\n<li><span style=\"font-family: verdana, geneva, sans-serif;\">d\u2019assurer l&#8217;ing\u00e9nierie de la formation ;<\/span><\/li>\n<li><span style=\"font-family: verdana, geneva, sans-serif;\">d&#8217;assurer la gestion administrative du personnel ;<\/span><\/li>\n<li><span style=\"font-family: verdana, geneva, sans-serif;\">de participer \u00e0 la cr\u00e9ation d\u2019un Ordre du M\u00e9rite de l\u2019Environnement ;\u00a0<\/span><\/li>\n<li><span style=\"font-family: verdana, geneva, sans-serif;\">d\u2019assurer le secr\u00e9tariat de l&#8217;Ordre du M\u00e9rite de l\u2019Environnement ;<\/span><\/li>\n<li><span style=\"font-family: verdana, geneva, sans-serif;\">de cr\u00e9er les conditions de l\u2019am\u00e9lioration de l\u2019environnement du travail.<\/span><\/li>\n<\/ul>\n<p style=\"text-align: justify;\"><span style=\"font-family: verdana, geneva, sans-serif;\">La Direction des Ressources Humaines est dirig\u00e9e par un Directeur nomm\u00e9 par d\u00e9cret pris en Conseil des Ministres. Il a rang de Directeur d\u2019Administration Centrale.<\/span><\/p>\n<p style=\"text-align: justify;\"><span style=\"font-family: verdana, geneva, sans-serif;\">La Direction des Ressources Humaines comprend trois (03) Sous-Directions :<\/span><\/p>\n<ul style=\"text-align: justify;\">\n<li><span style=\"font-family: verdana, geneva, sans-serif;\">la Sous-Direction de la Gestion Administrative du Personnel ;<\/span><\/li>\n<li><span style=\"font-family: verdana, geneva, sans-serif;\">la Sous-Direction de la Formation et du d\u00e9veloppement des Comp\u00e9tences ;<\/span><\/li>\n<li><span style=\"font-family: verdana, geneva, sans-serif;\">la Sous-Direction de l\u2019Action Sociale.<\/span><\/li>\n<\/ul>\n<p style=\"text-align: justify;\"><span style=\"font-family: verdana, geneva, sans-serif;\">Les Sous-Directions sont dirig\u00e9es par des Sous-Directeurs nomm\u00e9s par arr\u00eat\u00e9. Ils ont rang de Sous-Directeur d\u2019Administration Centrale.<\/span><\/p>\n<h2 style=\"text-align: justify;\" data-tadv-p=\"keep\"><span style=\"font-family: verdana, geneva, sans-serif;\">VI- <span style=\"text-decoration: underline;\">La Direction des Affaires Juridiques et du Contentieux<\/span><\/span><\/h2>\n<p style=\"text-align: justify;\"><span style=\"font-family: verdana, geneva, sans-serif;\">Elle est dirig\u00e9e par <strong>Dr ZAGRE EUGENE<\/strong> (Fonction: Directeur).<\/span><\/p>\n<p style=\"text-align: justify;\"><span style=\"font-family: verdana, geneva, sans-serif;\">La Direction des Affaires Juridiques et du Contentieux est charg\u00e9e :<\/span><\/p>\n<ul style=\"text-align: justify;\">\n<li><span style=\"font-family: verdana, geneva, sans-serif;\">de veiller \u00e0 l\u2019\u00e9laboration des projets de textes l\u00e9gislatifs et r\u00e9glementaires en mati\u00e8re d\u2019environnement, de d\u00e9veloppement durable et de transition \u00e9cologique ;<\/span><\/li>\n<li><span style=\"font-family: verdana, geneva, sans-serif;\">d\u2019apporter un appui \u00e0 leur application et \u00e0 leur vulgarisation ;<\/span><\/li>\n<li><span style=\"font-family: verdana, geneva, sans-serif;\">de participer \u00e0 l\u2019\u00e9laboration de textes l\u00e9gislatifs et r\u00e9glementaires sectoriels ayant un lien avec les domaines de comp\u00e9tences du Minist\u00e8re ;<\/span><\/li>\n<li><span style=\"font-family: verdana, geneva, sans-serif;\">d\u2019apporter une assistance aux services du Minist\u00e8re en mati\u00e8re juridique et de contentieux ;<\/span><\/li>\n<li><span style=\"font-family: verdana, geneva, sans-serif;\">d\u2019organiser, la Direction des Ressources Humaines, la formation continue de tous les Responsables du Minist\u00e8re sur l\u2019Action R\u00e9cursoire et d\u2019en \u00e9valuer les impacts sur la dotation budg\u00e9taire annuelle du Minist\u00e8re ;<\/span><\/li>\n<li><span style=\"font-family: verdana, geneva, sans-serif;\">d&#8217;\u00e9valuer les impacts sur la dotation budg\u00e9taire annuelle du Minist\u00e8re de la formation sur l&#8217;Action R\u00e9cursoire ;<\/span><\/li>\n<li><span style=\"font-family: verdana, geneva, sans-serif;\">d\u2019organiser la formation ou le renforcement de capacit\u00e9s de toutes les parties prenantes pour l\u2019application et le respect des instruments juridiques nationaux et internationaux en mati\u00e8re d\u2019environnement, de d\u00e9veloppement durable et de transition \u00e9cologique ;<\/span><\/li>\n<li><span style=\"font-family: verdana, geneva, sans-serif;\">d\u2019\u00e9mettre des avis sur les textes juridiques soumis au Minist\u00e8re ;<\/span><\/li>\n<li><span style=\"font-family: verdana, geneva, sans-serif;\">de favoriser la vulgarisation des textes juridiques nationaux et internationaux en mati\u00e8re d\u2019environnement, de d\u00e9veloppement durable et de transition \u00e9cologique ;<\/span><\/li>\n<li><span style=\"font-family: verdana, geneva, sans-serif;\">de suivre la mise en \u0153uvre des actions pr\u00e9ventives et p\u00e9nales en mati\u00e8re d\u2019environnement, de d\u00e9veloppement durable et de transition \u00e9cologique ;<\/span><\/li>\n<li><span style=\"font-family: verdana, geneva, sans-serif;\">de prendre toutes initiatives susceptibles de favoriser la prise en compte juridique des pr\u00e9occupations environnementales, de d\u00e9veloppement durable et de transition \u00e9cologique dans tout projet et programme de d\u00e9veloppement initi\u00e9s par les parties prenantes.<\/span><\/li>\n<\/ul>\n<p style=\"text-align: justify;\"><span style=\"font-family: verdana, geneva, sans-serif;\">La Direction des Affaires Juridiques et du Contentieux est dirig\u00e9e par un Directeur nomm\u00e9 par d\u00e9cret pris en Conseil des Ministres. Il a rang de Directeur d\u2019Administration centrale.<\/span><\/p>\n<p style=\"text-align: justify;\"><span style=\"font-family: verdana, geneva, sans-serif;\">La Direction des Affaires Juridiques et du Contentieux comprend trois (03) Sous-Directions :<\/span><\/p>\n<ul style=\"text-align: justify;\">\n<li><span style=\"font-family: verdana, geneva, sans-serif;\">la Sous-Direction de la L\u00e9gislation et de la R\u00e9glementation ;<\/span><\/li>\n<li><span style=\"font-family: verdana, geneva, sans-serif;\">la Sous-Direction du Contentieux ;<\/span><\/li>\n<li><span style=\"font-family: verdana, geneva, sans-serif;\">la Sous-Direction des Actions Pr\u00e9ventives, P\u00e9nales et de R\u00e9pression.<\/span><\/li>\n<\/ul>\n<p style=\"text-align: justify;\"><span style=\"font-family: verdana, geneva, sans-serif;\">Les Sous-Directions sont dirig\u00e9es par des Sous-Directeurs nomm\u00e9s par arr\u00eat\u00e9. Ils ont rang de Sous-directeur d\u2019Administration centrale.<\/span><\/p>\n<h2 style=\"text-align: justify;\" data-tadv-p=\"keep\"><span style=\"font-family: verdana, geneva, sans-serif;\">VII- <span style=\"text-decoration: underline;\">La Direction du Contr\u00f4le et de la S\u00e9curit\u00e9 Environnementale<\/span><\/span><\/h2>\n<p style=\"text-align: justify;\"><span style=\"font-family: verdana, geneva, sans-serif;\">Elle est dirig\u00e9e par <strong>Madame SIDIBE AOUA Epse DAO<\/strong> (Fonction: Directrice).<\/span><\/p>\n<p style=\"text-align: justify;\"><span style=\"font-family: verdana, geneva, sans-serif;\">La Direction du Contr\u00f4le et de la S\u00e9curit\u00e9 Environnementale est charg\u00e9e :<\/span><\/p>\n<ul style=\"text-align: justify;\">\n<li><span style=\"font-family: verdana, geneva, sans-serif;\">d&#8217;assurer le suivi de la tenue r\u00e9guli\u00e8re des sessions de comit\u00e9 de gestion des structures sous-tutelle ;<\/span><\/li>\n<li style=\"text-align: justify;\"><span style=\"font-family: verdana, geneva, sans-serif;\">d&#8217;assurer le suivi p\u00e9riodique de la tenue des r\u00e9unions de Directions, notamment apr\u00e8s les r\u00e9unions de cabinet \u00e9largies ;<\/span><\/li>\n<li style=\"text-align: justify;\"><span style=\"font-family: verdana, geneva, sans-serif;\">d&#8217;assurer le suivi de la tenue r\u00e9guli\u00e8re des sessions des comit\u00e9s techniques et des comit\u00e9s de pilotage des programmes et projets ;<\/span><\/li>\n<li><span style=\"font-family: verdana, geneva, sans-serif;\">d&#8217;assurer le suivi des activit\u00e9s des repr\u00e9sentants du Minist\u00e8re dans les conseils d&#8217;Administration et de Gestion ;<\/span><\/li>\n<li style=\"text-align: justify;\"><span style=\"font-family: verdana, geneva, sans-serif;\">de veiller \u00e0 l&#8217;\u00e9laboration des rapports de missions internes et externes ;<\/span><\/li>\n<li style=\"text-align: justify;\"><span style=\"font-family: verdana, geneva, sans-serif;\">de veiller \u00e0 l&#8217;ex\u00e9cution des conventions de partenariat ;<\/span><\/li>\n<li style=\"text-align: justify;\"><span style=\"font-family: verdana, geneva, sans-serif;\">d&#8217;\u00e9valuer la mise en \u0153uvre de la bonne gouvernance au Minist\u00e8re ;<\/span><\/li>\n<li style=\"text-align: justify;\"><span style=\"font-family: verdana, geneva, sans-serif;\">de proc\u00e9der \u00e0 l&#8217;\u00e9valuation p\u00e9riodique de l&#8217;installation des comit\u00e9s de d\u00e9veloppement durable et de transition \u00e9cologique ;<\/span><\/li>\n<li><span style=\"font-family: verdana, geneva, sans-serif;\">de veiller \u00e0 renforcer la r\u00e9silience sociale des populations de tout projet de d\u00e9veloppement ;<\/span><\/li>\n<li style=\"text-align: justify;\"><span style=\"font-family: verdana, geneva, sans-serif;\">de veiller \u00e0 la s\u00e9curit\u00e9 environnementale et sociale dans le fonctionnement de toutes les entreprises autoris\u00e9es.<\/span><\/li>\n<\/ul>\n<p style=\"text-align: justify;\"><span style=\"font-family: verdana, geneva, sans-serif;\">La Direction du Contr\u00f4le et de la S\u00e9curit\u00e9 Environnementale est dirig\u00e9e par un Directeur nomm\u00e9 par d\u00e9cret pris en Conseil des Ministres. Il a rang de Directeur d&#8217;Administration Centrale.<\/span><\/p>\n<p style=\"text-align: justify;\"><span style=\"font-family: verdana, geneva, sans-serif;\">La Direction du Contr\u00f4le et de la S\u00e9curit\u00e9 Environnementale comprend trois (03) Sous-Directions :<\/span><\/p>\n<ul style=\"text-align: justify;\">\n<li><span style=\"font-family: verdana, geneva, sans-serif;\">la Sous-Direction du Suivi du Fonctionnement des Structures sous tutelle ;<\/span><\/li>\n<li><span style=\"font-family: verdana, geneva, sans-serif;\">la Sous-Direction du Suivi de l&#8217;Ex\u00e9cution des Conventions de Partenariat ;<\/span><\/li>\n<li><span style=\"font-family: verdana, geneva, sans-serif;\">la Sous-Direction de la S\u00e9curit\u00e9 Environnementale et Sociale.<\/span><\/li>\n<\/ul>\n<p style=\"text-align: justify;\"><span style=\"font-family: verdana, geneva, sans-serif;\">Les Sous-Directions sont dirig\u00e9es par des Sous-Directeurs nomm\u00e9s par arr\u00eat\u00e9. Ils ont rang de Sous-Directeur d&#8217;Administration Centrale.<\/span><\/p>\n<h2 style=\"text-align: justify;\" data-tadv-p=\"keep\"><span style=\"font-family: verdana, geneva, sans-serif;\">VIII- <span style=\"text-decoration: underline;\">La Direction de la Coop\u00e9ration Internationale et de la Mobilisation des Financements<\/span><\/span><\/h2>\n<p style=\"text-align: justify;\"><span style=\"font-family: verdana, geneva, sans-serif;\">Elle est dirig\u00e9e par <strong>Colonel YAO MARCEL<\/strong> (Fonction: Directeur).<\/span><\/p>\n<p style=\"text-align: justify;\"><span style=\"font-family: verdana, geneva, sans-serif;\">La Direction de la Coop\u00e9ration Internationale et de la Mobilisation des Financements est charg\u00e9e :<\/span><\/p>\n<ul style=\"text-align: justify;\">\n<li><span style=\"font-family: verdana, geneva, sans-serif;\">d\u2019assurer le suivi de la mise en \u0153uvre des accords internationaux en liaison avec les services concern\u00e9s, y compris les processus de ratification\/adh\u00e9sion ;<\/span><\/li>\n<li><span style=\"font-family: verdana, geneva, sans-serif;\">d\u2019assurer le suivi du paiement des contributions aux fonds des Conventions internationales ratifi\u00e9es par la C\u00f4te d\u2019Ivoire, en relation avec la Direction des Affaires Financi\u00e8res ;<\/span><\/li>\n<li><span style=\"font-family: verdana, geneva, sans-serif;\">d\u2019assurer la coordination et \u2019le suivi des activit\u00e9s des Points Focaux dans la mise en \u0153uvre des conventions et accords internationaux en mati\u00e8re d\u2019environnement, ratifi\u00e9s par la C\u00f4te d\u2019Ivoire ;<\/span><\/li>\n<li><span style=\"font-family: verdana, geneva, sans-serif;\">de participer \u00e0 l\u2019\u00e9laboration et au suivi de l\u2019ex\u00e9cution du calendrier des Conf\u00e9rences et Missions\u00a0 , en relation avec le Chef du Secr\u00e9tariat Particulier ;<\/span><\/li>\n<li><span style=\"font-family: verdana, geneva, sans-serif;\">de participer au suivi des Communications en Conseil des Ministres aff\u00e9rentes aux Conf\u00e9rences et Missions internationales en mati\u00e8re d\u2019environnement de d\u00e9veloppement durable et de transition \u00e9cologique, en relation avec le Chef du Secr\u00e9tariat Particulier ;<\/span><\/li>\n<li><span style=\"font-family: verdana, geneva, sans-serif;\">de la recherche de financements aupr\u00e8s du Secteur Priv\u00e9 National et International pour la mise en \u0153uvre du Portefeuille de Projets en relation de la Coordination des Programmes et Projets du Minist\u00e8re ;<\/span><\/li>\n<li><span style=\"font-family: verdana, geneva, sans-serif;\">de participer \u00e0 la pr\u00e9paration du Calendrier des missions \u00e0 l\u2019ext\u00e9rieur en relation avec le Chef du Secr\u00e9tariat Particulier;<\/span><\/li>\n<li><span style=\"font-family: verdana, geneva, sans-serif;\">de contribuer aux activit\u00e9s de d\u00e9veloppement et de renforcement de la coop\u00e9ration internationale.<\/span><\/li>\n<\/ul>\n<p style=\"text-align: justify;\"><span style=\"font-family: verdana, geneva, sans-serif;\">La Direction de la Coop\u00e9ration Internationale et la Mobilisation des Financements est dirig\u00e9e par un Directeur nomm\u00e9 par d\u00e9cret pris en Conseil des Ministres. Il a rang de Directeur d\u2019Administration centrale.<\/span><\/p>\n<p style=\"text-align: justify;\"><span style=\"font-family: verdana, geneva, sans-serif;\">La Direction de la Coop\u00e9ration Internationale et la Mobilisation des Financements comprend trois (03) Sous-Directions<strong> :<\/strong><\/span><\/p>\n<ul style=\"text-align: justify;\">\n<li><span style=\"font-family: verdana, geneva, sans-serif;\">la Sous-Direction de la Coop\u00e9ration Internationale ;<\/span><\/li>\n<li><span style=\"font-family: verdana, geneva, sans-serif;\">la Sous-Direction de Recherche de Financements du Secteur Priv\u00e9 ;<\/span><\/li>\n<li><span style=\"font-family: verdana, geneva, sans-serif;\">la Sous-Direction du Renforcement des Partenariats Techniques.<\/span><\/li>\n<\/ul>\n<p style=\"text-align: justify;\"><span style=\"font-family: verdana, geneva, sans-serif;\">Les Sous-Directions sont dirig\u00e9es par des Sous-Directeurs nomm\u00e9s par arr\u00eat\u00e9. Ils ont rang de Sous-directeur d\u2019Administration centrale.<\/span><\/p>\n<h2 style=\"text-align: justify;\" data-tadv-p=\"keep\"><span style=\"font-family: verdana, geneva, sans-serif;\">IX- <span style=\"text-decoration: underline;\">La Direction de la Communication et des Relations Publiques<\/span><\/span><\/h2>\n<p style=\"text-align: justify;\"><span style=\"font-family: verdana, geneva, sans-serif;\">Il est dirig\u00e9 par <strong>Monsieur Am\u00e9d\u00e9e Adon ASSI<\/strong> (Fonction: Directeur).<\/span><\/p>\n<p style=\"text-align: justify;\"><span style=\"font-family: verdana, geneva, sans-serif;\">La Direction de la Communication et des Relations Publiques est charg\u00e9 :<\/span><\/p>\n<ul style=\"text-align: justify;\">\n<li><span style=\"font-family: verdana, geneva, sans-serif;\">d\u2019\u00e9laborer et de mettre en \u0153uvre la strat\u00e9gie de communication interne et externe du Minist\u00e8re \u00e0 travers un Plan m\u00e9dia ;<\/span><\/li>\n<li><span style=\"font-family: verdana, geneva, sans-serif;\">de proposer la cr\u00e9ation et le fonctionnement, par arr\u00eat\u00e9 du Ministre de l\u2019Environnement, du D\u00e9veloppement Durable et de la Transition Ecologique, d\u2019une Plateforme pour la mise en \u0153uvre de la Strat\u00e9gie de Communication du Minist\u00e8re regroupant les Services de Communication des Structures sous-tutelle et les Services Ext\u00e9rieurs du Minist\u00e8re \u00e0 l\u2019effet de cr\u00e9er une synergie d\u2019action pour la couverture et la communication sur toute th\u00e9matique d\u2019int\u00e9r\u00eat commun du Minist\u00e8re ;<\/span><\/li>\n<li><span style=\"font-family: verdana, geneva, sans-serif;\">d\u2019apporter un appui aux Structures du Minist\u00e8re dans l\u2019\u00e9laboration et la mise en \u0153uvre de leurs actions de communication ;<\/span><\/li>\n<li><span style=\"font-family: verdana, geneva, sans-serif;\">d\u2019assurer les relations avec les m\u00e9dias ;<\/span><\/li>\n<li><span style=\"font-family: verdana, geneva, sans-serif;\">de cr\u00e9er, avec l\u2019appui de la Direction de l\u2019Informatique et de la Documentation et d\u2019animer un site web du Minist\u00e8re ;<\/span><\/li>\n<li><span style=\"font-family: verdana, geneva, sans-serif;\">de prendre toutes les initiatives susceptibles d\u2019am\u00e9liorer les actions de communication du Minist\u00e8re.<\/span><\/li>\n<\/ul>\n<p style=\"text-align: justify;\"><span style=\"font-family: verdana, geneva, sans-serif;\">La Direction de la Communication et des Relations Publiques est dirig\u00e9 par un Directeur nomm\u00e9 par d\u00e9cret pris en Conseil des Ministres. Il a rang de Directeur d\u2019Administration Centrale.<\/span><\/p>\n<p><span style=\"font-family: verdana, geneva, sans-serif;\">La Direction de la Communication et des Relations Publiques comprend deux (02) Sous-Directions:<\/span><\/p>\n<ul style=\"list-style-type: disc;\">\n<li data-tadv-p=\"keep\"><span style=\"font-family: verdana, geneva, sans-serif;\">la Sous-direction de la Communication;<\/span><\/li>\n<li data-tadv-p=\"keep\"><span style=\"font-family: verdana, geneva, sans-serif;\">la Sous-Direction des Relations Publiques.<\/span><\/li>\n<\/ul>\n<p><span style=\"font-family: verdana, geneva, sans-serif;\">Les Sous-Directions sont dirig\u00e9es par des Sous-Directeurs nomm\u00e9s par arr\u00eat\u00e9. Ils ont rang de Sous-directeur d\u2019Administration centrale.<\/span><\/p>\n<h2 style=\"text-align: justify;\" data-tadv-p=\"keep\"><span style=\"font-family: verdana, geneva, sans-serif;\">X- <span style=\"text-decoration: underline;\">La Coordination G\u00e9n\u00e9rale des Programmes et Projets<\/span><\/span><\/h2>\n<p style=\"text-align: justify;\"><span style=\"font-family: verdana, geneva, sans-serif;\">Elle est dirig\u00e9e par <strong>Monsieur ESSOH Aim\u00e9 Franck Etienne<\/strong>\u00a0(Fonction: Coordonnateur G\u00e9n\u00e9ral).<\/span><\/p>\n<p style=\"text-align: justify;\"><span style=\"font-family: verdana, geneva, sans-serif;\">La Coordination G\u00e9n\u00e9rale des Programmes Nationaux, Projets, Conventions et Trait\u00e9s internationaux est charg\u00e9e :<\/span><\/p>\n<ul style=\"text-align: justify;\">\n<li><span style=\"font-family: verdana, geneva, sans-serif;\">de coordonner l&#8217;activit\u00e9 des programmes et des projets dans lesquels le Minist\u00e8re intervient ;<\/span><\/li>\n<li><span style=\"font-family: verdana, geneva, sans-serif;\">de jouer un r\u00f4le d&#8217;interface entre le Cabinet et les programmes et projets ;<\/span><\/li>\n<li><span style=\"font-family: verdana, geneva, sans-serif;\">de suivre et d&#8217;\u00e9valuer, en relation avec les services comp\u00e9tents, les projets financ\u00e9s par les institutions bilat\u00e9rales et multilat\u00e9rales ainsi que par les personnes physiques ou morales de droit priv\u00e9 ;<\/span><\/li>\n<li><span style=\"font-family: verdana, geneva, sans-serif;\">de tenir et de mettre \u00e0 jour la base de donn\u00e9es des programmes et projets ;<\/span><\/li>\n<li><span style=\"font-family: verdana, geneva, sans-serif;\">de coordonner et assurer le suivi des activit\u00e9s des Points Focaux dans la mise en \u0153uvre des conventions et accords internationaux en mati\u00e8re d&#8217;environnement, ratifi\u00e9s par la C\u00f4te d&#8217;Ivoire.<\/span><\/li>\n<\/ul>\n<h2 style=\"text-align: justify;\" data-tadv-p=\"keep\"><span style=\"font-family: verdana, geneva, sans-serif;\">XI- <span style=\"text-decoration: underline;\">La Cellule de Passation des March\u00e9s<\/span><\/span><\/h2>\n<p style=\"text-align: justify;\"><span style=\"font-family: verdana, geneva, sans-serif;\">Elle est dirig\u00e9e par <strong>Monsieur SIAN TIA ALBAN<\/strong> (Fonction: Chef de Cellule).<\/span><\/p>\n<p style=\"text-align: justify;\"><span style=\"font-family: verdana, geneva, sans-serif;\">La Cellule de Passation des March\u00e9s est charg\u00e9e de :<\/span><\/p>\n<ul style=\"text-align: justify;\">\n<li><span style=\"font-family: verdana, geneva, sans-serif;\">d&#8217;\u00e9laborer, en collaboration avec la Direction des Affaires Financi\u00e8res et les Directions charg\u00e9es des \u00e9tudes, de la planification et de la gestion budg\u00e9taire, un plan annuel de passation des march\u00e9s publics et de le communiquer \u00e0 la Direction des March\u00e9s Publics ;<\/span><\/li>\n<li><span style=\"font-family: verdana, geneva, sans-serif;\">de s&#8217;assurer de la disponibilit\u00e9 du financement et de la r\u00e9servation des cr\u00e9dits destin\u00e9s \u00e0 financer les op\u00e9rations ;<\/span><\/li>\n<li><span style=\"font-family: verdana, geneva, sans-serif;\">de coordonner l&#8217;\u00e9laboration des documents de passation des march\u00e9s notamment les dossiers d&#8217;Appel d&#8217;Offre, les demandes de proposition, le rapport d&#8217;\u00e9valuation des offres, les proc\u00e8s-verbaux d&#8217;ouverture et de jugement des offres, des march\u00e9s et contrats en collaboration avec les services techniques comp\u00e9tents, conform\u00e9ment aux dossiers types en vigueur ;<\/span><\/li>\n<li><span style=\"font-family: verdana, geneva, sans-serif;\">de veiller au lancement des appels \u00e0 la concurrence ;<\/span><\/li>\n<li><span style=\"font-family: verdana, geneva, sans-serif;\">de veiller au bon fonctionnement de la commission d&#8217;ouverture des plis et de jugement des offres ;<\/span><\/li>\n<li><span style=\"font-family: verdana, geneva, sans-serif;\">d&#8217;examiner les demandes de proc\u00e9dures d\u00e9rogatoires avant la transmission \u00e0 la Direction des March\u00e9s Publics ;<\/span><\/li>\n<li><span style=\"font-family: verdana, geneva, sans-serif;\">d&#8217;assurer le contr\u00f4le des dossiers d&#8217;approbation ;<\/span><\/li>\n<li><span style=\"font-family: verdana, geneva, sans-serif;\">de faire le suivi de l&#8217;ex\u00e9cution des march\u00e9s publics et des conventions de d\u00e9l\u00e9gation de service public ;<\/span><\/li>\n<li><span style=\"font-family: verdana, geneva, sans-serif;\">de r\u00e9diger les rapports sur la passation et l&#8217;\u00e9tat d&#8217;ex\u00e9cution des march\u00e9s et des conventions de d\u00e9l\u00e9gation de service public et les transmettre \u00e0 la Direction des March\u00e9s Publics et aux minist\u00e8res techniques ou aux autorit\u00e9s auxquelles elles sont rattach\u00e9es, ainsi qu&#8217;\u00e0 l&#8217;Autorit\u00e9 Nationale de R\u00e9gulation des March\u00e9s Publics ;<\/span><\/li>\n<li><span style=\"font-family: verdana, geneva, sans-serif;\">de renseigner et de g\u00e9rer le syst\u00e8me d&#8217;informations des march\u00e9s publics.<\/span><\/li>\n<\/ul>\n<p style=\"text-align: justify;\"><span style=\"font-family: verdana, geneva, sans-serif;\">En outre, la Cellule a \u00e9galement pour mission de veiller \u00e0 la qualit\u00e9 des dossiers de passation des march\u00e9s pr\u00e9par\u00e9s par les Structures du Minist\u00e8re.<\/span><\/p>\n<p style=\"text-align: justify;\"><span style=\"font-family: verdana, geneva, sans-serif;\">La Cellule de Passation des March\u00e9s est dirig\u00e9e par un Coordonnateur nomm\u00e9 par un arr\u00eat\u00e9. Il a rang de Sous-Directeur d\u2019Administration centrale.<\/span><\/p>\n<h2 style=\"text-align: justify;\" data-tadv-p=\"keep\"><span style=\"font-family: verdana, geneva, sans-serif;\">XII- <span style=\"text-decoration: underline;\">Le Service de Gestion du Patrimoine<\/span><\/span><\/h2>\n<p style=\"text-align: justify;\"><span style=\"font-family: verdana, geneva, sans-serif;\">Il est dirig\u00e9 par Monsieur <strong>Kacou Dian Marcel<\/strong> (Fonction: Chef de Service ).<\/span><\/p>\n<p style=\"text-align: justify;\"><span style=\"font-family: verdana, geneva, sans-serif;\">Le Service Gestion du Patrimoine est charg\u00e9<\/span><span style=\"font-family: verdana, geneva, sans-serif;\">\u00a0:<\/span><\/p>\n<ul style=\"text-align: justify;\">\n<li style=\"text-align: justify;\"><span style=\"font-family: verdana, geneva, sans-serif;\">de passer les commandes, de recevoir et de distribuer le mat\u00e9riel et les fournitures ;<\/span><\/li>\n<li style=\"text-align: justify;\"><span style=\"font-family: verdana, geneva, sans-serif;\">de faire le recensement, l&#8217;enregistrement et le suivi des mati\u00e8res ;<\/span><\/li>\n<li style=\"text-align: justify;\"><span style=\"font-family: verdana, geneva, sans-serif;\">d&#8217;entretenir les relations avec les utilisateurs (services et agents) et de recenser les besoins ;<\/span><\/li>\n<li style=\"text-align: justify;\"><span style=\"font-family: verdana, geneva, sans-serif;\">d&#8217;\u00e9tablir une politique d&#8217;exploitation et de maintenance des mati\u00e8res ;<\/span><\/li>\n<li style=\"text-align: justify;\"><span style=\"font-family: verdana, geneva, sans-serif;\">d&#8217;assurer la planification et la coordination des diff\u00e9rents travaux d&#8217;am\u00e9nagement, de s\u00e9curit\u00e9 et de maintenance ;<\/span><\/li>\n<li style=\"text-align: justify;\"><span style=\"font-family: verdana, geneva, sans-serif;\">de v\u00e9rifier la bonne tenue des outils de gestion des mati\u00e8res et la tenue de la comptabilit\u00e9 des mati\u00e8res des gestionnaires de cr\u00e9dits ;<\/span><\/li>\n<li style=\"text-align: justify;\"><span style=\"font-family: verdana, geneva, sans-serif;\">de produire le rapport de gestion pour le compte de l&#8217;Ordonnateur en fin d&#8217;exercice ;<\/span><\/li>\n<li style=\"text-align: justify;\"><span style=\"font-family: verdana, geneva, sans-serif;\">de transmettre, sous la responsabilit\u00e9 du Ministre, des informations et donn\u00e9es au coordonnateur national de la mise en \u0153uvre de la comptabilit\u00e9 des mati\u00e8res en vue de leur mise \u00e0 disposition du comptable public.<\/span><\/li>\n<\/ul>\n<p style=\"text-align: justify;\"><span style=\"font-family: verdana, geneva, sans-serif;\">Le Service de Gestion du Patrimoine est dirig\u00e9 par un Chef de Service nomm\u00e9 par arr\u00eat\u00e9.<\/span><br \/>\n<span style=\"font-family: verdana, geneva, sans-serif;\">Il a rang de Sous-Directeur d&#8217;Administration Centrale.<\/span><\/p>\n<h2 style=\"text-align: justify;\"><span style=\"font-family: verdana, geneva, sans-serif;\">\u00a0<span style=\"text-decoration: underline;\">LA COMMISSION NATIONALE DE DEVELOPPEMENT DURABLE (CNDD)<\/span><\/span><\/h2>\n<p><span style=\"font-family: verdana, geneva, sans-serif;\">Elle est dirig\u00e9e par <strong>Mme AMARI Koffi Alaki V\u00e9ronique<\/strong> (FONCTION :\u00a0 Secr\u00e9taire Permanente de la Commission).<\/span><\/p>\n<p><span style=\"font-family: verdana, geneva, sans-serif;\">la CNDD, cr\u00e9\u00e9e par d\u00e9cret n\u00b0 2015- 268 du 22 avril 2015 ( <a href=\"https:\/\/did-dev.net\/mineddte\/wp-content\/uploads\/2024\/03\/decret-CNDD.pdf\">decret CNDD<\/a> ) , est un organe de consultation, de concertation et de proposition en mati\u00e8re de d\u00e9veloppement durable. Elles est plac\u00e9e sous la tutelle technique du Minist\u00e8re de l\u2019Environnement,\u00a0 du D\u00e9veloppement Durable et de la Transition Ecologique.<\/span><\/p>\n","protected":false},"excerpt":{"rendered":"<p>Conform\u00e9ment au d\u00e9cret N\u00b0 2023-968 du 06 d\u00e9cembre 2023 portant organisation du Minist\u00e8re de l&#8217;Environnement, du D\u00e9veloppement Durable et de la Transition Ecologique (MINEDDTE), les Directions et Services Rattach\u00e9s au [&hellip;]<\/p>\n","protected":false},"author":1,"featured_media":0,"parent":0,"menu_order":0,"comment_status":"closed","ping_status":"closed","template":"","meta":{"_lmt_disableupdate":"no","_lmt_disable":"","pgc_sgb_lightbox_settings":""},"folder":[71],"_links":{"self":[{"href":"https:\/\/did-dev.net\/mineddte\/wp-json\/wp\/v2\/pages\/1929"}],"collection":[{"href":"https:\/\/did-dev.net\/mineddte\/wp-json\/wp\/v2\/pages"}],"about":[{"href":"https:\/\/did-dev.net\/mineddte\/wp-json\/wp\/v2\/types\/page"}],"author":[{"embeddable":true,"href":"https:\/\/did-dev.net\/mineddte\/wp-json\/wp\/v2\/users\/1"}],"replies":[{"embeddable":true,"href":"https:\/\/did-dev.net\/mineddte\/wp-json\/wp\/v2\/comments?post=1929"}],"version-history":[{"count":29,"href":"https:\/\/did-dev.net\/mineddte\/wp-json\/wp\/v2\/pages\/1929\/revisions"}],"predecessor-version":[{"id":5975,"href":"https:\/\/did-dev.net\/mineddte\/wp-json\/wp\/v2\/pages\/1929\/revisions\/5975"}],"wp:attachment":[{"href":"https:\/\/did-dev.net\/mineddte\/wp-json\/wp\/v2\/media?parent=1929"}],"wp:term":[{"taxonomy":"folder","embeddable":true,"href":"https:\/\/did-dev.net\/mineddte\/wp-json\/wp\/v2\/folder?post=1929"}],"curies":[{"name":"wp","href":"https:\/\/api.w.org\/{rel}","templated":true}]}}