{"id":1922,"date":"2021-09-28T10:54:57","date_gmt":"2021-09-28T10:54:57","guid":{"rendered":"https:\/\/did-dev.net\/mineddte\/?page_id=1922"},"modified":"2025-02-12T12:05:14","modified_gmt":"2025-02-12T12:05:14","slug":"directions-generales","status":"publish","type":"page","link":"https:\/\/did-dev.net\/mineddte\/directions-generales\/","title":{"rendered":"DIRECTIONS GENERALES"},"content":{"rendered":"<p><span style=\"font-family: verdana, geneva, sans-serif;\">Le Minist\u00e8re de l\u2019Environnement, du D\u00e9veloppement Durable et de la Transition Ecologique (MINEDDTE) a <strong>deux (02) Directions G\u00e9n\u00e9rales<\/strong> qui sont:<\/span><\/p>\n<h2 data-tadv-p=\"keep\"><span style=\"font-family: verdana, geneva, sans-serif;\">I- <span style=\"text-decoration: underline;\">La Direction G\u00e9n\u00e9rale de l\u2019Environnement<\/span><\/span><\/h2>\n<p><span style=\"font-family: verdana, geneva, sans-serif;\">Elle est dirig\u00e9e par <strong>Dr N&#8217;TAIN Jeanne <\/strong>(Fonction: Directrice G\u00e9n\u00e9rale).<\/span><\/p>\n<p><span style=\"font-family: verdana, geneva, sans-serif;\">La <strong>Direction G\u00e9n\u00e9rale de l\u2019Environnement<\/strong>\u00a0est charg\u00e9e :<\/span><\/p>\n<ul>\n<li><span style=\"font-family: verdana, geneva, sans-serif;\">de promouvoir les dispositions pertinentes de la Constitution en mati\u00e8re d&#8217;environnement ;<\/span><\/li>\n<li><span style=\"font-family: verdana, geneva, sans-serif;\">d&#8217;assurer le suivi de la gestion des Conventions et Trait\u00e9s Internationaux en mati\u00e8re d&#8217;environnement ;<\/span><\/li>\n<li><span style=\"font-family: verdana, geneva, sans-serif;\">d&#8217;\u00e9laborer et de mettre en \u0153uvre de la politique nationale en mati\u00e8re d&#8217;environnement\u00a0 ;<\/span><\/li>\n<li><span style=\"font-family: verdana, geneva, sans-serif;\">d&#8217;assurer le suivi de la mise en \u0153uvre du Code de l&#8217;Environnement et de ses textes d&#8217;application;<\/span><\/li>\n<li><span style=\"font-family: verdana, geneva, sans-serif;\">de coordonner et d&#8217;\u00e9valuer les activit\u00e9s des Directions Centrales plac\u00e9es sous son autorit\u00e9 ;<\/span><\/li>\n<li><span style=\"font-family: verdana, geneva, sans-serif;\">de promouvoir les projets de recherche scientifique et technique en mati\u00e8re d&#8217;environnement et de protection de la nature ;<\/span><\/li>\n<li><span style=\"font-family: verdana, geneva, sans-serif;\">d&#8217;assurer le suivi des activit\u00e9s des Points Focaux dans la mise en \u0153uvre des conventions et accords internationaux en mati\u00e8re d&#8217;environnement, ratifi\u00e9s par la C\u00f4te d&#8217;Ivoire en relation avec les structures comp\u00e9tentes du Minist\u00e8re ;<\/span><\/li>\n<li><span style=\"font-family: verdana, geneva, sans-serif;\">d&#8217;assurer le suivi et l&#8217;\u00e9valuation de la gestion \u00e9cologiquement rationnelle des matrices environnementales et la protection de la nature ;<\/span><\/li>\n<li><span style=\"font-family: verdana, geneva, sans-serif;\">d&#8217;assurer le suivi et l&#8217;\u00e9valuation de la qualit\u00e9 de l&#8217;environnement relativement \u00e0 l&#8217;air, au sol et \u00e0 l&#8217;eau ;<\/span><\/li>\n<li><span style=\"font-family: verdana, geneva, sans-serif;\">d&#8217;assurer le suivi et l&#8217;\u00e9valuation de la gestion des d\u00e9chets industriels et des substances chimiques ;<\/span><\/li>\n<li><span style=\"font-family: verdana, geneva, sans-serif;\">de veiller \u00e0 l&#8217;\u00e9laboration et \u00e0 la mise en \u0153uvre de strat\u00e9gies et programmes d&#8217;information, de sensibilisation, d&#8217;\u00e9ducation et de communication environnementale.<\/span><\/li>\n<\/ul>\n<p><span style=\"font-family: verdana, geneva, sans-serif;\">La Direction G\u00e9n\u00e9rale de l\u2019Environnement comprend quatre (04) Directions Centrales :<\/span><\/p>\n<ul>\n<li><span style=\"font-family: verdana, geneva, sans-serif;\">la Direction de la Protection de la Nature ;<\/span><\/li>\n<li><span style=\"font-family: verdana, geneva, sans-serif;\">la Direction de l&#8217;Economie Bleue et de l&#8217;Environnement C\u00f4tier;<\/span><\/li>\n<li><span style=\"font-family: verdana, geneva, sans-serif;\">la Direction de la Qualit\u00e9 de l\u2019Environnement et de la Pr\u00e9vention des Risques ;<\/span><\/li>\n<li><span style=\"font-family: verdana, geneva, sans-serif;\">la Direction des D\u00e9chets Industriels et Substances Chimiques.<\/span><\/li>\n<\/ul>\n<h2 data-tadv-p=\"keep\"><span style=\"font-family: verdana, geneva, sans-serif;\">II- <span style=\"text-decoration: underline;\">La Direction G\u00e9n\u00e9rale du D\u00e9veloppement Durable et de la Transition Ecologique<\/span><\/span><\/h2>\n<p><span style=\"font-family: verdana, geneva, sans-serif;\">Elle est dirig\u00e9e par <strong>Monsieur ABOUA ABOUA GUSTAVE<\/strong> (Fonction: Directeur G\u00e9n\u00e9ral).<\/span><\/p>\n<p><span style=\"font-family: verdana, geneva, sans-serif;\">La <strong>Direction G\u00e9n\u00e9rale du D\u00e9veloppement Durable<\/strong>\u00a0est charg\u00e9e :<\/span><\/p>\n<ul>\n<li><span style=\"font-family: verdana, geneva, sans-serif;\">d&#8217;assurer le suivi de la mise en \u0153uvre des Accords Internationaux en mati\u00e8re de d\u00e9veloppement durable ;<\/span><\/li>\n<li><span style=\"font-family: verdana, geneva, sans-serif;\">d&#8217;\u00e9laborer et de mettre en \u0153uvre la politique nationale en mati\u00e8re de d\u00e9veloppement durable ;<\/span><\/li>\n<li><span style=\"font-family: verdana, geneva, sans-serif;\">de coordonner et d&#8217;\u00e9valuer les activit\u00e9s des Directions Centrales plac\u00e9es sous son autorit\u00e9 ;<\/span><\/li>\n<li><span style=\"font-family: verdana, geneva, sans-serif;\">d&#8217;assurer le suivi et l&#8217;\u00e9valuation de l&#8217;\u00e9laboration de la politique nationale en mati\u00e8re de d\u00e9veloppement durable ;<\/span><\/li>\n<li><span style=\"font-family: verdana, geneva, sans-serif;\">de participer \u00e0 l&#8217;\u00e9laborer des textes d&#8217;application de la loi n\u00b02014-390 du 20 juin 2014 d&#8217;orientation sur le d\u00e9veloppement durable ;<\/span><\/li>\n<li><span style=\"font-family: verdana, geneva, sans-serif;\">de coordonner la mise en \u0153uvre des Objectifs de D\u00e9veloppement Durable au niveau national ;<\/span><\/li>\n<li><span style=\"font-family: verdana, geneva, sans-serif;\">de coordonner la participation de la C\u00f4te d&#8217;Ivoire aux Conf\u00e9rences Internationales sur le D\u00e9veloppement Durable ;<\/span><\/li>\n<li><span style=\"font-family: verdana, geneva, sans-serif;\">d&#8217;assurer le suivi et l&#8217;\u00e9valuation de l&#8217;int\u00e9gration des principes du d\u00e9veloppement durable dans les politiques, plans et programmes sectoriels ;<\/span><\/li>\n<li><span style=\"font-family: verdana, geneva, sans-serif;\">d&#8217;assurer le suivi et l&#8217;\u00e9valuation de la politique de la Responsabilit\u00e9 Soci\u00e9tale des Organisations;<\/span><\/li>\n<li><span style=\"font-family: verdana, geneva, sans-serif;\">d&#8217;\u00e9laborer et de mettre en \u0153uvre la politique de lutte contre le r\u00e9chauffement climatique et la pollution atmosph\u00e9rique ;<\/span><\/li>\n<li><span style=\"font-family: verdana, geneva, sans-serif;\">d&#8217;assurer le suivi et l&#8217;\u00e9valuation de l&#8217;\u00e9ducation, de la formation, de l&#8217;information et de la promotion du d\u00e9veloppement durable dans toutes les composantes de la soci\u00e9t\u00e9;<\/span><\/li>\n<li><span style=\"font-family: verdana, geneva, sans-serif;\">de participer aux n\u00e9gociations internationales sur le climat;<\/span><\/li>\n<li><span style=\"font-family: verdana, geneva, sans-serif;\">d&#8217;apporter un appui technique \u00e0 la d\u00e9finition des politiques et strat\u00e9gies de d\u00e9veloppement sectoriel, en vue de l&#8217;op\u00e9rationnalisation de la transition \u00e9cologique \u00e0 tous les niveaux socio\u00e9conomiques;<\/span><\/li>\n<li><span style=\"font-family: verdana, geneva, sans-serif;\">de soutenir la comptabilit\u00e9 environnementale en tant que qu&#8217;outil essentiel pour guider les d\u00e9cisions des entreprises vers une meilleure prise en compte de l&#8217;environnement et du bien-\u00eatre humain;<\/span><\/li>\n<li><span style=\"font-family: verdana, geneva, sans-serif;\">de contribuer au d\u00e9veloppement de la politique destin\u00e9e \u00e0 associer les citoyens \u00e0 la d\u00e9termination des choix concernant les projets ayant une incidence importante sur l&#8217;environnement;<\/span><\/li>\n<li><span style=\"font-family: verdana, geneva, sans-serif;\">de participer \u00e0 la mobilisation des financements verts;<\/span><\/li>\n<li><span style=\"font-family: verdana, geneva, sans-serif;\">de veiller \u00e0 la mise en place\u00a0 et la coordination des transactions carbones au niveau national;<\/span><\/li>\n<li><span style=\"font-family: verdana, geneva, sans-serif;\">de contribuer au d\u00e9veloppement de l&#8217;\u00e9ducation et de l&#8217;information des citoyens en mati\u00e8re d&#8217;environnement;<\/span><\/li>\n<li><span style=\"font-family: verdana, geneva, sans-serif;\">de contribuer \u00e0 la politique de protection de la biodiversit\u00e9 et de lutte contre la d\u00e9sertification, en lien avec le point focal de la Convention Cadre des Nations Unies sur la diversit\u00e9 biologique, le point focal de la Convention Cadre des Nations Unies sur la lutte contre la d\u00e9sertification et le coordonnateur du Programme National des Ressources Naturelles;<\/span><\/li>\n<li><span style=\"font-family: verdana, geneva, sans-serif;\">d&#8217;assurer la promotion de l&#8217;\u00e9conomie circulaire par le d\u00e9veloppement des strat\u00e9gies et actions visant \u00e0 r\u00e9duire les d\u00e9chets, \u00e0 favoriser le recyclage, \u00e0 promouvoir l&#8217;\u00e9co-conception et \u00e0 encourager les modes de consommation durable;<\/span><\/li>\n<li><span style=\"font-family: verdana, geneva, sans-serif;\">d&#8217;assurer le suivi-\u00e9valuation de la mise en \u0153uvre des politiques, plans et programmes au regard ses engagements de la C\u00f4te d&#8217;Ivoire dans la mise en \u0153uvre de l&#8217;Accorde de Paris sur le climat.<\/span><\/li>\n<\/ul>\n<p><span style=\"font-family: verdana, geneva, sans-serif;\">La Direction G\u00e9n\u00e9rale du D\u00e9veloppement Durable et de la Transition Ecologique comprend quatre (04) Directions Centrales :<\/span><\/p>\n<ul>\n<li><span style=\"font-family: verdana, geneva, sans-serif;\">la Direction des Politiques et Strat\u00e9gies du D\u00e9veloppement Durable ;<\/span><\/li>\n<li><span style=\"font-family: verdana, geneva, sans-serif;\">la Direction de la Promotion de l&#8217;Education au D\u00e9veloppement Durable ;<\/span><\/li>\n<li><span style=\"font-family: verdana, geneva, sans-serif;\">la Direction de l\u2019Economie Verte et de la Responsabilit\u00e9 Soci\u00e9tale des Organisations;<\/span><\/li>\n<li><span style=\"font-family: verdana, geneva, sans-serif;\">la Direction de la lutte contre les Changements Climatiques et de la Transition Ecologique.<\/span><\/li>\n<\/ul>\n<p><span style=\"font-family: verdana, geneva, sans-serif;\">Les Directions Centrales sont dirig\u00e9es par des Directeurs nomm\u00e9s par d\u00e9cret pris en Conseil des Ministres, sur proposition du Ministre de l\u2019Environnement, du D\u00e9veloppement Durable et de la Transition Ecologique. Ils ont rang de Directeur d\u2019Administration Centrale.<\/span><\/p>\n","protected":false},"excerpt":{"rendered":"<p>Le Minist\u00e8re de l\u2019Environnement, du D\u00e9veloppement Durable et de la Transition Ecologique (MINEDDTE) a deux (02) Directions G\u00e9n\u00e9rales qui sont: I- La Direction G\u00e9n\u00e9rale de l\u2019Environnement Elle est dirig\u00e9e par [&hellip;]<\/p>\n","protected":false},"author":1,"featured_media":0,"parent":0,"menu_order":0,"comment_status":"closed","ping_status":"closed","template":"","meta":{"_lmt_disableupdate":"no","_lmt_disable":"","pgc_sgb_lightbox_settings":""},"folder":[71],"_links":{"self":[{"href":"https:\/\/did-dev.net\/mineddte\/wp-json\/wp\/v2\/pages\/1922"}],"collection":[{"href":"https:\/\/did-dev.net\/mineddte\/wp-json\/wp\/v2\/pages"}],"about":[{"href":"https:\/\/did-dev.net\/mineddte\/wp-json\/wp\/v2\/types\/page"}],"author":[{"embeddable":true,"href":"https:\/\/did-dev.net\/mineddte\/wp-json\/wp\/v2\/users\/1"}],"replies":[{"embeddable":true,"href":"https:\/\/did-dev.net\/mineddte\/wp-json\/wp\/v2\/comments?post=1922"}],"version-history":[{"count":7,"href":"https:\/\/did-dev.net\/mineddte\/wp-json\/wp\/v2\/pages\/1922\/revisions"}],"predecessor-version":[{"id":5947,"href":"https:\/\/did-dev.net\/mineddte\/wp-json\/wp\/v2\/pages\/1922\/revisions\/5947"}],"wp:attachment":[{"href":"https:\/\/did-dev.net\/mineddte\/wp-json\/wp\/v2\/media?parent=1922"}],"wp:term":[{"taxonomy":"folder","embeddable":true,"href":"https:\/\/did-dev.net\/mineddte\/wp-json\/wp\/v2\/folder?post=1922"}],"curies":[{"name":"wp","href":"https:\/\/api.w.org\/{rel}","templated":true}]}}